{"id":584,"date":"2024-02-22T11:21:21","date_gmt":"2024-02-22T10:21:21","guid":{"rendered":"https:\/\/auto-aufsicht.de\/domande-e-risposte\/"},"modified":"2026-04-07T10:08:31","modified_gmt":"2026-04-07T08:08:31","slug":"faqs","status":"publish","type":"page","link":"https:\/\/auto-aufsicht.de\/it\/faqs\/","title":{"rendered":"Domande e risposte"},"content":{"rendered":"\t\t<div data-elementor-type=\"wp-page\" data-elementor-id=\"584\" class=\"elementor elementor-584 elementor-140\" data-elementor-post-type=\"page\">\n\t\t\t\t<div class=\"elementor-element elementor-element-b9d3834 e-con-full e-flex e-con e-parent\" data-id=\"b9d3834\" data-element_type=\"container\" data-e-type=\"container\">\n\t\t\t\t<div class=\"elementor-element elementor-element-59dd58e elementor-widget elementor-widget-template\" data-id=\"59dd58e\" data-element_type=\"widget\" data-e-type=\"widget\" data-widget_type=\"template.default\">\n\t\t\t\t<div class=\"elementor-widget-container\">\n\t\t\t\t\t\t\t<div class=\"elementor-template\">\n\t\t\t\t\t<div data-elementor-type=\"container\" data-elementor-id=\"687\" class=\"elementor elementor-687 elementor-156 elementor-156\" data-elementor-post-type=\"elementor_library\">\n\t\t\t\t<div class=\"elementor-element elementor-element-60a57f16 e-flex e-con-boxed e-con e-parent\" data-id=\"60a57f16\" data-element_type=\"container\" data-e-type=\"container\" data-settings=\"{&quot;background_background&quot;:&quot;classic&quot;}\">\n\t\t\t\t\t<div class=\"e-con-inner\">\n\t\t\t\t<div class=\"elementor-element elementor-element-02d8432 elementor-widget elementor-widget-heading\" data-id=\"02d8432\" data-element_type=\"widget\" data-e-type=\"widget\" data-widget_type=\"heading.default\">\n\t\t\t\t<div class=\"elementor-widget-container\">\n\t\t\t\t\t<span class=\"elementor-heading-title elementor-size-default\"><a href=\"https:\/\/auto-aufsicht.de\/it\/\">Auto-Aufsicht<\/a><\/span>\t\t\t\t<\/div>\n\t\t\t\t<\/div>\n\t\t\t\t\t<\/div>\n\t\t\t\t<\/div>\n\t\t\t\t<\/div>\n\t\t\t\t<\/div>\n\t\t\t\t\t\t<\/div>\n\t\t\t\t<\/div>\n\t\t\t\t<\/div>\n\t\t<div class=\"elementor-element elementor-element-072ff64 e-flex e-con-boxed e-con e-parent\" data-id=\"072ff64\" data-element_type=\"container\" data-e-type=\"container\" data-settings=\"{&quot;background_background&quot;:&quot;classic&quot;}\">\n\t\t\t\t\t<div class=\"e-con-inner\">\n\t\t\t\t<div class=\"elementor-element elementor-element-6b66c47 elementor-widget elementor-widget-heading\" data-id=\"6b66c47\" data-element_type=\"widget\" data-e-type=\"widget\" data-widget_type=\"heading.default\">\n\t\t\t\t<div class=\"elementor-widget-container\">\n\t\t\t\t\t<h2 class=\"elementor-heading-title elementor-size-default\">Prenotazioni e modifiche<\/h2>\t\t\t\t<\/div>\n\t\t\t\t<\/div>\n\t\t\t\t<div class=\"elementor-element elementor-element-53ad7ed elementor-widget elementor-widget-heading\" data-id=\"53ad7ed\" data-element_type=\"widget\" data-e-type=\"widget\" data-widget_type=\"heading.default\">\n\t\t\t\t<div class=\"elementor-widget-container\">\n\t\t\t\t\t<h2 class=\"elementor-heading-title elementor-size-default\">Arrivo e partenza<\/h2>\t\t\t\t<\/div>\n\t\t\t\t<\/div>\n\t\t\t\t<div class=\"elementor-element elementor-element-191fcc4 elementor-widget elementor-widget-heading\" data-id=\"191fcc4\" data-element_type=\"widget\" data-e-type=\"widget\" data-widget_type=\"heading.default\">\n\t\t\t\t<div class=\"elementor-widget-container\">\n\t\t\t\t\t<h2 class=\"elementor-heading-title elementor-size-default\">Parcheggio e sicurezza<\/h2>\t\t\t\t<\/div>\n\t\t\t\t<\/div>\n\t\t\t\t<div class=\"elementor-element elementor-element-07a14cd elementor-widget elementor-widget-toggle\" data-id=\"07a14cd\" data-element_type=\"widget\" data-e-type=\"widget\" data-widget_type=\"toggle.default\">\n\t\t\t\t<div class=\"elementor-widget-container\">\n\t\t\t\t\t\t\t<div class=\"elementor-toggle\">\n\t\t\t\t\t\t\t<div class=\"elementor-toggle-item\">\n\t\t\t\t\t<div id=\"elementor-tab-title-8001\" class=\"elementor-tab-title\" data-tab=\"1\" role=\"button\" aria-controls=\"elementor-tab-content-8001\" aria-expanded=\"false\">\n\t\t\t\t\t\t\t\t\t\t\t\t<span class=\"elementor-toggle-icon elementor-toggle-icon-left\" aria-hidden=\"true\">\n\t\t\t\t\t\t\t\t\t\t\t\t\t\t\t<span class=\"elementor-toggle-icon-closed\"><i class=\"fas fa-caret-right\"><\/i><\/span>\n\t\t\t\t\t\t\t\t<span class=\"elementor-toggle-icon-opened\"><i class=\"elementor-toggle-icon-opened fas fa-caret-up\"><\/i><\/span>\n\t\t\t\t\t\t\t\t\t\t\t\t\t<\/span>\n\t\t\t\t\t\t\t\t\t\t\t\t<a class=\"elementor-toggle-title\" tabindex=\"0\">Ci sono ulteriori costi da sostenere in loco?<\/a>\n\t\t\t\t\t<\/div>\n\n\t\t\t\t\t<div id=\"elementor-tab-content-8001\" class=\"elementor-tab-content elementor-clearfix\" data-tab=\"1\" role=\"region\" aria-labelledby=\"elementor-tab-title-8001\"><p>No, in linea di principio non ci saranno ulteriori costi a suo carico. Il prezzo calcolato include: la tariffa del parcheggio incl. transfer gratuito per i clienti che parcheggiano fino a 4 persone (un viaggio di andata e ritorno ciascuno) o servizio di valet all&#8217;aeroporto di Francoforte sul Meno (un trasferimento al parcheggio e uno all&#8217;aeroporto di Francoforte ciascuno) e IVA al 19%.<\/p>\n<p>Si prega di notare che gli <b>orari prenotati sono vincolanti<\/b>, poich\u00e9 la nostra pianificazione e gestione del personale si basano su queste informazioni sull&#8217;orario. In caso di ritardo superiore a 40 minuti all&#8217;arrivo, vi chiediamo di comprendere che dovr\u00e0 essere addebitato un importo di 25,- \u20ac per il ritardo.  <\/p>\n<p>Potrebbero essere applicati costi per <b>bagagli ingombranti<\/b> non dichiarati (10,- \u20ac), <b>dimensioni eccessive del veicolo<\/b> superiori a 5 metri di lunghezza (doppio prezzo del parcheggio) o per persone aggiuntive (10,- \u20ac a partire dalla <b>5a persona<\/b> per ogni persona aggiuntiva).<\/p>\n<p>Si prega di notare che siamo aperti fino alle 00:00. Per un prelievo con la navetta o una consegna del veicolo (valet) dopo le 00:00 all&#8217;aeroporto di Francoforte, addebitiamo una <b>tariffa notturna<\/b> forfettaria di 20,- \u20ac per ogni ora iniziata.<\/p>\n<\/div>\n\t\t\t\t<\/div>\n\t\t\t\t\t\t\t<div class=\"elementor-toggle-item\">\n\t\t\t\t\t<div id=\"elementor-tab-title-8002\" class=\"elementor-tab-title\" data-tab=\"2\" role=\"button\" aria-controls=\"elementor-tab-content-8002\" aria-expanded=\"false\">\n\t\t\t\t\t\t\t\t\t\t\t\t<span class=\"elementor-toggle-icon elementor-toggle-icon-left\" aria-hidden=\"true\">\n\t\t\t\t\t\t\t\t\t\t\t\t\t\t\t<span class=\"elementor-toggle-icon-closed\"><i class=\"fas fa-caret-right\"><\/i><\/span>\n\t\t\t\t\t\t\t\t<span class=\"elementor-toggle-icon-opened\"><i class=\"elementor-toggle-icon-opened fas fa-caret-up\"><\/i><\/span>\n\t\t\t\t\t\t\t\t\t\t\t\t\t<\/span>\n\t\t\t\t\t\t\t\t\t\t\t\t<a class=\"elementor-toggle-title\" tabindex=\"0\"> Posso cancellare o modificare la mia prenotazione?<\/a>\n\t\t\t\t\t<\/div>\n\n\t\t\t\t\t<div id=\"elementor-tab-content-8002\" class=\"elementor-tab-content elementor-clearfix\" data-tab=\"2\" role=\"region\" aria-labelledby=\"elementor-tab-title-8002\"><p>Pu\u00f2 cancellare gratuitamente fino a 48 ore prima del giorno di arrivo (rispettivamente alle ore 00:00). In caso di cancellazione successiva alle 48 ore prima del giorno di arrivo, Auto-Aufsicht ha il diritto di richiedere l&#8217;intero importo della fattura. <\/p>\n<p>Puoi riprenotare gratuitamente fino a 48 ore prima dell&#8217;arrivo. Ti preghiamo di comunicarci le tue richieste di modifica via e-mail a <b>info@auto-aufsicht.de<\/b>.<\/p>\n<\/div>\n\t\t\t\t<\/div>\n\t\t\t\t\t\t\t<div class=\"elementor-toggle-item\">\n\t\t\t\t\t<div id=\"elementor-tab-title-8003\" class=\"elementor-tab-title\" data-tab=\"3\" role=\"button\" aria-controls=\"elementor-tab-content-8003\" aria-expanded=\"false\">\n\t\t\t\t\t\t\t\t\t\t\t\t<span class=\"elementor-toggle-icon elementor-toggle-icon-left\" aria-hidden=\"true\">\n\t\t\t\t\t\t\t\t\t\t\t\t\t\t\t<span class=\"elementor-toggle-icon-closed\"><i class=\"fas fa-caret-right\"><\/i><\/span>\n\t\t\t\t\t\t\t\t<span class=\"elementor-toggle-icon-opened\"><i class=\"elementor-toggle-icon-opened fas fa-caret-up\"><\/i><\/span>\n\t\t\t\t\t\t\t\t\t\t\t\t\t<\/span>\n\t\t\t\t\t\t\t\t\t\t\t\t<a class=\"elementor-toggle-title\" tabindex=\"0\"> Cosa devo fare se cambiano le date del mio volo di ritorno?<\/a>\n\t\t\t\t\t<\/div>\n\n\t\t\t\t\t<div id=\"elementor-tab-content-8003\" class=\"elementor-tab-content elementor-clearfix\" data-tab=\"3\" role=\"region\" aria-labelledby=\"elementor-tab-title-8003\"><p>La preghiamo di scrivere una e-mail con i nuovi dati a <b>info@auto-aufsicht.de<\/b>. <\/p>\n<p>In caso di mancato ritorno senza previa comunicazione, la preghiamo di comprendere che il giorno successivo dovr\u00e0 essere addebitato un <b>risarcimento spese<\/b> per le prenotazioni di navetta pari a 35,- \u20ac e per le prenotazioni di Auto-Aufsicht pari a 45,- \u20ac (tariffa di mancata presentazione). Nel prezzo sono gi\u00e0 inclusi i costi per un giorno di prolungamento. <\/p>\n<\/div>\n\t\t\t\t<\/div>\n\t\t\t\t\t\t\t<div class=\"elementor-toggle-item\">\n\t\t\t\t\t<div id=\"elementor-tab-title-8004\" class=\"elementor-tab-title\" data-tab=\"4\" role=\"button\" aria-controls=\"elementor-tab-content-8004\" aria-expanded=\"false\">\n\t\t\t\t\t\t\t\t\t\t\t\t<span class=\"elementor-toggle-icon elementor-toggle-icon-left\" aria-hidden=\"true\">\n\t\t\t\t\t\t\t\t\t\t\t\t\t\t\t<span class=\"elementor-toggle-icon-closed\"><i class=\"fas fa-caret-right\"><\/i><\/span>\n\t\t\t\t\t\t\t\t<span class=\"elementor-toggle-icon-opened\"><i class=\"elementor-toggle-icon-opened fas fa-caret-up\"><\/i><\/span>\n\t\t\t\t\t\t\t\t\t\t\t\t\t<\/span>\n\t\t\t\t\t\t\t\t\t\t\t\t<a class=\"elementor-toggle-title\" tabindex=\"0\"> Posso prolungare spontaneamente la durata del mio parcheggio?<\/a>\n\t\t\t\t\t<\/div>\n\n\t\t\t\t\t<div id=\"elementor-tab-content-8004\" class=\"elementor-tab-content elementor-clearfix\" data-tab=\"4\" role=\"region\" aria-labelledby=\"elementor-tab-title-8004\"><p>S\u00ec. La preghiamo di informarci tempestivamente via e-mail. Ci comunichi quando e a che ora atterra all&#8217;aeroporto di Francoforte, nonch\u00e9 il suo nuovo numero di volo di ritorno.  <\/p>\n<p>Un prolungamento costa forfettariamente 10,- \u20ac al giorno.<\/p>\n<p><strong>La preghiamo di notare:<\/strong> In caso di comunicazione tardiva (dopo la data del suo viaggio di ritorno) verr\u00e0 addebitato un risarcimento spese.<\/p>\n<\/div>\n\t\t\t\t<\/div>\n\t\t\t\t\t\t\t<div class=\"elementor-toggle-item\">\n\t\t\t\t\t<div id=\"elementor-tab-title-8005\" class=\"elementor-tab-title\" data-tab=\"5\" role=\"button\" aria-controls=\"elementor-tab-content-8005\" aria-expanded=\"false\">\n\t\t\t\t\t\t\t\t\t\t\t\t<span class=\"elementor-toggle-icon elementor-toggle-icon-left\" aria-hidden=\"true\">\n\t\t\t\t\t\t\t\t\t\t\t\t\t\t\t<span class=\"elementor-toggle-icon-closed\"><i class=\"fas fa-caret-right\"><\/i><\/span>\n\t\t\t\t\t\t\t\t<span class=\"elementor-toggle-icon-opened\"><i class=\"elementor-toggle-icon-opened fas fa-caret-up\"><\/i><\/span>\n\t\t\t\t\t\t\t\t\t\t\t\t\t<\/span>\n\t\t\t\t\t\t\t\t\t\t\t\t<a class=\"elementor-toggle-title\" tabindex=\"0\">Come pago il mio parcheggio?<\/a>\n\t\t\t\t\t<\/div>\n\n\t\t\t\t\t<div id=\"elementor-tab-content-8005\" class=\"elementor-tab-content elementor-clearfix\" data-tab=\"5\" role=\"region\" aria-labelledby=\"elementor-tab-title-8005\"><p>Ha la possibilit\u00e0 di pagare tramite <strong>PayPal<\/strong>, <strong>bonifico bancario<\/strong>, <strong>in contanti<\/strong> <strong>all&#8217;arrivo o online con carta EC o carta di credito<\/strong>.<\/p>\n<p>In caso di pagamento in contanti, pu\u00f2 pagare le tariffe di parcheggio direttamente al nostro dipendente il giorno dell&#8217;arrivo.<\/p>\n<\/div>\n\t\t\t\t<\/div>\n\t\t\t\t\t\t\t\t\t\t<script type=\"application\/ld+json\">{\"@context\":\"https:\\\/\\\/schema.org\",\"@type\":\"FAQPage\",\"mainEntity\":[{\"@type\":\"Question\",\"name\":\"Ci sono ulteriori costi da sostenere in loco?\",\"acceptedAnswer\":{\"@type\":\"Answer\",\"text\":\"<p>No, in linea di principio non ci saranno ulteriori costi a suo carico. Il prezzo calcolato include: la tariffa del parcheggio incl. transfer gratuito per i clienti che parcheggiano fino a 4 persone (un viaggio di andata e ritorno ciascuno) o servizio di valet all&#8217;aeroporto di Francoforte sul Meno (un trasferimento al parcheggio e uno all&#8217;aeroporto di Francoforte ciascuno) e IVA al 19%.<\\\/p>\\n<p>Si prega di notare che gli <b>orari prenotati sono vincolanti<\\\/b>, poich\\u00e9 la nostra pianificazione e gestione del personale si basano su queste informazioni sull&#8217;orario. In caso di ritardo superiore a 40 minuti all&#8217;arrivo, vi chiediamo di comprendere che dovr\\u00e0 essere addebitato un importo di 25,- \\u20ac per il ritardo.  <\\\/p>\\n<p>Potrebbero essere applicati costi per <b>bagagli ingombranti<\\\/b> non dichiarati (10,- \\u20ac), <b>dimensioni eccessive del veicolo<\\\/b> superiori a 5 metri di lunghezza (doppio prezzo del parcheggio) o per persone aggiuntive (10,- \\u20ac a partire dalla <b>5a persona<\\\/b> per ogni persona aggiuntiva).<\\\/p>\\n<p>Si prega di notare che siamo aperti fino alle 00:00. Per un prelievo con la navetta o una consegna del veicolo (valet) dopo le 00:00 all&#8217;aeroporto di Francoforte, addebitiamo una <b>tariffa notturna<\\\/b> forfettaria di 20,- \\u20ac per ogni ora iniziata.<\\\/p>\\n\"}},{\"@type\":\"Question\",\"name\":\"Posso cancellare o modificare la mia prenotazione?\",\"acceptedAnswer\":{\"@type\":\"Answer\",\"text\":\"<p>Pu\\u00f2 cancellare gratuitamente fino a 48 ore prima del giorno di arrivo (rispettivamente alle ore 00:00). In caso di cancellazione successiva alle 48 ore prima del giorno di arrivo, Auto-Aufsicht ha il diritto di richiedere l&#8217;intero importo della fattura. <\\\/p>\\n<p>Puoi riprenotare gratuitamente fino a 48 ore prima dell&#8217;arrivo. Ti preghiamo di comunicarci le tue richieste di modifica via e-mail a <b>info@auto-aufsicht.de<\\\/b>.<\\\/p>\\n\"}},{\"@type\":\"Question\",\"name\":\"Cosa devo fare se cambiano le date del mio volo di ritorno?\",\"acceptedAnswer\":{\"@type\":\"Answer\",\"text\":\"<p>La preghiamo di scrivere una e-mail con i nuovi dati a <b>info@auto-aufsicht.de<\\\/b>. <\\\/p>\\n<p>In caso di mancato ritorno senza previa comunicazione, la preghiamo di comprendere che il giorno successivo dovr\\u00e0 essere addebitato un <b>risarcimento spese<\\\/b> per le prenotazioni di navetta pari a 35,- \\u20ac e per le prenotazioni di Auto-Aufsicht pari a 45,- \\u20ac (tariffa di mancata presentazione). Nel prezzo sono gi\\u00e0 inclusi i costi per un giorno di prolungamento. <\\\/p>\\n\"}},{\"@type\":\"Question\",\"name\":\"Posso prolungare spontaneamente la durata del mio parcheggio?\",\"acceptedAnswer\":{\"@type\":\"Answer\",\"text\":\"<p>S\\u00ec. La preghiamo di informarci tempestivamente via e-mail. Ci comunichi quando e a che ora atterra all&#8217;aeroporto di Francoforte, nonch\\u00e9 il suo nuovo numero di volo di ritorno.  <\\\/p>\\n<p>Un prolungamento costa forfettariamente 10,- \\u20ac al giorno.<\\\/p>\\n<p><strong>La preghiamo di notare:<\\\/strong> In caso di comunicazione tardiva (dopo la data del suo viaggio di ritorno) verr\\u00e0 addebitato un risarcimento spese.<\\\/p>\\n\"}},{\"@type\":\"Question\",\"name\":\"Come pago il mio parcheggio?\",\"acceptedAnswer\":{\"@type\":\"Answer\",\"text\":\"<p>Ha la possibilit\\u00e0 di pagare tramite <strong>PayPal<\\\/strong>, <strong>bonifico bancario<\\\/strong>, <strong>in contanti<\\\/strong> <strong>all&#8217;arrivo o online con carta EC o carta di credito<\\\/strong>.<\\\/p>\\n<p>In caso di pagamento in contanti, pu\\u00f2 pagare le tariffe di parcheggio direttamente al nostro dipendente il giorno dell&#8217;arrivo.<\\\/p>\\n\"}}]}<\/script>\n\t\t\t\t\t<\/div>\n\t\t\t\t\t\t<\/div>\n\t\t\t\t<\/div>\n\t\t\t\t<div class=\"elementor-element elementor-element-900fda2 elementor-widget elementor-widget-toggle\" data-id=\"900fda2\" data-element_type=\"widget\" data-e-type=\"widget\" data-widget_type=\"toggle.default\">\n\t\t\t\t<div class=\"elementor-widget-container\">\n\t\t\t\t\t\t\t<div class=\"elementor-toggle\">\n\t\t\t\t\t\t\t<div class=\"elementor-toggle-item\">\n\t\t\t\t\t<div id=\"elementor-tab-title-1511\" class=\"elementor-tab-title\" data-tab=\"1\" role=\"button\" aria-controls=\"elementor-tab-content-1511\" aria-expanded=\"false\">\n\t\t\t\t\t\t\t\t\t\t\t\t<span class=\"elementor-toggle-icon elementor-toggle-icon-left\" aria-hidden=\"true\">\n\t\t\t\t\t\t\t\t\t\t\t\t\t\t\t<span class=\"elementor-toggle-icon-closed\"><i class=\"fas fa-caret-right\"><\/i><\/span>\n\t\t\t\t\t\t\t\t<span class=\"elementor-toggle-icon-opened\"><i class=\"elementor-toggle-icon-opened fas fa-caret-up\"><\/i><\/span>\n\t\t\t\t\t\t\t\t\t\t\t\t\t<\/span>\n\t\t\t\t\t\t\t\t\t\t\t\t<a class=\"elementor-toggle-title\" tabindex=\"0\">  Come \u00e8 assicurato il mio veicolo?<\/a>\n\t\t\t\t\t<\/div>\n\n\t\t\t\t\t<div id=\"elementor-tab-content-1511\" class=\"elementor-tab-content elementor-clearfix\" data-tab=\"1\" role=\"region\" aria-labelledby=\"elementor-tab-title-1511\"><p>In caso di trasferimento del veicolo (servizio valet), i danni al vostro veicolo sono interamente coperti dalla nostra assicurazione di responsabilit\u00e0 civile (la cosiddetta copertura globale). In caso di incidente, i danni a veicoli di terzi (controparte) sono coperti dalla vostra assicurazione di responsabilit\u00e0 civile auto. Questo \u00e8 previsto dalla legge, poich\u00e9 non \u00e8 possibile una doppia assicurazione.  Sono escluse le richieste di risarcimento danni dovute al declassamento da parte della compagnia di assicurazione. All&#8217;interno della nostra area operativa, i danni sono assicurati, a condizione che siano stati causati dai nostri dipendenti. Tuttavia, non esiste una polizza casco nel senso di una copertura per danni al di fuori della nostra sfera di influenza (ad esempio, cause di forza maggiore, interferenze esterne non imputabili a noi). In tali casi, si applica la rispettiva polizza casco del proprietario.  <\/p>\n<\/div>\n\t\t\t\t<\/div>\n\t\t\t\t\t\t\t\t\t\t<script type=\"application\/ld+json\">{\"@context\":\"https:\\\/\\\/schema.org\",\"@type\":\"FAQPage\",\"mainEntity\":[{\"@type\":\"Question\",\"name\":\"Come \\u00e8 assicurato il mio veicolo?\",\"acceptedAnswer\":{\"@type\":\"Answer\",\"text\":\"<p>In caso di trasferimento del veicolo (servizio valet), i danni al vostro veicolo sono interamente coperti dalla nostra assicurazione di responsabilit\\u00e0 civile (la cosiddetta copertura globale). In caso di incidente, i danni a veicoli di terzi (controparte) sono coperti dalla vostra assicurazione di responsabilit\\u00e0 civile auto. Questo \\u00e8 previsto dalla legge, poich\\u00e9 non \\u00e8 possibile una doppia assicurazione.  Sono escluse le richieste di risarcimento danni dovute al declassamento da parte della compagnia di assicurazione. All&#8217;interno della nostra area operativa, i danni sono assicurati, a condizione che siano stati causati dai nostri dipendenti. Tuttavia, non esiste una polizza casco nel senso di una copertura per danni al di fuori della nostra sfera di influenza (ad esempio, cause di forza maggiore, interferenze esterne non imputabili a noi). In tali casi, si applica la rispettiva polizza casco del proprietario.  <\\\/p>\\n\"}}]}<\/script>\n\t\t\t\t\t<\/div>\n\t\t\t\t\t\t<\/div>\n\t\t\t\t<\/div>\n\t\t\t\t<div class=\"elementor-element elementor-element-d91efca elementor-widget elementor-widget-toggle\" data-id=\"d91efca\" data-element_type=\"widget\" data-e-type=\"widget\" data-widget_type=\"toggle.default\">\n\t\t\t\t<div class=\"elementor-widget-container\">\n\t\t\t\t\t\t\t<div class=\"elementor-toggle\">\n\t\t\t\t\t\t\t<div class=\"elementor-toggle-item\">\n\t\t\t\t\t<div id=\"elementor-tab-title-2271\" class=\"elementor-tab-title\" data-tab=\"1\" role=\"button\" aria-controls=\"elementor-tab-content-2271\" aria-expanded=\"false\">\n\t\t\t\t\t\t\t\t\t\t\t\t<span class=\"elementor-toggle-icon elementor-toggle-icon-left\" aria-hidden=\"true\">\n\t\t\t\t\t\t\t\t\t\t\t\t\t\t\t<span class=\"elementor-toggle-icon-closed\"><i class=\"fas fa-caret-right\"><\/i><\/span>\n\t\t\t\t\t\t\t\t<span class=\"elementor-toggle-icon-opened\"><i class=\"elementor-toggle-icon-opened fas fa-caret-up\"><\/i><\/span>\n\t\t\t\t\t\t\t\t\t\t\t\t\t<\/span>\n\t\t\t\t\t\t\t\t\t\t\t\t<a class=\"elementor-toggle-title\" tabindex=\"0\"> Quando e come verr\u00f2 prelevato all'aeroporto di Francoforte al mio ritorno?<\/a>\n\t\t\t\t\t<\/div>\n\n\t\t\t\t\t<div id=\"elementor-tab-content-2271\" class=\"elementor-tab-content elementor-clearfix\" data-tab=\"1\" role=\"region\" aria-labelledby=\"elementor-tab-title-2271\"><p>Ti preghiamo di contattare telefonicamente il nostro autista al numero 0049 \/ 152 21 61 47 39 una volta atterrato all&#8217;aeroporto di Francoforte e raggiunto il ritiro bagagli, ma prima di aver ritirato i tuoi bagagli. Un nostro collaboratore si metter\u00e0 quindi in viaggio per raggiungerti.<\/p>\n<p>Punto d&#8217;incontro <strong>Terminal 1<\/strong> = Area A, porta numero 2 (<b>A2<\/b>) al livello partenze. Il livello partenze si trova un piano sopra il livello arrivi.<\/p>\n<p>Punto d&#8217;incontro <strong>Terminal 2<\/strong> = Area E, porta numero 8 (<strong>E8<\/strong>). Al Terminal 2 c&#8217;\u00e8 un solo piano. <\/p>\n<p>Punto d&#8217;incontro <b>Terminal 3<\/b> = da concordare telefonicamente<\/p>\n<\/div>\n\t\t\t\t<\/div>\n\t\t\t\t\t\t\t<div class=\"elementor-toggle-item\">\n\t\t\t\t\t<div id=\"elementor-tab-title-2272\" class=\"elementor-tab-title\" data-tab=\"2\" role=\"button\" aria-controls=\"elementor-tab-content-2272\" aria-expanded=\"false\">\n\t\t\t\t\t\t\t\t\t\t\t\t<span class=\"elementor-toggle-icon elementor-toggle-icon-left\" aria-hidden=\"true\">\n\t\t\t\t\t\t\t\t\t\t\t\t\t\t\t<span class=\"elementor-toggle-icon-closed\"><i class=\"fas fa-caret-right\"><\/i><\/span>\n\t\t\t\t\t\t\t\t<span class=\"elementor-toggle-icon-opened\"><i class=\"elementor-toggle-icon-opened fas fa-caret-up\"><\/i><\/span>\n\t\t\t\t\t\t\t\t\t\t\t\t\t<\/span>\n\t\t\t\t\t\t\t\t\t\t\t\t<a class=\"elementor-toggle-title\" tabindex=\"0\">Quanto dura il tragitto per l'aeroporto di Francoforte?<\/a>\n\t\t\t\t\t<\/div>\n\n\t\t\t\t\t<div id=\"elementor-tab-content-2272\" class=\"elementor-tab-content elementor-clearfix\" data-tab=\"2\" role=\"region\" aria-labelledby=\"elementor-tab-title-2272\"><p>Il tempo di percorrenza dal nostro parcheggio all&#8217;aeroporto di Francoforte sul Meno \u00e8 di circa 8 minuti per il Terminal 1 e di 10 minuti per il Terminal 2 dell&#8217;aeroporto di Francoforte.<\/p>\n<\/div>\n\t\t\t\t<\/div>\n\t\t\t\t\t\t\t<div class=\"elementor-toggle-item\">\n\t\t\t\t\t<div id=\"elementor-tab-title-2273\" class=\"elementor-tab-title\" data-tab=\"3\" role=\"button\" aria-controls=\"elementor-tab-content-2273\" aria-expanded=\"false\">\n\t\t\t\t\t\t\t\t\t\t\t\t<span class=\"elementor-toggle-icon elementor-toggle-icon-left\" aria-hidden=\"true\">\n\t\t\t\t\t\t\t\t\t\t\t\t\t\t\t<span class=\"elementor-toggle-icon-closed\"><i class=\"fas fa-caret-right\"><\/i><\/span>\n\t\t\t\t\t\t\t\t<span class=\"elementor-toggle-icon-opened\"><i class=\"elementor-toggle-icon-opened fas fa-caret-up\"><\/i><\/span>\n\t\t\t\t\t\t\t\t\t\t\t\t\t<\/span>\n\t\t\t\t\t\t\t\t\t\t\t\t<a class=\"elementor-toggle-title\" tabindex=\"0\">  Quando devo arrivare al parcheggio?<\/a>\n\t\t\t\t\t<\/div>\n\n\t\t\t\t\t<div id=\"elementor-tab-content-2273\" class=\"elementor-tab-content elementor-clearfix\" data-tab=\"3\" role=\"region\" aria-labelledby=\"elementor-tab-title-2273\"><p>Controllate attentamente i vostri documenti di viaggio. In questi \u00e8 indicato quando deve essere all&#8217;aeroporto di Francoforte.<\/p>\n<p>Tuttavia, vi consigliamo di arrivare al nostro parcheggio <strong>almeno 2,5 ore prima della partenza<\/strong> dall&#8217;aeroporto di Francoforte sul Meno. Per i <strong>voli a lungo raggio<\/strong> (ad es. USA, Asia) si consiglia di arrivare al parcheggio <strong>3,5 ore prima della partenza<\/strong>.<\/p>\n<p><strong>Durante le vacanze estive:<\/strong> qui le consigliamo, a causa dell&#8217;elevato numero di passeggeri, di arrivare al parcheggio <strong>3 ore<\/strong> prima della partenza.<\/p>\n<\/div>\n\t\t\t\t<\/div>\n\t\t\t\t\t\t\t<div class=\"elementor-toggle-item\">\n\t\t\t\t\t<div id=\"elementor-tab-title-2274\" class=\"elementor-tab-title\" data-tab=\"4\" role=\"button\" aria-controls=\"elementor-tab-content-2274\" aria-expanded=\"false\">\n\t\t\t\t\t\t\t\t\t\t\t\t<span class=\"elementor-toggle-icon elementor-toggle-icon-left\" aria-hidden=\"true\">\n\t\t\t\t\t\t\t\t\t\t\t\t\t\t\t<span class=\"elementor-toggle-icon-closed\"><i class=\"fas fa-caret-right\"><\/i><\/span>\n\t\t\t\t\t\t\t\t<span class=\"elementor-toggle-icon-opened\"><i class=\"elementor-toggle-icon-opened fas fa-caret-up\"><\/i><\/span>\n\t\t\t\t\t\t\t\t\t\t\t\t\t<\/span>\n\t\t\t\t\t\t\t\t\t\t\t\t<a class=\"elementor-toggle-title\" tabindex=\"0\">  Quando parte il bus navetta?<\/a>\n\t\t\t\t\t<\/div>\n\n\t\t\t\t\t<div id=\"elementor-tab-content-2274\" class=\"elementor-tab-content elementor-clearfix\" data-tab=\"4\" role=\"region\" aria-labelledby=\"elementor-tab-title-2274\"><p>La navetta gratuita per i clienti del parcheggio \u00e8 attiva dalle 05:00 del mattino alle 00:00*. La navetta parte individualmente in base all&#8217;appuntamento prenotato. Gli orari di arrivo indicati sono vincolanti. <\/p>\n<p>*A Francoforte sul Meno, il divieto di volo notturno si applica dalle 23:00 alle 05:00. Se dovesse atterrare dopo le 23:00 e venire prelevato <strong>dopo le 00:00<\/strong>, verr\u00e0 addebitata una <strong>tariffa notturna forfettaria di 20,- \u20ac<\/strong> per ogni ora iniziata.<\/p>\n<\/div>\n\t\t\t\t<\/div>\n\t\t\t\t\t\t\t<div class=\"elementor-toggle-item\">\n\t\t\t\t\t<div id=\"elementor-tab-title-2275\" class=\"elementor-tab-title\" data-tab=\"5\" role=\"button\" aria-controls=\"elementor-tab-content-2275\" aria-expanded=\"false\">\n\t\t\t\t\t\t\t\t\t\t\t\t<span class=\"elementor-toggle-icon elementor-toggle-icon-left\" aria-hidden=\"true\">\n\t\t\t\t\t\t\t\t\t\t\t\t\t\t\t<span class=\"elementor-toggle-icon-closed\"><i class=\"fas fa-caret-right\"><\/i><\/span>\n\t\t\t\t\t\t\t\t<span class=\"elementor-toggle-icon-opened\"><i class=\"elementor-toggle-icon-opened fas fa-caret-up\"><\/i><\/span>\n\t\t\t\t\t\t\t\t\t\t\t\t\t<\/span>\n\t\t\t\t\t\t\t\t\t\t\t\t<a class=\"elementor-toggle-title\" tabindex=\"0\">  Ho molti bagagli. Cosa devo fare?<\/a>\n\t\t\t\t\t<\/div>\n\n\t\t\t\t\t<div id=\"elementor-tab-content-2275\" class=\"elementor-tab-content elementor-clearfix\" data-tab=\"5\" role=\"region\" aria-labelledby=\"elementor-tab-title-2275\"><p>Se avete un bagaglio ingombrante, spuntate questa casella al momento della prenotazione. Se avete un bagaglio insolitamente grande, siete pregati di indicarlo al momento della prenotazione.<\/p>\n<\/div>\n\t\t\t\t<\/div>\n\t\t\t\t\t\t\t<div class=\"elementor-toggle-item\">\n\t\t\t\t\t<div id=\"elementor-tab-title-2276\" class=\"elementor-tab-title\" data-tab=\"6\" role=\"button\" aria-controls=\"elementor-tab-content-2276\" aria-expanded=\"false\">\n\t\t\t\t\t\t\t\t\t\t\t\t<span class=\"elementor-toggle-icon elementor-toggle-icon-left\" aria-hidden=\"true\">\n\t\t\t\t\t\t\t\t\t\t\t\t\t\t\t<span class=\"elementor-toggle-icon-closed\"><i class=\"fas fa-caret-right\"><\/i><\/span>\n\t\t\t\t\t\t\t\t<span class=\"elementor-toggle-icon-opened\"><i class=\"elementor-toggle-icon-opened fas fa-caret-up\"><\/i><\/span>\n\t\t\t\t\t\t\t\t\t\t\t\t\t<\/span>\n\t\t\t\t\t\t\t\t\t\t\t\t<a class=\"elementor-toggle-title\" tabindex=\"0\">  Dove verr\u00f2 accompagnato e ripreso all'aeroporto?<\/a>\n\t\t\t\t\t<\/div>\n\n\t\t\t\t\t<div id=\"elementor-tab-content-2276\" class=\"elementor-tab-content elementor-clearfix\" data-tab=\"6\" role=\"region\" aria-labelledby=\"elementor-tab-title-2276\"><p>L&#8217;aeroporto di Francoforte sul Meno dispone del <strong>Terminal 1<\/strong>, del <strong>Terminal 2 e del Terminal 3<\/strong>.<\/p>\n<p><strong>Terminal 1<\/strong>: Area A, porta numero 2 al livello partenze. <strong>(A2)<\/strong> Ti preghiamo di notare che al ritorno dovrai salire di un piano.<\/p>\n<p><strong>Terminal 2<\/strong>: Area E, porta numero 8 <strong>(E8). <\/strong>Il Terminal 2 ha un solo livello.<\/p>\n<p><b>Terminal 3:<\/b> Il Terminal 3 \u00e8 stato inaugurato di recente, il punto d&#8217;incontro sar\u00e0 concordato telefonicamente<\/p><\/p>\n<\/div>\n\t\t\t\t<\/div>\n\t\t\t\t\t\t\t<div class=\"elementor-toggle-item\">\n\t\t\t\t\t<div id=\"elementor-tab-title-2277\" class=\"elementor-tab-title\" data-tab=\"7\" role=\"button\" aria-controls=\"elementor-tab-content-2277\" aria-expanded=\"false\">\n\t\t\t\t\t\t\t\t\t\t\t\t<span class=\"elementor-toggle-icon elementor-toggle-icon-left\" aria-hidden=\"true\">\n\t\t\t\t\t\t\t\t\t\t\t\t\t\t\t<span class=\"elementor-toggle-icon-closed\"><i class=\"fas fa-caret-right\"><\/i><\/span>\n\t\t\t\t\t\t\t\t<span class=\"elementor-toggle-icon-opened\"><i class=\"elementor-toggle-icon-opened fas fa-caret-up\"><\/i><\/span>\n\t\t\t\t\t\t\t\t\t\t\t\t\t<\/span>\n\t\t\t\t\t\t\t\t\t\t\t\t<a class=\"elementor-toggle-title\" tabindex=\"0\">  Che cos'\u00e8 il valet parking?<\/a>\n\t\t\t\t\t<\/div>\n\n\t\t\t\t\t<div id=\"elementor-tab-content-2277\" class=\"elementor-tab-content elementor-clearfix\" data-tab=\"7\" role=\"region\" aria-labelledby=\"elementor-tab-title-2277\"><p>Parcheggiatore significa massimo servizio e massima convenienza. Con questo servizio, si reca direttamente all&#8217;aeroporto di Francoforte con il suo veicolo. Il suo veicolo viene preso in consegna da un nostro addetto e portato al nostro parcheggio custodito (a seconda della prenotazione: posto auto esterno, parcheggio coperto o garage sotterraneo presso l&#8217;aeroporto).  Il nostro personale vi riconoscer\u00e0 dal tipo di veicolo e dalla targa. Al suo ritorno, il suo veicolo verr\u00e0 riportato in aeroporto. Il veicolo viene ritirato e restituito direttamente al vostro terminal. A seconda del carico di lavoro e delle procedure operative, il suo veicolo pu\u00f2 essere temporaneamente parcheggiato in un parcheggio privato, custodito e videosorvegliato in un garage sotterraneo nelle immediate vicinanze dell&#8217;aeroporto di Francoforte, per garantire la consegna puntuale al suo ritorno.<\/p>\n<\/div>\n\t\t\t\t<\/div>\n\t\t\t\t\t\t\t\t\t\t<script type=\"application\/ld+json\">{\"@context\":\"https:\\\/\\\/schema.org\",\"@type\":\"FAQPage\",\"mainEntity\":[{\"@type\":\"Question\",\"name\":\"Quando e come verr\\u00f2 prelevato all'aeroporto di Francoforte al mio ritorno?\",\"acceptedAnswer\":{\"@type\":\"Answer\",\"text\":\"<p>Ti preghiamo di contattare telefonicamente il nostro autista al numero 0049 \\\/ 152 21 61 47 39 una volta atterrato all&#8217;aeroporto di Francoforte e raggiunto il ritiro bagagli, ma prima di aver ritirato i tuoi bagagli. Un nostro collaboratore si metter\\u00e0 quindi in viaggio per raggiungerti.<\\\/p>\\n<p>Punto d&#8217;incontro <strong>Terminal 1<\\\/strong> = Area A, porta numero 2 (<b>A2<\\\/b>) al livello partenze. Il livello partenze si trova un piano sopra il livello arrivi.<\\\/p>\\n<p>Punto d&#8217;incontro <strong>Terminal 2<\\\/strong> = Area E, porta numero 8 (<strong>E8<\\\/strong>). Al Terminal 2 c&#8217;\\u00e8 un solo piano. <\\\/p>\\n<p>Punto d&#8217;incontro <b>Terminal 3<\\\/b> = da concordare telefonicamente<\\\/p>\\n\"}},{\"@type\":\"Question\",\"name\":\"Quanto dura il tragitto per l'aeroporto di Francoforte?\",\"acceptedAnswer\":{\"@type\":\"Answer\",\"text\":\"<p>Il tempo di percorrenza dal nostro parcheggio all&#8217;aeroporto di Francoforte sul Meno \\u00e8 di circa 8 minuti per il Terminal 1 e di 10 minuti per il Terminal 2 dell&#8217;aeroporto di Francoforte.<\\\/p>\\n\"}},{\"@type\":\"Question\",\"name\":\"Quando devo arrivare al parcheggio?\",\"acceptedAnswer\":{\"@type\":\"Answer\",\"text\":\"<p>Controllate attentamente i vostri documenti di viaggio. In questi \\u00e8 indicato quando deve essere all&#8217;aeroporto di Francoforte.<\\\/p>\\n<p>Tuttavia, vi consigliamo di arrivare al nostro parcheggio <strong>almeno 2,5 ore prima della partenza<\\\/strong> dall&#8217;aeroporto di Francoforte sul Meno. Per i <strong>voli a lungo raggio<\\\/strong> (ad es. USA, Asia) si consiglia di arrivare al parcheggio <strong>3,5 ore prima della partenza<\\\/strong>.<\\\/p>\\n<p><strong>Durante le vacanze estive:<\\\/strong> qui le consigliamo, a causa dell&#8217;elevato numero di passeggeri, di arrivare al parcheggio <strong>3 ore<\\\/strong> prima della partenza.<\\\/p>\\n\"}},{\"@type\":\"Question\",\"name\":\"Quando parte il bus navetta?\",\"acceptedAnswer\":{\"@type\":\"Answer\",\"text\":\"<p>La navetta gratuita per i clienti del parcheggio \\u00e8 attiva dalle 05:00 del mattino alle 00:00*. La navetta parte individualmente in base all&#8217;appuntamento prenotato. Gli orari di arrivo indicati sono vincolanti. <\\\/p>\\n<p>*A Francoforte sul Meno, il divieto di volo notturno si applica dalle 23:00 alle 05:00. Se dovesse atterrare dopo le 23:00 e venire prelevato <strong>dopo le 00:00<\\\/strong>, verr\\u00e0 addebitata una <strong>tariffa notturna forfettaria di 20,- \\u20ac<\\\/strong> per ogni ora iniziata.<\\\/p>\\n\"}},{\"@type\":\"Question\",\"name\":\"Ho molti bagagli. Cosa devo fare?\",\"acceptedAnswer\":{\"@type\":\"Answer\",\"text\":\"<p>Se avete un bagaglio ingombrante, spuntate questa casella al momento della prenotazione. Se avete un bagaglio insolitamente grande, siete pregati di indicarlo al momento della prenotazione.<\\\/p>\\n\"}},{\"@type\":\"Question\",\"name\":\"Dove verr\\u00f2 accompagnato e ripreso all'aeroporto?\",\"acceptedAnswer\":{\"@type\":\"Answer\",\"text\":\"<p>L&#8217;aeroporto di Francoforte sul Meno dispone del <strong>Terminal 1<\\\/strong>, del <strong>Terminal 2 e del Terminal 3<\\\/strong>.<\\\/p>\\n<p><strong>Terminal 1<\\\/strong>: Area A, porta numero 2 al livello partenze. <strong>(A2)<\\\/strong> Ti preghiamo di notare che al ritorno dovrai salire di un piano.<\\\/p>\\n<p><strong>Terminal 2<\\\/strong>: Area E, porta numero 8 <strong>(E8). <\\\/strong>Il Terminal 2 ha un solo livello.<\\\/p>\\n<p><b>Terminal 3:<\\\/b> Il Terminal 3 \\u00e8 stato inaugurato di recente, il punto d&#8217;incontro sar\\u00e0 concordato telefonicamente<\\\/p><\\\/p>\\n\"}},{\"@type\":\"Question\",\"name\":\"Che cos'\\u00e8 il valet parking?\",\"acceptedAnswer\":{\"@type\":\"Answer\",\"text\":\"<p>Parcheggiatore significa massimo servizio e massima convenienza. Con questo servizio, si reca direttamente all&#8217;aeroporto di Francoforte con il suo veicolo. Il suo veicolo viene preso in consegna da un nostro addetto e portato al nostro parcheggio custodito (a seconda della prenotazione: posto auto esterno, parcheggio coperto o garage sotterraneo presso l&#8217;aeroporto).  Il nostro personale vi riconoscer\\u00e0 dal tipo di veicolo e dalla targa. Al suo ritorno, il suo veicolo verr\\u00e0 riportato in aeroporto. Il veicolo viene ritirato e restituito direttamente al vostro terminal. A seconda del carico di lavoro e delle procedure operative, il suo veicolo pu\\u00f2 essere temporaneamente parcheggiato in un parcheggio privato, custodito e videosorvegliato in un garage sotterraneo nelle immediate vicinanze dell&#8217;aeroporto di Francoforte, per garantire la consegna puntuale al suo ritorno.<\\\/p>\\n\"}}]}<\/script>\n\t\t\t\t\t<\/div>\n\t\t\t\t\t\t<\/div>\n\t\t\t\t<\/div>\n\t\t<div class=\"elementor-element elementor-element-ece73a0 e-flex e-con-boxed e-con e-child\" data-id=\"ece73a0\" data-element_type=\"container\" data-e-type=\"container\" data-settings=\"{&quot;background_background&quot;:&quot;classic&quot;}\">\n\t\t\t\t\t<div class=\"e-con-inner\">\n\t\t\t\t<div class=\"elementor-element elementor-element-e778fdc elementor-widget elementor-widget-heading\" data-id=\"e778fdc\" data-element_type=\"widget\" data-e-type=\"widget\" data-widget_type=\"heading.default\">\n\t\t\t\t<div class=\"elementor-widget-container\">\n\t\t\t\t\t<h3 class=\"elementor-heading-title elementor-size-default\">Non hai trovato la risposta alla tua domanda qui?<\/h3>\t\t\t\t<\/div>\n\t\t\t\t<\/div>\n\t\t\t\t<div class=\"elementor-element elementor-element-2cb6984 elementor-widget elementor-widget-text-editor\" data-id=\"2cb6984\" data-element_type=\"widget\" data-e-type=\"widget\" data-widget_type=\"text-editor.default\">\n\t\t\t\t<div class=\"elementor-widget-container\">\n\t\t\t\t\t\t\t\t\t<p>Contattaci via WhatsApp o telefono<\/p>\t\t\t\t\t\t\t\t<\/div>\n\t\t\t\t<\/div>\n\t\t<div class=\"elementor-element elementor-element-4c6215b e-con-full e-flex e-con e-child\" data-id=\"4c6215b\" data-element_type=\"container\" data-e-type=\"container\">\n\t\t\t\t<div class=\"elementor-element elementor-element-c7e1061 elementor-align-center elementor-widget elementor-widget-button\" data-id=\"c7e1061\" data-element_type=\"widget\" data-e-type=\"widget\" data-widget_type=\"button.default\">\n\t\t\t\t<div class=\"elementor-widget-container\">\n\t\t\t\t\t\t\t\t\t<div class=\"elementor-button-wrapper\">\n\t\t\t\t\t<a class=\"elementor-button elementor-button-link elementor-size-md\" href=\"https:\/\/wa.me\/+4915233845690\">\n\t\t\t\t\t\t<span class=\"elementor-button-content-wrapper\">\n\t\t\t\t\t\t<span class=\"elementor-button-icon\">\n\t\t\t\t<i aria-hidden=\"true\" class=\"fab fa-whatsapp\"><\/i>\t\t\t<\/span>\n\t\t\t\t\t\t\t\t\t<span class=\"elementor-button-text\">WhatsApp<\/span>\n\t\t\t\t\t<\/span>\n\t\t\t\t\t<\/a>\n\t\t\t\t<\/div>\n\t\t\t\t\t\t\t\t<\/div>\n\t\t\t\t<\/div>\n\t\t\t\t<div class=\"elementor-element elementor-element-cd0a8c7 elementor-align-center elementor-widget elementor-widget-button\" data-id=\"cd0a8c7\" data-element_type=\"widget\" data-e-type=\"widget\" data-widget_type=\"button.default\">\n\t\t\t\t<div class=\"elementor-widget-container\">\n\t\t\t\t\t\t\t\t\t<div class=\"elementor-button-wrapper\">\n\t\t\t\t\t<a class=\"elementor-button elementor-button-link elementor-size-md\" href=\"https:\/\/auto-aufsicht.de\/kontakt\/\">\n\t\t\t\t\t\t<span class=\"elementor-button-content-wrapper\">\n\t\t\t\t\t\t<span class=\"elementor-button-icon\">\n\t\t\t\t<i aria-hidden=\"true\" class=\"fas fa-phone-alt\"><\/i>\t\t\t<\/span>\n\t\t\t\t\t\t\t\t\t<span class=\"elementor-button-text\">Telefono<\/span>\n\t\t\t\t\t<\/span>\n\t\t\t\t\t<\/a>\n\t\t\t\t<\/div>\n\t\t\t\t\t\t\t\t<\/div>\n\t\t\t\t<\/div>\n\t\t\t\t<\/div>\n\t\t\t\t\t<\/div>\n\t\t\t\t<\/div>\n\t\t\t\t\t<\/div>\n\t\t\t\t<\/div>\n\t\t<div class=\"elementor-element elementor-element-ce57f07 e-flex e-con-boxed e-con e-parent\" data-id=\"ce57f07\" data-element_type=\"container\" data-e-type=\"container\">\n\t\t\t\t\t<div class=\"e-con-inner\">\n\t\t\t\t<div class=\"elementor-element elementor-element-d7cbc96 elementor-widget elementor-widget-heading\" data-id=\"d7cbc96\" data-element_type=\"widget\" data-e-type=\"widget\" data-widget_type=\"heading.default\">\n\t\t\t\t<div class=\"elementor-widget-container\">\n\t\t\t\t\t<h2 class=\"elementor-heading-title elementor-size-default\">Qui trova informazioni aggiornate sull'aeroporto di Francoforte:<\/h2>\t\t\t\t<\/div>\n\t\t\t\t<\/div>\n\t\t\t\t\t<\/div>\n\t\t\t\t<\/div>\n\t\t<div class=\"elementor-element elementor-element-c7d3d63 e-flex e-con-boxed e-con e-parent\" data-id=\"c7d3d63\" data-element_type=\"container\" data-e-type=\"container\">\n\t\t\t\t\t<div class=\"e-con-inner\">\n\t\t\t\t<div class=\"elementor-element elementor-element-3287d9f elementor-widget elementor-widget-text-editor\" data-id=\"3287d9f\" data-element_type=\"widget\" data-e-type=\"widget\" data-widget_type=\"text-editor.default\">\n\t\t\t\t<div class=\"elementor-widget-container\">\n\t\t\t\t\t\t\t\t\t<p><a href=\"https:\/\/www.frankfurt-airport.com\/\">https:\/\/www.frankfurt-airport.com\/<\/a><\/p>\t\t\t\t\t\t\t\t<\/div>\n\t\t\t\t<\/div>\n\t\t\t\t\t<\/div>\n\t\t\t\t<\/div>\n\t\t\t\t<\/div>\n\t\t","protected":false},"excerpt":{"rendered":"<p>Prenotazioni e modifiche Arrivo e partenza Parcheggio e sicurezza Ci sono ulteriori costi da sostenere in loco? No, in linea di principio non ci saranno ulteriori costi a suo carico. Il prezzo calcolato include: la tariffa del parcheggio incl. transfer gratuito per i clienti che parcheggiano fino a 4 persone (un viaggio di andata e [&hellip;]<\/p>\n","protected":false},"author":1,"featured_media":440,"parent":0,"menu_order":0,"comment_status":"closed","ping_status":"closed","template":"elementor_header_footer","meta":{"footnotes":""},"class_list":["post-584","page","type-page","status-publish","has-post-thumbnail","hentry"],"yoast_head":"<!-- This site is optimized with the Yoast SEO plugin v27.5 - https:\/\/yoast.com\/product\/yoast-seo-wordpress\/ -->\n<title>Domande e risposte | Auto-Aufsicht<\/title>\n<meta name=\"description\" content=\"Trova le risposte alle domande pi\u00f9 frequenti sui nostri servizi e offerte di parcheggio.\" \/>\n<meta name=\"robots\" content=\"index, follow, max-snippet:-1, max-image-preview:large, max-video-preview:-1\" \/>\n<link rel=\"canonical\" href=\"https:\/\/auto-aufsicht.de\/it\/faqs\/\" \/>\n<meta property=\"og:locale\" content=\"it_IT\" \/>\n<meta property=\"og:type\" content=\"article\" \/>\n<meta property=\"og:title\" content=\"Domande e risposte | Auto-Aufsicht\" \/>\n<meta property=\"og:description\" content=\"Trova le risposte alle domande pi\u00f9 frequenti sui nostri servizi e offerte di parcheggio.\" \/>\n<meta property=\"og:url\" content=\"https:\/\/auto-aufsicht.de\/it\/faqs\/\" \/>\n<meta property=\"og:site_name\" content=\"Auto-Aufsicht\" \/>\n<meta property=\"article:publisher\" content=\"https:\/\/www.facebook.com\/autoaufsicht\" \/>\n<meta property=\"article:modified_time\" content=\"2026-04-07T08:08:31+00:00\" \/>\n<meta property=\"og:image\" content=\"https:\/\/auto-aufsicht.de\/wp-content\/uploads\/2024\/02\/aa_hilfe.jpeg\" \/>\n\t<meta property=\"og:image:width\" content=\"2560\" \/>\n\t<meta property=\"og:image:height\" content=\"1280\" \/>\n\t<meta property=\"og:image:type\" content=\"image\/jpeg\" \/>\n<meta name=\"twitter:card\" content=\"summary_large_image\" \/>\n<meta name=\"twitter:label1\" content=\"Tempo di lettura stimato\" \/>\n\t<meta name=\"twitter:data1\" content=\"6 minuti\" \/>\n<script type=\"application\/ld+json\" class=\"yoast-schema-graph\">{\"@context\":\"https:\\\/\\\/schema.org\",\"@graph\":[{\"@type\":\"WebPage\",\"@id\":\"https:\\\/\\\/auto-aufsicht.de\\\/it\\\/faqs\\\/\",\"url\":\"https:\\\/\\\/auto-aufsicht.de\\\/it\\\/faqs\\\/\",\"name\":\"Domande e risposte | Auto-Aufsicht\",\"isPartOf\":{\"@id\":\"https:\\\/\\\/auto-aufsicht.de\\\/it\\\/#website\"},\"primaryImageOfPage\":{\"@id\":\"https:\\\/\\\/auto-aufsicht.de\\\/it\\\/faqs\\\/#primaryimage\"},\"image\":{\"@id\":\"https:\\\/\\\/auto-aufsicht.de\\\/it\\\/faqs\\\/#primaryimage\"},\"thumbnailUrl\":\"https:\\\/\\\/auto-aufsicht.de\\\/wp-content\\\/uploads\\\/2024\\\/02\\\/aa_hilfe.jpeg\",\"datePublished\":\"2024-02-22T10:21:21+00:00\",\"dateModified\":\"2026-04-07T08:08:31+00:00\",\"description\":\"Trova le risposte alle domande pi\u00f9 frequenti sui nostri servizi e offerte di parcheggio.\",\"breadcrumb\":{\"@id\":\"https:\\\/\\\/auto-aufsicht.de\\\/it\\\/faqs\\\/#breadcrumb\"},\"inLanguage\":\"it-IT\",\"potentialAction\":[{\"@type\":\"ReadAction\",\"target\":[\"https:\\\/\\\/auto-aufsicht.de\\\/it\\\/faqs\\\/\"]}]},{\"@type\":\"ImageObject\",\"inLanguage\":\"it-IT\",\"@id\":\"https:\\\/\\\/auto-aufsicht.de\\\/it\\\/faqs\\\/#primaryimage\",\"url\":\"https:\\\/\\\/auto-aufsicht.de\\\/wp-content\\\/uploads\\\/2024\\\/02\\\/aa_hilfe.jpeg\",\"contentUrl\":\"https:\\\/\\\/auto-aufsicht.de\\\/wp-content\\\/uploads\\\/2024\\\/02\\\/aa_hilfe.jpeg\",\"width\":2560,\"height\":1280},{\"@type\":\"BreadcrumbList\",\"@id\":\"https:\\\/\\\/auto-aufsicht.de\\\/it\\\/faqs\\\/#breadcrumb\",\"itemListElement\":[{\"@type\":\"ListItem\",\"position\":1,\"name\":\"Startseite\",\"item\":\"https:\\\/\\\/auto-aufsicht.de\\\/it\\\/casa\\\/\"},{\"@type\":\"ListItem\",\"position\":2,\"name\":\"Domande e risposte\"}]},{\"@type\":\"WebSite\",\"@id\":\"https:\\\/\\\/auto-aufsicht.de\\\/it\\\/#website\",\"url\":\"https:\\\/\\\/auto-aufsicht.de\\\/it\\\/\",\"name\":\"Auto-Aufsicht\",\"description\":\"Parken am Flughafen Frankfurt am Main\",\"publisher\":{\"@id\":\"https:\\\/\\\/auto-aufsicht.de\\\/it\\\/#organization\"},\"potentialAction\":[{\"@type\":\"SearchAction\",\"target\":{\"@type\":\"EntryPoint\",\"urlTemplate\":\"https:\\\/\\\/auto-aufsicht.de\\\/it\\\/?s={search_term_string}\"},\"query-input\":{\"@type\":\"PropertyValueSpecification\",\"valueRequired\":true,\"valueName\":\"search_term_string\"}}],\"inLanguage\":\"it-IT\"},{\"@type\":\"Organization\",\"@id\":\"https:\\\/\\\/auto-aufsicht.de\\\/it\\\/#organization\",\"name\":\"Auto-Aufsicht\",\"url\":\"https:\\\/\\\/auto-aufsicht.de\\\/it\\\/\",\"logo\":{\"@type\":\"ImageObject\",\"inLanguage\":\"it-IT\",\"@id\":\"https:\\\/\\\/auto-aufsicht.de\\\/it\\\/#\\\/schema\\\/logo\\\/image\\\/\",\"url\":\"https:\\\/\\\/auto-aufsicht.de\\\/wp-content\\\/uploads\\\/2023\\\/06\\\/Auto-Aufsicht-Logo.svg\",\"contentUrl\":\"https:\\\/\\\/auto-aufsicht.de\\\/wp-content\\\/uploads\\\/2023\\\/06\\\/Auto-Aufsicht-Logo.svg\",\"width\":67,\"height\":33,\"caption\":\"Auto-Aufsicht\"},\"image\":{\"@id\":\"https:\\\/\\\/auto-aufsicht.de\\\/it\\\/#\\\/schema\\\/logo\\\/image\\\/\"},\"sameAs\":[\"https:\\\/\\\/www.facebook.com\\\/autoaufsicht\"]}]}<\/script>\n<!-- \/ Yoast SEO plugin. -->","yoast_head_json":{"title":"Domande e risposte | Auto-Aufsicht","description":"Trova le risposte alle domande pi\u00f9 frequenti sui nostri servizi e offerte di parcheggio.","robots":{"index":"index","follow":"follow","max-snippet":"max-snippet:-1","max-image-preview":"max-image-preview:large","max-video-preview":"max-video-preview:-1"},"canonical":"https:\/\/auto-aufsicht.de\/it\/faqs\/","og_locale":"it_IT","og_type":"article","og_title":"Domande e risposte | Auto-Aufsicht","og_description":"Trova le risposte alle domande pi\u00f9 frequenti sui nostri servizi e offerte di parcheggio.","og_url":"https:\/\/auto-aufsicht.de\/it\/faqs\/","og_site_name":"Auto-Aufsicht","article_publisher":"https:\/\/www.facebook.com\/autoaufsicht","article_modified_time":"2026-04-07T08:08:31+00:00","og_image":[{"width":2560,"height":1280,"url":"https:\/\/auto-aufsicht.de\/wp-content\/uploads\/2024\/02\/aa_hilfe.jpeg","type":"image\/jpeg"}],"twitter_card":"summary_large_image","twitter_misc":{"Tempo di lettura stimato":"6 minuti"},"schema":{"@context":"https:\/\/schema.org","@graph":[{"@type":"WebPage","@id":"https:\/\/auto-aufsicht.de\/it\/faqs\/","url":"https:\/\/auto-aufsicht.de\/it\/faqs\/","name":"Domande e risposte | Auto-Aufsicht","isPartOf":{"@id":"https:\/\/auto-aufsicht.de\/it\/#website"},"primaryImageOfPage":{"@id":"https:\/\/auto-aufsicht.de\/it\/faqs\/#primaryimage"},"image":{"@id":"https:\/\/auto-aufsicht.de\/it\/faqs\/#primaryimage"},"thumbnailUrl":"https:\/\/auto-aufsicht.de\/wp-content\/uploads\/2024\/02\/aa_hilfe.jpeg","datePublished":"2024-02-22T10:21:21+00:00","dateModified":"2026-04-07T08:08:31+00:00","description":"Trova le risposte alle domande pi\u00f9 frequenti sui nostri servizi e offerte di parcheggio.","breadcrumb":{"@id":"https:\/\/auto-aufsicht.de\/it\/faqs\/#breadcrumb"},"inLanguage":"it-IT","potentialAction":[{"@type":"ReadAction","target":["https:\/\/auto-aufsicht.de\/it\/faqs\/"]}]},{"@type":"ImageObject","inLanguage":"it-IT","@id":"https:\/\/auto-aufsicht.de\/it\/faqs\/#primaryimage","url":"https:\/\/auto-aufsicht.de\/wp-content\/uploads\/2024\/02\/aa_hilfe.jpeg","contentUrl":"https:\/\/auto-aufsicht.de\/wp-content\/uploads\/2024\/02\/aa_hilfe.jpeg","width":2560,"height":1280},{"@type":"BreadcrumbList","@id":"https:\/\/auto-aufsicht.de\/it\/faqs\/#breadcrumb","itemListElement":[{"@type":"ListItem","position":1,"name":"Startseite","item":"https:\/\/auto-aufsicht.de\/it\/casa\/"},{"@type":"ListItem","position":2,"name":"Domande e risposte"}]},{"@type":"WebSite","@id":"https:\/\/auto-aufsicht.de\/it\/#website","url":"https:\/\/auto-aufsicht.de\/it\/","name":"Auto-Aufsicht","description":"Parken am Flughafen Frankfurt am Main","publisher":{"@id":"https:\/\/auto-aufsicht.de\/it\/#organization"},"potentialAction":[{"@type":"SearchAction","target":{"@type":"EntryPoint","urlTemplate":"https:\/\/auto-aufsicht.de\/it\/?s={search_term_string}"},"query-input":{"@type":"PropertyValueSpecification","valueRequired":true,"valueName":"search_term_string"}}],"inLanguage":"it-IT"},{"@type":"Organization","@id":"https:\/\/auto-aufsicht.de\/it\/#organization","name":"Auto-Aufsicht","url":"https:\/\/auto-aufsicht.de\/it\/","logo":{"@type":"ImageObject","inLanguage":"it-IT","@id":"https:\/\/auto-aufsicht.de\/it\/#\/schema\/logo\/image\/","url":"https:\/\/auto-aufsicht.de\/wp-content\/uploads\/2023\/06\/Auto-Aufsicht-Logo.svg","contentUrl":"https:\/\/auto-aufsicht.de\/wp-content\/uploads\/2023\/06\/Auto-Aufsicht-Logo.svg","width":67,"height":33,"caption":"Auto-Aufsicht"},"image":{"@id":"https:\/\/auto-aufsicht.de\/it\/#\/schema\/logo\/image\/"},"sameAs":["https:\/\/www.facebook.com\/autoaufsicht"]}]}},"_links":{"self":[{"href":"https:\/\/auto-aufsicht.de\/it\/wp-json\/wp\/v2\/pages\/584","targetHints":{"allow":["GET"]}}],"collection":[{"href":"https:\/\/auto-aufsicht.de\/it\/wp-json\/wp\/v2\/pages"}],"about":[{"href":"https:\/\/auto-aufsicht.de\/it\/wp-json\/wp\/v2\/types\/page"}],"author":[{"embeddable":true,"href":"https:\/\/auto-aufsicht.de\/it\/wp-json\/wp\/v2\/users\/1"}],"replies":[{"embeddable":true,"href":"https:\/\/auto-aufsicht.de\/it\/wp-json\/wp\/v2\/comments?post=584"}],"version-history":[{"count":25,"href":"https:\/\/auto-aufsicht.de\/it\/wp-json\/wp\/v2\/pages\/584\/revisions"}],"predecessor-version":[{"id":2602,"href":"https:\/\/auto-aufsicht.de\/it\/wp-json\/wp\/v2\/pages\/584\/revisions\/2602"}],"wp:featuredmedia":[{"embeddable":true,"href":"https:\/\/auto-aufsicht.de\/it\/wp-json\/wp\/v2\/media\/440"}],"wp:attachment":[{"href":"https:\/\/auto-aufsicht.de\/it\/wp-json\/wp\/v2\/media?parent=584"}],"curies":[{"name":"wp","href":"https:\/\/api.w.org\/{rel}","templated":true}]}}