{"id":647,"date":"2024-02-22T15:08:12","date_gmt":"2024-02-22T14:08:12","guid":{"rendered":"https:\/\/auto-aufsicht.de\/declaration-de-confidentialite\/"},"modified":"2024-04-08T11:37:15","modified_gmt":"2024-04-08T09:37:15","slug":"declaration-de-confidentialite","status":"publish","type":"page","link":"https:\/\/auto-aufsicht.de\/fr\/declaration-de-confidentialite\/","title":{"rendered":"D\u00e9claration de confidentialit\u00e9"},"content":{"rendered":"\n<h2 class=\"wp-block-heading\">Remarque g\u00e9n\u00e9rale<\/h2>\n\n<p>Les indications suivantes donnent un aper\u00e7u simple de ce qui se passe avec vos donn\u00e9es personnelles lorsque vous visitez notre site web.<\/p>\n\n<p>Les donn\u00e9es personnelles sont toutes les donn\u00e9es qui permettent de vous identifier personnellement.<\/p>\n\n<p>La pr\u00e9sente d\u00e9claration de confidentialit\u00e9 explique quelles donn\u00e9es nous collectons et \u00e0 quelles fins nous les utilisons. Elle explique \u00e9galement comment et dans quel but cela se fait.<\/p>\n\n<h2 class=\"wp-block-heading\">Protection des donn\u00e9es<\/h2>\n\n<p>Nous, la Auto-Aufsicht, prenons la protection de vos donn\u00e9es personnelles tr\u00e8s au s\u00e9rieux. Nous traitons vos donn\u00e9es personnelles de mani\u00e8re confidentielle et conform\u00e9ment aux dispositions l\u00e9gales en mati\u00e8re de protection des donn\u00e9es et \u00e0 la pr\u00e9sente d\u00e9claration de confidentialit\u00e9.<\/p>\n\n<p>Nous attirons votre attention sur le fait que la transmission de donn\u00e9es sur Internet (par ex. lors de la communication par e-mail) peut pr\u00e9senter des failles de s\u00e9curit\u00e9. Une protection compl\u00e8te des donn\u00e9es contre l&rsquo;acc\u00e8s par des tiers n&rsquo;est pas possible.<\/p>\n\n<p>R\u00e9vocation de votre consentement au traitement des donn\u00e9es<\/p>\n\n<p>De nombreuses op\u00e9rations de traitement des donn\u00e9es ne sont possibles qu&rsquo;avec votre consentement explicite. Vous pouvez r\u00e9voquer \u00e0 tout moment un consentement d\u00e9j\u00e0 donn\u00e9. Il suffit pour cela de nous envoyer un message informel par e-mail. La l\u00e9galit\u00e9 du traitement des donn\u00e9es effectu\u00e9 jusqu&rsquo;\u00e0 la r\u00e9vocation n&rsquo;est pas affect\u00e9e par la r\u00e9vocation.<\/p>\n\n<h3 class=\"wp-block-heading\">Droit de transfert de donn\u00e9es<\/h3>\n\n<p>Vous avez le droit de vous faire remettre ou de faire remettre \u00e0 un tiers, dans un format courant et lisible par machine, les donn\u00e9es que nous traitons de mani\u00e8re automatis\u00e9e sur la base de votre consentement ou en ex\u00e9cution d&rsquo;un contrat. Si vous demandez le transfert direct des donn\u00e9es \u00e0 un autre responsable, cela ne se fera que dans la mesure o\u00f9 cela est techniquement faisable.<\/p>\n\n<h2 class=\"wp-block-heading\">Collecte de donn\u00e9es sur notre site web<\/h2>\n\n<h3 class=\"wp-block-heading\">responsable de la collecte des donn\u00e9es sur notre site web :<\/h3>\n\n<p>Le traitement des donn\u00e9es sur ce site web est effectu\u00e9 par l&rsquo;exploitant du site web. Vous trouverez ses coordonn\u00e9es dans les mentions l\u00e9gales de ce site web.<\/p>\n\n<h3 class=\"wp-block-heading\">Comment vos donn\u00e9es sont collect\u00e9es :<\/h3>\n\n<p>Vos donn\u00e9es sont collect\u00e9es lorsque vous nous les communiquez directement via le formulaire de r\u00e9servation ou notre formulaire de contact.<\/p>\n\n<p>D&rsquo;autres donn\u00e9es sont automatiquement collect\u00e9es lors de la visite du site. Il s&rsquo;agit principalement de donn\u00e9es techniques (par exemple, le navigateur Internet, le syst\u00e8me d&rsquo;exploitation ou l&rsquo;heure de consultation de la page). La collecte de ces donn\u00e9es se fait automatiquement d\u00e8s que vous entrez sur notre site.<\/p>\n\n<h3 class=\"wp-block-heading\">A quelles fins vos donn\u00e9es seront-elles utilis\u00e9es :<\/h3>\n\n<p>Vos donn\u00e9es sont collect\u00e9es afin de permettre l&rsquo;ex\u00e9cution de nos prestations d\u00e9coulant de la relation contractuelle.<\/p>\n\n<h3 class=\"wp-block-heading\">Quels sont vos droits concernant vos donn\u00e9es ?<\/h3>\n\n<p>Vous avez \u00e0 tout moment le droit d&rsquo;obtenir gratuitement des informations sur l&rsquo;origine, le destinataire et la finalit\u00e9 de vos donn\u00e9es personnelles enregistr\u00e9es. Vous avez \u00e9galement le droit de demander la rectification, le blocage ou la suppression de ces donn\u00e9es. Vous pouvez nous contacter \u00e0 tout moment \u00e0 l&rsquo;adresse indiqu\u00e9e dans les mentions l\u00e9gales pour nous poser cette question ou pour toute autre question relative \u00e0 la protection des donn\u00e9es. En outre, vous disposez d&rsquo;un droit de recours aupr\u00e8s de l&rsquo;autorit\u00e9 de surveillance comp\u00e9tente.<\/p>\n\n<h3 class=\"wp-block-heading\">Cookies<\/h3>\n\n<p>Les pages Internet utilisent en partie ce que l&rsquo;on appelle des cookies. Les cookies sont sans danger, car ils ne causent aucun dommage \u00e0 votre PC et ne transmettent aucun virus. Les cookies servent \u00e0 rendre notre offre plus conviviale, plus efficace et plus s\u00fbre. Les cookies sont de petits fichiers texte qui sont d\u00e9pos\u00e9s sur votre ordinateur et que votre navigateur enregistre.<\/p>\n\n<p>Pour en savoir plus sur la mani\u00e8re dont nous utilisons les cookies et sur la fa\u00e7on dont vous pouvez g\u00e9rer vos pr\u00e9f\u00e9rences, consultez notre <a href=\"https:\/\/auto-aufsicht.de\/fr\/politique-en-matiere-de-cookies\/\" data-type=\"page\" data-id=\"252\">politique en mati\u00e8re de cookies<\/a>.<\/p>\n\n<h3 class=\"wp-block-heading\">Fichiers journaux du serveur<\/h3>\n\n<p>Le fournisseur des pages collecte et enregistre automatiquement des informations dans ce que l&rsquo;on appelle des fichiers journaux du serveur, que votre navigateur nous transmet automatiquement. Il s&rsquo;agit de<\/p>\n\n<ul class=\"wp-block-list\">\n<li>Type et version du navigateur<\/li>\n\n\n\n<li>le syst\u00e8me d&rsquo;exploitation utilis\u00e9<\/li>\n\n\n\n<li>URL de r\u00e9f\u00e9rence<\/li>\n\n\n\n<li>nom d&rsquo;h\u00f4te de l&rsquo;ordinateur qui acc\u00e8de au site<\/li>\n\n\n\n<li>Heure de la demande du serveur<\/li>\n\n\n\n<li>Adresse IP<\/li>\n<\/ul>\n\n<p>Ces donn\u00e9es ne sont pas recoup\u00e9es avec d&rsquo;autres sources de donn\u00e9es.<\/p>\n\n<p>La base du traitement des donn\u00e9es est l&rsquo;art. 6, al. 1 lit. f du RGPD, qui autorise le traitement des donn\u00e9es pour l&rsquo;ex\u00e9cution d&rsquo;un contrat ou de mesures pr\u00e9contractuelles.<\/p>\n\n<h3 class=\"wp-block-heading\">Formulaire de contact<\/h3>\n\n<p>Si vous nous faites parvenir des demandes par le biais du formulaire de contact, les informations que vous avez fournies dans le formulaire de demande, y compris les donn\u00e9es de contact que vous y avez indiqu\u00e9es, sont enregistr\u00e9es chez nous \u00e0 des fins de traitement de la demande et en cas de questions de suivi. Nous ne transmettons pas ces donn\u00e9es sans votre consentement.<\/p>\n\n<p>Le traitement des donn\u00e9es saisies dans le formulaire de contact se fait donc exclusivement sur la base de votre consentement (article 6, paragraphe 1, point a du RGPD). Vous pouvez r\u00e9voquer ce consentement \u00e0 tout moment. Il suffit pour cela de nous envoyer un message informel par e-mail. La l\u00e9galit\u00e9 des op\u00e9rations de traitement des donn\u00e9es effectu\u00e9es jusqu&rsquo;\u00e0 la r\u00e9vocation n&rsquo;est pas affect\u00e9e par la r\u00e9vocation.<\/p>\n\n<p>Les donn\u00e9es que vous avez saisies dans le formulaire de contact restent chez nous jusqu&rsquo;\u00e0 ce que vous nous demandiez de les supprimer, que vous r\u00e9voquiez votre autorisation de les enregistrer ou que le but de l&rsquo;enregistrement des donn\u00e9es devienne caduc (par exemple, apr\u00e8s le traitement de votre demande). Les dispositions l\u00e9gales contraignantes &#8211; notamment les d\u00e9lais de conservation &#8211; ne sont pas affect\u00e9es.<\/p>\n\n<h3 class=\"wp-block-heading\">Traitement des donn\u00e9es (donn\u00e9es clients et donn\u00e9es contractuelles)<\/h3>\n\n<p>Nous ne collectons, traitons et utilisons les donn\u00e9es personnelles que dans la mesure o\u00f9 elles sont n\u00e9cessaires \u00e0 l&rsquo;\u00e9tablissement, \u00e0 la conception du contenu ou \u00e0 la modification de la relation contractuelle (donn\u00e9es de base). Cela se fait sur la base de l&rsquo;art. 6 al. 1 lit. b du RGPD, qui autorise le traitement des donn\u00e9es pour l&rsquo;ex\u00e9cution d&rsquo;un contrat ou de mesures pr\u00e9contractuelles. Nous ne collectons, traitons et utilisons les donn\u00e9es personnelles relatives \u00e0 l&rsquo;utilisation de nos pages Internet (donn\u00e9es d&rsquo;utilisation) que dans la mesure o\u00f9 cela est n\u00e9cessaire pour permettre \u00e0 l&rsquo;utilisateur d&rsquo;utiliser le service ou de le facturer.<\/p>\n\n<p>Les donn\u00e9es clients collect\u00e9es sont supprim\u00e9es \u00e0 la fin de la commande ou de la relation commerciale, \u00e0 moins que le client ne souhaite les conserver pour de futures r\u00e9servations. Les d\u00e9lais de conservation l\u00e9gaux ne sont pas affect\u00e9s.<\/p>\n\n<h3 class=\"wp-block-heading\">Transmission de donn\u00e9es lors de la conclusion de contrats de services et de contenus num\u00e9riques<\/h3>\n\n<p>Nous ne transmettons des donn\u00e9es personnelles \u00e0 des tiers que si cela est n\u00e9cessaire dans le cadre de l&rsquo;ex\u00e9cution du contrat, par exemple \u00e0 l&rsquo;institut de cr\u00e9dit charg\u00e9 de l&rsquo;ex\u00e9cution des paiements.<\/p>\n\n<p>Une transmission ult\u00e9rieure des donn\u00e9es n&rsquo;a pas lieu ou uniquement si vous avez express\u00e9ment donn\u00e9 votre accord. Vos donn\u00e9es ne seront pas transmises \u00e0 des tiers sans votre consentement explicite, par exemple \u00e0 des fins publicitaires.<\/p>\n\n<p>La base du traitement des donn\u00e9es est l&rsquo;art. 6, al. 1 lit. b du RGPD, qui autorise le traitement des donn\u00e9es pour l&rsquo;ex\u00e9cution d&rsquo;un contrat ou de mesures pr\u00e9contractuelles.<\/p>\n\n<h3 class=\"wp-block-heading\">Donn\u00e9es de la newsletter<\/h3>\n\n<p>Si vous souhaitez vous abonner \u00e0 la newsletter propos\u00e9e dans notre formulaire de r\u00e9servation, nous avons besoin de votre d\u00e9claration indiquant que vous acceptez de recevoir la newsletter en cochant la case correspondante de la newsletter. D&rsquo;autres donn\u00e9es ne sont pas collect\u00e9es ou uniquement sur une base volontaire. Nous utilisons ces donn\u00e9es exclusivement pour l&rsquo;envoi des informations demand\u00e9es et ne les transmettons pas \u00e0 des tiers.<\/p>\n\n<p>Le traitement est effectu\u00e9 exclusivement sur la base de votre consentement (article 6, paragraphe 1, point a) du RGPD). Vous pouvez \u00e0 tout moment r\u00e9voquer par e-mail votre consentement \u00e0 l&rsquo;enregistrement des donn\u00e9es, de l&rsquo;adresse e-mail et de leur utilisation pour l&rsquo;envoi de la newsletter. La l\u00e9galit\u00e9 des op\u00e9rations de traitement des donn\u00e9es d\u00e9j\u00e0 effectu\u00e9es n&rsquo;est pas affect\u00e9e par la r\u00e9vocation.<\/p>\n\n<p>Les donn\u00e9es que vous avez d\u00e9pos\u00e9es chez nous dans le but de recevoir la newsletter sont enregistr\u00e9es par nous jusqu&rsquo;\u00e0 ce que vous vous d\u00e9sabonniez de la newsletter et sont supprim\u00e9es apr\u00e8s l&rsquo;annulation de la newsletter. Les donn\u00e9es qui ont \u00e9t\u00e9 enregistr\u00e9es chez nous \u00e0 votre demande expresse pour des r\u00e9servations futures ne sont pas affect\u00e9es par cette disposition.<\/p>\n\n<h3 class=\"wp-block-heading\">Google Maps<\/h3>\n\n<p>Ce site utilise le service de cartographie Google Maps via une API. Le fournisseur est Google Inc., 1600 Amphitheatre Parkway, Mountain View, CA 94043, USA.<\/p>\n\n<p>Pour utiliser les fonctions de Google Maps, il est n\u00e9cessaire d&rsquo;enregistrer votre adresse IP. Ces informations sont g\u00e9n\u00e9ralement transmises \u00e0 un serveur de Google aux \u00c9tats-Unis et y sont stock\u00e9es. Le fournisseur de ce site n&rsquo;a aucune influence sur cette transmission de donn\u00e9es.<\/p>\n\n<p>L&rsquo;utilisation de Google Maps a lieu dans l&rsquo;int\u00e9r\u00eat d&rsquo;une pr\u00e9sentation attrayante de nos offres en ligne et d&rsquo;un rep\u00e9rage facile des lieux que nous avons indiqu\u00e9s sur le site. Cela constitue un int\u00e9r\u00eat l\u00e9gitime au sens de l&rsquo;article 6, paragraphe 1, de la directive sur la protection des donn\u00e9es. 1 lit. f du RGPD.<\/p>\n\n<p>Vous trouverez plus d&rsquo;informations sur le traitement des donn\u00e9es des utilisateurs dans la d\u00e9claration de confidentialit\u00e9 de Google <a href=\"https:\/\/www.google.de\/intl\/de\/policies\/privacy\/\" target=\"_blank\" rel=\"noreferrer noopener\">: https:\/\/www.google.de\/intl\/de\/policies\/privacy\/.<\/a><\/p>\n\n<h3 class=\"wp-block-heading\">PayPal<\/h3>\n\n<p>Sur notre site web, nous proposons le paiement via PayPal.<\/p>\n\n<p>Le fournisseur de ce service de paiement est PayPal (Europe) S.\u00e0.r.l. et Cie, S.C.A., 22-24 Boulevard Royal, L-2449 Luxembourg (ci-apr\u00e8s \u00ab\u00a0PayPal\u00a0\u00bb).<\/p>\n\n<p>Si vous choisissez de payer via PayPal, les donn\u00e9es de paiement que vous avez saisies seront transmises \u00e0 PayPal.<\/p>\n\n<p>La transmission de vos donn\u00e9es \u00e0 PayPal s&rsquo;effectue sur la base de l&rsquo;art. 6 al. 1 lit. a RGPD (consentement) et l&rsquo;art. 6, al. 1 lit. b du RGPD (traitement en vue de l&rsquo;ex\u00e9cution d&rsquo;un contrat). Vous avez la possibilit\u00e9 de r\u00e9voquer \u00e0 tout moment votre consentement au traitement des donn\u00e9es. La r\u00e9vocation n&rsquo;a pas d&rsquo;incidence sur la validit\u00e9 des op\u00e9rations de traitement des donn\u00e9es effectu\u00e9es dans le pass\u00e9.<\/p>\n\n<p><strong>Pour toute question ou information compl\u00e9mentaire, n&rsquo;h\u00e9sitez pas \u00e0 nous contacter par t\u00e9l\u00e9phone ou par e-mail. Vous trouverez nos coordonn\u00e9es sous \u00ab\u00a0Contact\u00a0\u00bb ou \u00e9galement dans nos \u00ab\u00a0Mentions l\u00e9gales\u00a0\u00bb.  <\/strong><\/p>\n","protected":false},"excerpt":{"rendered":"<p>Remarque g\u00e9n\u00e9rale Les indications suivantes donnent un aper\u00e7u simple de ce qui se passe avec vos donn\u00e9es personnelles lorsque vous visitez notre site web. Les donn\u00e9es personnelles sont toutes les donn\u00e9es qui permettent de vous identifier personnellement. La pr\u00e9sente d\u00e9claration de confidentialit\u00e9 explique quelles donn\u00e9es nous collectons et \u00e0 quelles fins nous les utilisons. Elle [&hellip;]<\/p>\n","protected":false},"author":1,"featured_media":0,"parent":0,"menu_order":0,"comment_status":"closed","ping_status":"closed","template":"","meta":{"footnotes":""},"class_list":["post-647","page","type-page","status-publish","hentry"],"yoast_head":"<!-- This site is optimized with the Yoast SEO plugin v27.5 - https:\/\/yoast.com\/product\/yoast-seo-wordpress\/ -->\n<title>D\u00e9claration de confidentialit\u00e9 | Auto-Aufsicht<\/title>\n<meta name=\"robots\" content=\"index, follow, max-snippet:-1, max-image-preview:large, max-video-preview:-1\" \/>\n<link rel=\"canonical\" href=\"https:\/\/auto-aufsicht.de\/fr\/declaration-de-confidentialite\/\" \/>\n<meta property=\"og:locale\" content=\"fr_FR\" \/>\n<meta property=\"og:type\" content=\"article\" \/>\n<meta property=\"og:title\" content=\"D\u00e9claration de confidentialit\u00e9 | Auto-Aufsicht\" \/>\n<meta property=\"og:description\" content=\"Remarque g\u00e9n\u00e9rale Les indications suivantes donnent un aper\u00e7u simple de ce qui se passe avec vos donn\u00e9es personnelles lorsque vous visitez notre site web. Les donn\u00e9es personnelles sont toutes les donn\u00e9es qui permettent de vous identifier personnellement. La pr\u00e9sente d\u00e9claration de confidentialit\u00e9 explique quelles donn\u00e9es nous collectons et \u00e0 quelles fins nous les utilisons. Elle [&hellip;]\" \/>\n<meta property=\"og:url\" content=\"https:\/\/auto-aufsicht.de\/fr\/declaration-de-confidentialite\/\" \/>\n<meta property=\"og:site_name\" content=\"Auto-Aufsicht\" \/>\n<meta property=\"article:publisher\" content=\"https:\/\/www.facebook.com\/autoaufsicht\" \/>\n<meta property=\"article:modified_time\" content=\"2024-04-08T09:37:15+00:00\" \/>\n<meta property=\"og:image\" content=\"https:\/\/auto-aufsicht.de\/wp-content\/uploads\/2024\/03\/auto-aufsicht-opengraph.jpg\" \/>\n\t<meta property=\"og:image:width\" content=\"1200\" \/>\n\t<meta property=\"og:image:height\" content=\"675\" \/>\n\t<meta property=\"og:image:type\" content=\"image\/jpeg\" \/>\n<meta name=\"twitter:card\" content=\"summary_large_image\" \/>\n<meta name=\"twitter:label1\" content=\"Dur\u00e9e de lecture estim\u00e9e\" \/>\n\t<meta name=\"twitter:data1\" content=\"9 minutes\" \/>\n<script type=\"application\/ld+json\" class=\"yoast-schema-graph\">{\"@context\":\"https:\\\/\\\/schema.org\",\"@graph\":[{\"@type\":\"WebPage\",\"@id\":\"https:\\\/\\\/auto-aufsicht.de\\\/fr\\\/declaration-de-confidentialite\\\/\",\"url\":\"https:\\\/\\\/auto-aufsicht.de\\\/fr\\\/declaration-de-confidentialite\\\/\",\"name\":\"D\u00e9claration de confidentialit\u00e9 | Auto-Aufsicht\",\"isPartOf\":{\"@id\":\"https:\\\/\\\/auto-aufsicht.de\\\/fr\\\/#website\"},\"datePublished\":\"2024-02-22T14:08:12+00:00\",\"dateModified\":\"2024-04-08T09:37:15+00:00\",\"breadcrumb\":{\"@id\":\"https:\\\/\\\/auto-aufsicht.de\\\/fr\\\/declaration-de-confidentialite\\\/#breadcrumb\"},\"inLanguage\":\"fr-FR\",\"potentialAction\":[{\"@type\":\"ReadAction\",\"target\":[\"https:\\\/\\\/auto-aufsicht.de\\\/fr\\\/declaration-de-confidentialite\\\/\"]}]},{\"@type\":\"BreadcrumbList\",\"@id\":\"https:\\\/\\\/auto-aufsicht.de\\\/fr\\\/declaration-de-confidentialite\\\/#breadcrumb\",\"itemListElement\":[{\"@type\":\"ListItem\",\"position\":1,\"name\":\"Startseite\",\"item\":\"https:\\\/\\\/auto-aufsicht.de\\\/fr\\\/accueil\\\/\"},{\"@type\":\"ListItem\",\"position\":2,\"name\":\"D\u00e9claration de confidentialit\u00e9\"}]},{\"@type\":\"WebSite\",\"@id\":\"https:\\\/\\\/auto-aufsicht.de\\\/fr\\\/#website\",\"url\":\"https:\\\/\\\/auto-aufsicht.de\\\/fr\\\/\",\"name\":\"Auto-Aufsicht\",\"description\":\"Parken am Flughafen Frankfurt am Main\",\"publisher\":{\"@id\":\"https:\\\/\\\/auto-aufsicht.de\\\/fr\\\/#organization\"},\"potentialAction\":[{\"@type\":\"SearchAction\",\"target\":{\"@type\":\"EntryPoint\",\"urlTemplate\":\"https:\\\/\\\/auto-aufsicht.de\\\/fr\\\/?s={search_term_string}\"},\"query-input\":{\"@type\":\"PropertyValueSpecification\",\"valueRequired\":true,\"valueName\":\"search_term_string\"}}],\"inLanguage\":\"fr-FR\"},{\"@type\":\"Organization\",\"@id\":\"https:\\\/\\\/auto-aufsicht.de\\\/fr\\\/#organization\",\"name\":\"Auto-Aufsicht\",\"url\":\"https:\\\/\\\/auto-aufsicht.de\\\/fr\\\/\",\"logo\":{\"@type\":\"ImageObject\",\"inLanguage\":\"fr-FR\",\"@id\":\"https:\\\/\\\/auto-aufsicht.de\\\/fr\\\/#\\\/schema\\\/logo\\\/image\\\/\",\"url\":\"https:\\\/\\\/auto-aufsicht.de\\\/wp-content\\\/uploads\\\/2023\\\/06\\\/Auto-Aufsicht-Logo.svg\",\"contentUrl\":\"https:\\\/\\\/auto-aufsicht.de\\\/wp-content\\\/uploads\\\/2023\\\/06\\\/Auto-Aufsicht-Logo.svg\",\"width\":67,\"height\":33,\"caption\":\"Auto-Aufsicht\"},\"image\":{\"@id\":\"https:\\\/\\\/auto-aufsicht.de\\\/fr\\\/#\\\/schema\\\/logo\\\/image\\\/\"},\"sameAs\":[\"https:\\\/\\\/www.facebook.com\\\/autoaufsicht\"]}]}<\/script>\n<!-- \/ Yoast SEO plugin. -->","yoast_head_json":{"title":"D\u00e9claration de confidentialit\u00e9 | Auto-Aufsicht","robots":{"index":"index","follow":"follow","max-snippet":"max-snippet:-1","max-image-preview":"max-image-preview:large","max-video-preview":"max-video-preview:-1"},"canonical":"https:\/\/auto-aufsicht.de\/fr\/declaration-de-confidentialite\/","og_locale":"fr_FR","og_type":"article","og_title":"D\u00e9claration de confidentialit\u00e9 | Auto-Aufsicht","og_description":"Remarque g\u00e9n\u00e9rale Les indications suivantes donnent un aper\u00e7u simple de ce qui se passe avec vos donn\u00e9es personnelles lorsque vous visitez notre site web. Les donn\u00e9es personnelles sont toutes les donn\u00e9es qui permettent de vous identifier personnellement. La pr\u00e9sente d\u00e9claration de confidentialit\u00e9 explique quelles donn\u00e9es nous collectons et \u00e0 quelles fins nous les utilisons. Elle [&hellip;]","og_url":"https:\/\/auto-aufsicht.de\/fr\/declaration-de-confidentialite\/","og_site_name":"Auto-Aufsicht","article_publisher":"https:\/\/www.facebook.com\/autoaufsicht","article_modified_time":"2024-04-08T09:37:15+00:00","og_image":[{"width":1200,"height":675,"url":"https:\/\/auto-aufsicht.de\/wp-content\/uploads\/2024\/03\/auto-aufsicht-opengraph.jpg","type":"image\/jpeg"}],"twitter_card":"summary_large_image","twitter_misc":{"Dur\u00e9e de lecture estim\u00e9e":"9 minutes"},"schema":{"@context":"https:\/\/schema.org","@graph":[{"@type":"WebPage","@id":"https:\/\/auto-aufsicht.de\/fr\/declaration-de-confidentialite\/","url":"https:\/\/auto-aufsicht.de\/fr\/declaration-de-confidentialite\/","name":"D\u00e9claration de confidentialit\u00e9 | Auto-Aufsicht","isPartOf":{"@id":"https:\/\/auto-aufsicht.de\/fr\/#website"},"datePublished":"2024-02-22T14:08:12+00:00","dateModified":"2024-04-08T09:37:15+00:00","breadcrumb":{"@id":"https:\/\/auto-aufsicht.de\/fr\/declaration-de-confidentialite\/#breadcrumb"},"inLanguage":"fr-FR","potentialAction":[{"@type":"ReadAction","target":["https:\/\/auto-aufsicht.de\/fr\/declaration-de-confidentialite\/"]}]},{"@type":"BreadcrumbList","@id":"https:\/\/auto-aufsicht.de\/fr\/declaration-de-confidentialite\/#breadcrumb","itemListElement":[{"@type":"ListItem","position":1,"name":"Startseite","item":"https:\/\/auto-aufsicht.de\/fr\/accueil\/"},{"@type":"ListItem","position":2,"name":"D\u00e9claration de confidentialit\u00e9"}]},{"@type":"WebSite","@id":"https:\/\/auto-aufsicht.de\/fr\/#website","url":"https:\/\/auto-aufsicht.de\/fr\/","name":"Auto-Aufsicht","description":"Parken am Flughafen Frankfurt am Main","publisher":{"@id":"https:\/\/auto-aufsicht.de\/fr\/#organization"},"potentialAction":[{"@type":"SearchAction","target":{"@type":"EntryPoint","urlTemplate":"https:\/\/auto-aufsicht.de\/fr\/?s={search_term_string}"},"query-input":{"@type":"PropertyValueSpecification","valueRequired":true,"valueName":"search_term_string"}}],"inLanguage":"fr-FR"},{"@type":"Organization","@id":"https:\/\/auto-aufsicht.de\/fr\/#organization","name":"Auto-Aufsicht","url":"https:\/\/auto-aufsicht.de\/fr\/","logo":{"@type":"ImageObject","inLanguage":"fr-FR","@id":"https:\/\/auto-aufsicht.de\/fr\/#\/schema\/logo\/image\/","url":"https:\/\/auto-aufsicht.de\/wp-content\/uploads\/2023\/06\/Auto-Aufsicht-Logo.svg","contentUrl":"https:\/\/auto-aufsicht.de\/wp-content\/uploads\/2023\/06\/Auto-Aufsicht-Logo.svg","width":67,"height":33,"caption":"Auto-Aufsicht"},"image":{"@id":"https:\/\/auto-aufsicht.de\/fr\/#\/schema\/logo\/image\/"},"sameAs":["https:\/\/www.facebook.com\/autoaufsicht"]}]}},"_links":{"self":[{"href":"https:\/\/auto-aufsicht.de\/fr\/wp-json\/wp\/v2\/pages\/647","targetHints":{"allow":["GET"]}}],"collection":[{"href":"https:\/\/auto-aufsicht.de\/fr\/wp-json\/wp\/v2\/pages"}],"about":[{"href":"https:\/\/auto-aufsicht.de\/fr\/wp-json\/wp\/v2\/types\/page"}],"author":[{"embeddable":true,"href":"https:\/\/auto-aufsicht.de\/fr\/wp-json\/wp\/v2\/users\/1"}],"replies":[{"embeddable":true,"href":"https:\/\/auto-aufsicht.de\/fr\/wp-json\/wp\/v2\/comments?post=647"}],"version-history":[{"count":2,"href":"https:\/\/auto-aufsicht.de\/fr\/wp-json\/wp\/v2\/pages\/647\/revisions"}],"predecessor-version":[{"id":1032,"href":"https:\/\/auto-aufsicht.de\/fr\/wp-json\/wp\/v2\/pages\/647\/revisions\/1032"}],"wp:attachment":[{"href":"https:\/\/auto-aufsicht.de\/fr\/wp-json\/wp\/v2\/media?parent=647"}],"curies":[{"name":"wp","href":"https:\/\/api.w.org\/{rel}","templated":true}]}}