{"id":634,"date":"2024-02-22T15:08:12","date_gmt":"2024-02-22T14:08:12","guid":{"rendered":"https:\/\/auto-aufsicht.de\/politica-de-privacidad\/"},"modified":"2024-02-23T18:06:57","modified_gmt":"2024-02-23T17:06:57","slug":"politica-de-privacidad","status":"publish","type":"page","link":"https:\/\/auto-aufsicht.de\/es\/politica-de-privacidad\/","title":{"rendered":"Pol\u00edtica de privacidad"},"content":{"rendered":"\n<h2 class=\"wp-block-heading\">Nota general<\/h2>\n\n<p>La siguiente informaci\u00f3n ofrece una visi\u00f3n general de lo que ocurre con sus datos personales cuando visita nuestro sitio web.<\/p>\n\n<p>Los datos personales son todos aquellos con los que se le puede identificar personalmente.<\/p>\n\n<p>Esta pol\u00edtica de privacidad explica qu\u00e9 datos recogemos y para qu\u00e9 los utilizamos. Tambi\u00e9n explica c\u00f3mo y para qu\u00e9 se hace.<\/p>\n\n<h2 class=\"wp-block-heading\">Protecci\u00f3n de datos<\/h2>\n\n<p>Nosotros, Auto-Aufsicht, nos tomamos muy en serio la protecci\u00f3n de sus datos personales. Tratamos sus datos personales de forma confidencial y de acuerdo con la normativa legal de protecci\u00f3n de datos y esta pol\u00edtica de privacidad.<\/p>\n\n<p>Nos gustar\u00eda se\u00f1alar que la transmisi\u00f3n de datos a trav\u00e9s de Internet (por ejemplo, cuando se comunica por correo electr\u00f3nico) puede tener lagunas de seguridad. No es posible proteger completamente los datos contra el acceso de terceros.<\/p>\n\n<p>Revocaci\u00f3n de su consentimiento para el tratamiento de datos<\/p>\n\n<p>Muchas operaciones de tratamiento de datos s\u00f3lo son posibles con su consentimiento expreso. Puede revocar su consentimiento en cualquier momento. S\u00f3lo tiene que enviarnos un correo electr\u00f3nico informal. La legalidad del tratamiento de datos efectuado hasta la revocaci\u00f3n no se ver\u00e1 afectada por \u00e9sta.<\/p>\n\n<h3 class=\"wp-block-heading\">Derecho a la transferencia de datos<\/h3>\n\n<p>Tiene derecho a que los datos que tratamos autom\u00e1ticamente sobre la base de su consentimiento o en cumplimiento de un contrato se le entreguen a usted o a un tercero en un formato de uso com\u00fan legible por m\u00e1quina. Si solicita la transferencia directa de los datos a otro responsable del tratamiento, s\u00f3lo se har\u00e1 en la medida en que sea t\u00e9cnicamente viable.<\/p>\n\n<h2 class=\"wp-block-heading\">Recogida de datos en nuestro sitio web<\/h2>\n\n<h3 class=\"wp-block-heading\">Responsable de la recogida de datos en nuestro sitio web:<\/h3>\n\n<p>El tratamiento de datos en este sitio web corre a cargo del operador del mismo. Encontrar\u00e1 sus datos de contacto en el aviso legal de este sitio web.<\/p>\n\n<h3 class=\"wp-block-heading\">C\u00f3mo se recogen sus datos:<\/h3>\n\n<p>Sus datos se recogen cuando usted nos los facilita directamente a trav\u00e9s del formulario de reserva o de nuestro formulario de contacto.<\/p>\n\n<p>Otros datos se recogen autom\u00e1ticamente cuando usted visita el sitio web. Se trata principalmente de datos t\u00e9cnicos (por ejemplo, navegador de Internet, sistema operativo u hora de visualizaci\u00f3n de la p\u00e1gina). Estos datos se recogen autom\u00e1ticamente en cuanto usted entra en nuestro sitio web.<\/p>\n\n<h3 class=\"wp-block-heading\">Para qu\u00e9 se utilizan sus datos:<\/h3>\n\n<p>Sus datos se recogen con el fin de permitirnos cumplir nuestros servicios derivados de la relaci\u00f3n contractual.<\/p>\n\n<h3 class=\"wp-block-heading\">\u00bfQu\u00e9 derechos tiene en relaci\u00f3n con sus datos?<\/h3>\n\n<p>Tiene derecho a recibir informaci\u00f3n gratuita en cualquier momento sobre el origen, el destinatario y la finalidad de sus datos personales almacenados. Tambi\u00e9n tiene derecho a solicitar la rectificaci\u00f3n, el bloqueo o la supresi\u00f3n de estos datos. Puede ponerse en contacto con nosotros en cualquier momento en la direcci\u00f3n indicada en el aviso legal si tiene m\u00e1s preguntas sobre el tema de la protecci\u00f3n de datos. Adem\u00e1s, tiene derecho a presentar una reclamaci\u00f3n ante la autoridad de control competente.<\/p>\n\n<h3 class=\"wp-block-heading\">Cookies<\/h3>\n\n<p>Algunas de las p\u00e1ginas de Internet utilizan las denominadas cookies. Las cookies son seguras, ya que no causan ning\u00fan da\u00f1o a su PC y no transmiten virus. Las cookies se utilizan para que nuestro sitio web sea m\u00e1s f\u00e1cil de usar, eficaz y seguro. Las cookies son peque\u00f1os archivos de texto que se almacenan en su ordenador y que guarda su navegador.<\/p>\n\n<p>Para obtener m\u00e1s informaci\u00f3n sobre c\u00f3mo utilizamos las cookies y c\u00f3mo puede gestionar su configuraci\u00f3n, consulte nuestra <a href=\"https:\/\/auto-aufsicht.de\/es\/politica-de-cookies\/\" data-type=\"page\" data-id=\"252\">Pol\u00edtica de cookies<\/a>.<\/p>\n\n<h3 class=\"wp-block-heading\">Archivos de registro del servidor<\/h3>\n\n<p>El proveedor de las p\u00e1ginas recoge y almacena autom\u00e1ticamente informaci\u00f3n en los denominados archivos de registro del servidor, que su navegador nos transmite autom\u00e1ticamente. Estos son:<\/p>\n\n<ul class=\"wp-block-list\">\n<li>Tipo y versi\u00f3n del navegador<\/li>\n\n\n\n<li>Sistema operativo utilizado<\/li>\n\n\n\n<li>URL de referencia<\/li>\n\n\n\n<li>Nombre de host del ordenador de acceso<\/li>\n\n\n\n<li>Hora de la solicitud al servidor<\/li>\n\n\n\n<li>Direcci\u00f3n IP<\/li>\n<\/ul>\n\n<p>Estos datos no se fusionan con otras fuentes de datos.<\/p>\n\n<p>La base para el tratamiento de datos es el Art. 6 para. 1 lit. f GDPR, que permite el tratamiento de datos para el cumplimiento de un contrato o de medidas precontractuales.<\/p>\n\n<h3 class=\"wp-block-heading\">Formulario de contacto<\/h3>\n\n<p>Si nos env\u00eda consultas a trav\u00e9s del formulario de contacto, sus datos del formulario de consulta, incluidos los datos de contacto que nos facilite all\u00ed, ser\u00e1n almacenados por nosotros con el fin de procesar la consulta y en caso de preguntas de seguimiento. No transmitimos estos datos sin su consentimiento.<\/p>\n\n<p>Por lo tanto, los datos introducidos en el formulario de contacto se procesan exclusivamente sobre la base de su consentimiento (Art. 6 p\u00e1rrafo 1 lit. a GDPR). Puede revocar este consentimiento en cualquier momento. S\u00f3lo tiene que enviarnos un correo electr\u00f3nico informal. La legalidad de las operaciones de tratamiento de datos realizadas hasta la revocaci\u00f3n no se ver\u00e1 afectada por \u00e9sta.<\/p>\n\n<p>Conservaremos los datos que nos facilite en el formulario de contacto hasta que solicite su supresi\u00f3n, revoque su consentimiento para su almacenamiento o deje de existir la finalidad para la que fueron almacenados (por ejemplo, tras satisfacer su solicitud). Las disposiciones legales obligatorias -en particular los periodos de conservaci\u00f3n- no se ven afectadas.<\/p>\n\n<h3 class=\"wp-block-heading\">Tratamiento de datos (datos de clientes y contratos)<\/h3>\n\n<p>Recogemos, procesamos y utilizamos datos personales s\u00f3lo en la medida necesaria para el establecimiento, contenido o modificaci\u00f3n de la relaci\u00f3n contractual (datos de inventario). Esto se hace sobre la base del Art. 6 para. 1 lit. b GDPR, que permite el tratamiento de datos para el cumplimiento de un contrato o de medidas precontractuales. Recopilamos, procesamos y utilizamos datos personales sobre el uso de nuestro sitio web (datos de uso) s\u00f3lo en la medida en que sea necesario para que el usuario pueda utilizar el servicio o para facturarle.<\/p>\n\n<p>Los datos del cliente recopilados se eliminar\u00e1n una vez finalizado el pedido o la relaci\u00f3n comercial, a menos que se solicite su almacenamiento para futuras reservas. Los plazos legales de conservaci\u00f3n no se ver\u00e1n afectados.<\/p>\n\n<h3 class=\"wp-block-heading\">Transmisi\u00f3n de datos al celebrar un contrato de servicios y contenidos digitales<\/h3>\n\n<p>S\u00f3lo transferimos datos personales a terceros si es necesario en el contexto de la tramitaci\u00f3n de un contrato, por ejemplo a la entidad de cr\u00e9dito encargada de tramitar los pagos.<\/p>\n\n<p>La transmisi\u00f3n ulterior de los datos no tendr\u00e1 lugar o s\u00f3lo tendr\u00e1 lugar si usted ha dado su consentimiento expreso a la transmisi\u00f3n. Sus datos no se transmitir\u00e1n a terceros sin su consentimiento expreso, por ejemplo con fines publicitarios.<\/p>\n\n<p>La base para el tratamiento de datos es el Art. 6 para. 1 lit. b GDPR, que permite el tratamiento de datos para el cumplimiento de un contrato o de medidas precontractuales.<\/p>\n\n<h3 class=\"wp-block-heading\">Datos del bolet\u00edn<\/h3>\n\n<p>Si desea recibir el bolet\u00edn ofrecido en nuestro formulario de reserva, necesitamos su declaraci\u00f3n de que acepta recibir el bolet\u00edn marcando la casilla correspondiente. Otros datos no se recogen o s\u00f3lo se recogen de forma voluntaria. Utilizamos estos datos exclusivamente para enviar la informaci\u00f3n solicitada y no los transmitimos a terceros.<\/p>\n\n<p>El tratamiento se realiza exclusivamente sobre la base de su consentimiento (Art. 6 p\u00e1rrafo 1 lit. a GDPR). Puede revocar en cualquier momento por correo electr\u00f3nico su consentimiento para el almacenamiento de los datos, la direcci\u00f3n de correo electr\u00f3nico y su utilizaci\u00f3n para el env\u00edo del bolet\u00edn. La legalidad de las operaciones de tratamiento de datos ya realizadas no se ver\u00e1 afectada por la cancelaci\u00f3n.<\/p>\n\n<p>Los datos que nos proporcione con el fin de suscribirse al bolet\u00edn ser\u00e1n almacenados por nosotros hasta que se d\u00e9 de baja del bolet\u00edn y eliminados despu\u00e9s de darse de baja del bolet\u00edn. Los datos almacenados por nosotros a petici\u00f3n expresa suya para futuras reservas no se ver\u00e1n afectados por ello.<\/p>\n\n<h3 class=\"wp-block-heading\">Google Maps<\/h3>\n\n<p>Este sitio utiliza el servicio de mapas de Google Maps a trav\u00e9s de una API. El proveedor es Google Inc, 1600 Amphitheatre Parkway, Mountain View, CA 94043, USA.<\/p>\n\n<p>Para utilizar las funciones de Google Maps, es necesario guardar su direcci\u00f3n IP. Por lo general, esta informaci\u00f3n se transfiere a un servidor de Google en los EE.UU. y se almacena all\u00ed. El proveedor de este sitio no tiene ninguna influencia en esta transmisi\u00f3n de datos.<\/p>\n\n<p>El uso de Google Maps se realiza en inter\u00e9s de una presentaci\u00f3n atractiva de nuestras ofertas en l\u00ednea y para facilitar la localizaci\u00f3n de los lugares que hemos indicado en el sitio web. Esto constituye un inter\u00e9s leg\u00edtimo en el sentido del Art. 6 para. 1 lit. f GDPR.<\/p>\n\n<p>Encontrar\u00e1 m\u00e1s informaci\u00f3n sobre el tratamiento de los datos de los usuarios en la pol\u00edtica de privacidad de Google: <a href=\"https:\/\/www.google.de\/intl\/de\/policies\/privacy\/\" target=\"_blank\" rel=\"noreferrer noopener\">https:\/\/www.google.de\/intl\/de\/policies\/privacy\/.<\/a><\/p>\n\n<h3 class=\"wp-block-heading\">PayPal<\/h3>\n\n<p>Ofrecemos el pago a trav\u00e9s de PayPal en nuestro sitio web.<\/p>\n\n<p>El proveedor de este servicio de pago es PayPal (Europe) S.\u00e0.r.l. et Cie, S.C.A., 22-24 Boulevard Royal, L-2449 Luxemburgo (en lo sucesivo, \u00abPayPal\u00bb).<\/p>\n\n<p>Si selecciona el pago a trav\u00e9s de PayPal, los datos de pago que introduzca se transmitir\u00e1n a PayPal.<\/p>\n\n<p>La transmisi\u00f3n de sus datos a PayPal se realiza sobre la base del Art. 6 para. 1 lit. a GDPR (consentimiento) y Art. 6 para. 1 lit. b GDPR (tratamiento para el cumplimiento de un contrato). Tiene la opci\u00f3n de revocar su consentimiento al tratamiento de datos en cualquier momento. Una cancelaci\u00f3n no afecta a la eficacia de las operaciones de tratamiento de datos que tuvieron lugar en el pasado.<\/p>\n\n<p><strong>Para m\u00e1s preguntas e informaci\u00f3n, no dude en ponerse en contacto con nosotros por tel\u00e9fono o correo electr\u00f3nico. Encontrar\u00e1 nuestros datos de contacto en \u00abContacto\u00bb o en nuestro \u00abPie de imprenta\u00bb.  <\/strong><\/p>\n","protected":false},"excerpt":{"rendered":"<p>Nota general La siguiente informaci\u00f3n ofrece una visi\u00f3n general de lo que ocurre con sus datos personales cuando visita nuestro sitio web. Los datos personales son todos aquellos con los que se le puede identificar personalmente. Esta pol\u00edtica de privacidad explica qu\u00e9 datos recogemos y para qu\u00e9 los utilizamos. Tambi\u00e9n explica c\u00f3mo y para qu\u00e9 [&hellip;]<\/p>\n","protected":false},"author":1,"featured_media":0,"parent":0,"menu_order":0,"comment_status":"closed","ping_status":"closed","template":"","meta":{"footnotes":""},"class_list":["post-634","page","type-page","status-publish","hentry"],"yoast_head":"<!-- This site is optimized with the Yoast SEO plugin v27.5 - https:\/\/yoast.com\/product\/yoast-seo-wordpress\/ -->\n<title>Pol\u00edtica de privacidad | Auto-Aufsicht<\/title>\n<meta name=\"robots\" content=\"index, follow, max-snippet:-1, max-image-preview:large, max-video-preview:-1\" \/>\n<link rel=\"canonical\" href=\"https:\/\/auto-aufsicht.de\/es\/politica-de-privacidad\/\" \/>\n<meta property=\"og:locale\" content=\"es_ES\" \/>\n<meta property=\"og:type\" content=\"article\" \/>\n<meta property=\"og:title\" content=\"Pol\u00edtica de privacidad | Auto-Aufsicht\" \/>\n<meta property=\"og:description\" content=\"Nota general La siguiente informaci\u00f3n ofrece una visi\u00f3n general de lo que ocurre con sus datos personales cuando visita nuestro sitio web. Los datos personales son todos aquellos con los que se le puede identificar personalmente. Esta pol\u00edtica de privacidad explica qu\u00e9 datos recogemos y para qu\u00e9 los utilizamos. Tambi\u00e9n explica c\u00f3mo y para qu\u00e9 [&hellip;]\" \/>\n<meta property=\"og:url\" content=\"https:\/\/auto-aufsicht.de\/es\/politica-de-privacidad\/\" \/>\n<meta property=\"og:site_name\" content=\"Auto-Aufsicht\" \/>\n<meta property=\"article:publisher\" content=\"https:\/\/www.facebook.com\/autoaufsicht\" \/>\n<meta property=\"article:modified_time\" content=\"2024-02-23T17:06:57+00:00\" \/>\n<meta property=\"og:image\" content=\"https:\/\/auto-aufsicht.de\/wp-content\/uploads\/2024\/03\/auto-aufsicht-opengraph.jpg\" \/>\n\t<meta property=\"og:image:width\" content=\"1200\" \/>\n\t<meta property=\"og:image:height\" content=\"675\" \/>\n\t<meta property=\"og:image:type\" content=\"image\/jpeg\" \/>\n<meta name=\"twitter:card\" content=\"summary_large_image\" \/>\n<meta name=\"twitter:label1\" content=\"Tiempo de lectura\" \/>\n\t<meta name=\"twitter:data1\" content=\"8 minutos\" \/>\n<script type=\"application\/ld+json\" class=\"yoast-schema-graph\">{\"@context\":\"https:\\\/\\\/schema.org\",\"@graph\":[{\"@type\":\"WebPage\",\"@id\":\"https:\\\/\\\/auto-aufsicht.de\\\/es\\\/politica-de-privacidad\\\/\",\"url\":\"https:\\\/\\\/auto-aufsicht.de\\\/es\\\/politica-de-privacidad\\\/\",\"name\":\"Pol\u00edtica de privacidad | Auto-Aufsicht\",\"isPartOf\":{\"@id\":\"https:\\\/\\\/auto-aufsicht.de\\\/es\\\/#website\"},\"datePublished\":\"2024-02-22T14:08:12+00:00\",\"dateModified\":\"2024-02-23T17:06:57+00:00\",\"breadcrumb\":{\"@id\":\"https:\\\/\\\/auto-aufsicht.de\\\/es\\\/politica-de-privacidad\\\/#breadcrumb\"},\"inLanguage\":\"es\",\"potentialAction\":[{\"@type\":\"ReadAction\",\"target\":[\"https:\\\/\\\/auto-aufsicht.de\\\/es\\\/politica-de-privacidad\\\/\"]}]},{\"@type\":\"BreadcrumbList\",\"@id\":\"https:\\\/\\\/auto-aufsicht.de\\\/es\\\/politica-de-privacidad\\\/#breadcrumb\",\"itemListElement\":[{\"@type\":\"ListItem\",\"position\":1,\"name\":\"Startseite\",\"item\":\"https:\\\/\\\/auto-aufsicht.de\\\/es\\\/inicio\\\/\"},{\"@type\":\"ListItem\",\"position\":2,\"name\":\"Pol\u00edtica de privacidad\"}]},{\"@type\":\"WebSite\",\"@id\":\"https:\\\/\\\/auto-aufsicht.de\\\/es\\\/#website\",\"url\":\"https:\\\/\\\/auto-aufsicht.de\\\/es\\\/\",\"name\":\"Auto-Aufsicht\",\"description\":\"Parken am Flughafen Frankfurt am Main\",\"publisher\":{\"@id\":\"https:\\\/\\\/auto-aufsicht.de\\\/es\\\/#organization\"},\"potentialAction\":[{\"@type\":\"SearchAction\",\"target\":{\"@type\":\"EntryPoint\",\"urlTemplate\":\"https:\\\/\\\/auto-aufsicht.de\\\/es\\\/?s={search_term_string}\"},\"query-input\":{\"@type\":\"PropertyValueSpecification\",\"valueRequired\":true,\"valueName\":\"search_term_string\"}}],\"inLanguage\":\"es\"},{\"@type\":\"Organization\",\"@id\":\"https:\\\/\\\/auto-aufsicht.de\\\/es\\\/#organization\",\"name\":\"Auto-Aufsicht\",\"url\":\"https:\\\/\\\/auto-aufsicht.de\\\/es\\\/\",\"logo\":{\"@type\":\"ImageObject\",\"inLanguage\":\"es\",\"@id\":\"https:\\\/\\\/auto-aufsicht.de\\\/es\\\/#\\\/schema\\\/logo\\\/image\\\/\",\"url\":\"https:\\\/\\\/auto-aufsicht.de\\\/wp-content\\\/uploads\\\/2023\\\/06\\\/Auto-Aufsicht-Logo.svg\",\"contentUrl\":\"https:\\\/\\\/auto-aufsicht.de\\\/wp-content\\\/uploads\\\/2023\\\/06\\\/Auto-Aufsicht-Logo.svg\",\"width\":67,\"height\":33,\"caption\":\"Auto-Aufsicht\"},\"image\":{\"@id\":\"https:\\\/\\\/auto-aufsicht.de\\\/es\\\/#\\\/schema\\\/logo\\\/image\\\/\"},\"sameAs\":[\"https:\\\/\\\/www.facebook.com\\\/autoaufsicht\"]}]}<\/script>\n<!-- \/ Yoast SEO plugin. -->","yoast_head_json":{"title":"Pol\u00edtica de privacidad | Auto-Aufsicht","robots":{"index":"index","follow":"follow","max-snippet":"max-snippet:-1","max-image-preview":"max-image-preview:large","max-video-preview":"max-video-preview:-1"},"canonical":"https:\/\/auto-aufsicht.de\/es\/politica-de-privacidad\/","og_locale":"es_ES","og_type":"article","og_title":"Pol\u00edtica de privacidad | Auto-Aufsicht","og_description":"Nota general La siguiente informaci\u00f3n ofrece una visi\u00f3n general de lo que ocurre con sus datos personales cuando visita nuestro sitio web. Los datos personales son todos aquellos con los que se le puede identificar personalmente. Esta pol\u00edtica de privacidad explica qu\u00e9 datos recogemos y para qu\u00e9 los utilizamos. Tambi\u00e9n explica c\u00f3mo y para qu\u00e9 [&hellip;]","og_url":"https:\/\/auto-aufsicht.de\/es\/politica-de-privacidad\/","og_site_name":"Auto-Aufsicht","article_publisher":"https:\/\/www.facebook.com\/autoaufsicht","article_modified_time":"2024-02-23T17:06:57+00:00","og_image":[{"width":1200,"height":675,"url":"https:\/\/auto-aufsicht.de\/wp-content\/uploads\/2024\/03\/auto-aufsicht-opengraph.jpg","type":"image\/jpeg"}],"twitter_card":"summary_large_image","twitter_misc":{"Tiempo de lectura":"8 minutos"},"schema":{"@context":"https:\/\/schema.org","@graph":[{"@type":"WebPage","@id":"https:\/\/auto-aufsicht.de\/es\/politica-de-privacidad\/","url":"https:\/\/auto-aufsicht.de\/es\/politica-de-privacidad\/","name":"Pol\u00edtica de privacidad | Auto-Aufsicht","isPartOf":{"@id":"https:\/\/auto-aufsicht.de\/es\/#website"},"datePublished":"2024-02-22T14:08:12+00:00","dateModified":"2024-02-23T17:06:57+00:00","breadcrumb":{"@id":"https:\/\/auto-aufsicht.de\/es\/politica-de-privacidad\/#breadcrumb"},"inLanguage":"es","potentialAction":[{"@type":"ReadAction","target":["https:\/\/auto-aufsicht.de\/es\/politica-de-privacidad\/"]}]},{"@type":"BreadcrumbList","@id":"https:\/\/auto-aufsicht.de\/es\/politica-de-privacidad\/#breadcrumb","itemListElement":[{"@type":"ListItem","position":1,"name":"Startseite","item":"https:\/\/auto-aufsicht.de\/es\/inicio\/"},{"@type":"ListItem","position":2,"name":"Pol\u00edtica de privacidad"}]},{"@type":"WebSite","@id":"https:\/\/auto-aufsicht.de\/es\/#website","url":"https:\/\/auto-aufsicht.de\/es\/","name":"Auto-Aufsicht","description":"Parken am Flughafen Frankfurt am Main","publisher":{"@id":"https:\/\/auto-aufsicht.de\/es\/#organization"},"potentialAction":[{"@type":"SearchAction","target":{"@type":"EntryPoint","urlTemplate":"https:\/\/auto-aufsicht.de\/es\/?s={search_term_string}"},"query-input":{"@type":"PropertyValueSpecification","valueRequired":true,"valueName":"search_term_string"}}],"inLanguage":"es"},{"@type":"Organization","@id":"https:\/\/auto-aufsicht.de\/es\/#organization","name":"Auto-Aufsicht","url":"https:\/\/auto-aufsicht.de\/es\/","logo":{"@type":"ImageObject","inLanguage":"es","@id":"https:\/\/auto-aufsicht.de\/es\/#\/schema\/logo\/image\/","url":"https:\/\/auto-aufsicht.de\/wp-content\/uploads\/2023\/06\/Auto-Aufsicht-Logo.svg","contentUrl":"https:\/\/auto-aufsicht.de\/wp-content\/uploads\/2023\/06\/Auto-Aufsicht-Logo.svg","width":67,"height":33,"caption":"Auto-Aufsicht"},"image":{"@id":"https:\/\/auto-aufsicht.de\/es\/#\/schema\/logo\/image\/"},"sameAs":["https:\/\/www.facebook.com\/autoaufsicht"]}]}},"_links":{"self":[{"href":"https:\/\/auto-aufsicht.de\/es\/wp-json\/wp\/v2\/pages\/634","targetHints":{"allow":["GET"]}}],"collection":[{"href":"https:\/\/auto-aufsicht.de\/es\/wp-json\/wp\/v2\/pages"}],"about":[{"href":"https:\/\/auto-aufsicht.de\/es\/wp-json\/wp\/v2\/types\/page"}],"author":[{"embeddable":true,"href":"https:\/\/auto-aufsicht.de\/es\/wp-json\/wp\/v2\/users\/1"}],"replies":[{"embeddable":true,"href":"https:\/\/auto-aufsicht.de\/es\/wp-json\/wp\/v2\/comments?post=634"}],"version-history":[{"count":1,"href":"https:\/\/auto-aufsicht.de\/es\/wp-json\/wp\/v2\/pages\/634\/revisions"}],"predecessor-version":[{"id":644,"href":"https:\/\/auto-aufsicht.de\/es\/wp-json\/wp\/v2\/pages\/634\/revisions\/644"}],"wp:attachment":[{"href":"https:\/\/auto-aufsicht.de\/es\/wp-json\/wp\/v2\/media?parent=634"}],"curies":[{"name":"wp","href":"https:\/\/api.w.org\/{rel}","templated":true}]}}