{"id":579,"date":"2024-02-22T11:21:21","date_gmt":"2024-02-22T10:21:21","guid":{"rendered":"https:\/\/auto-aufsicht.de\/preguntas-y-respuestas\/"},"modified":"2026-04-07T10:08:37","modified_gmt":"2026-04-07T08:08:37","slug":"faqs","status":"publish","type":"page","link":"https:\/\/auto-aufsicht.de\/es\/faqs\/","title":{"rendered":"Preguntas y respuestas"},"content":{"rendered":"\t\t<div data-elementor-type=\"wp-page\" data-elementor-id=\"579\" class=\"elementor elementor-579 elementor-140\" data-elementor-post-type=\"page\">\n\t\t\t\t<div class=\"elementor-element elementor-element-b9d3834 e-con-full e-flex e-con e-parent\" data-id=\"b9d3834\" data-element_type=\"container\" data-e-type=\"container\">\n\t\t\t\t<div class=\"elementor-element elementor-element-59dd58e elementor-widget elementor-widget-template\" data-id=\"59dd58e\" data-element_type=\"widget\" data-e-type=\"widget\" data-widget_type=\"template.default\">\n\t\t\t\t<div class=\"elementor-widget-container\">\n\t\t\t\t\t\t\t<div class=\"elementor-template\">\n\t\t\t\t\t<div data-elementor-type=\"container\" data-elementor-id=\"683\" class=\"elementor elementor-683 elementor-156 elementor-156\" data-elementor-post-type=\"elementor_library\">\n\t\t\t\t<div class=\"elementor-element elementor-element-60a57f16 e-flex e-con-boxed e-con e-parent\" data-id=\"60a57f16\" data-element_type=\"container\" data-e-type=\"container\" data-settings=\"{&quot;background_background&quot;:&quot;classic&quot;}\">\n\t\t\t\t\t<div class=\"e-con-inner\">\n\t\t\t\t<div class=\"elementor-element elementor-element-02d8432 elementor-widget elementor-widget-heading\" data-id=\"02d8432\" data-element_type=\"widget\" data-e-type=\"widget\" data-widget_type=\"heading.default\">\n\t\t\t\t<div class=\"elementor-widget-container\">\n\t\t\t\t\t<span class=\"elementor-heading-title elementor-size-default\"><a href=\"https:\/\/auto-aufsicht.de\/es\/\">Auto-Aufsicht<\/a><\/span>\t\t\t\t<\/div>\n\t\t\t\t<\/div>\n\t\t\t\t\t<\/div>\n\t\t\t\t<\/div>\n\t\t\t\t<\/div>\n\t\t\t\t<\/div>\n\t\t\t\t\t\t<\/div>\n\t\t\t\t<\/div>\n\t\t\t\t<\/div>\n\t\t<div class=\"elementor-element elementor-element-072ff64 e-flex e-con-boxed e-con e-parent\" data-id=\"072ff64\" data-element_type=\"container\" data-e-type=\"container\" data-settings=\"{&quot;background_background&quot;:&quot;classic&quot;}\">\n\t\t\t\t\t<div class=\"e-con-inner\">\n\t\t\t\t<div class=\"elementor-element elementor-element-6b66c47 elementor-widget elementor-widget-heading\" data-id=\"6b66c47\" data-element_type=\"widget\" data-e-type=\"widget\" data-widget_type=\"heading.default\">\n\t\t\t\t<div class=\"elementor-widget-container\">\n\t\t\t\t\t<h2 class=\"elementor-heading-title elementor-size-default\">Reservas y cambios<\/h2>\t\t\t\t<\/div>\n\t\t\t\t<\/div>\n\t\t\t\t<div class=\"elementor-element elementor-element-53ad7ed elementor-widget elementor-widget-heading\" data-id=\"53ad7ed\" data-element_type=\"widget\" data-e-type=\"widget\" data-widget_type=\"heading.default\">\n\t\t\t\t<div class=\"elementor-widget-container\">\n\t\t\t\t\t<h2 class=\"elementor-heading-title elementor-size-default\">Llegada y salida<\/h2>\t\t\t\t<\/div>\n\t\t\t\t<\/div>\n\t\t\t\t<div class=\"elementor-element elementor-element-191fcc4 elementor-widget elementor-widget-heading\" data-id=\"191fcc4\" data-element_type=\"widget\" data-e-type=\"widget\" data-widget_type=\"heading.default\">\n\t\t\t\t<div class=\"elementor-widget-container\">\n\t\t\t\t\t<h2 class=\"elementor-heading-title elementor-size-default\">Aparcamiento y seguridad<\/h2>\t\t\t\t<\/div>\n\t\t\t\t<\/div>\n\t\t\t\t<div class=\"elementor-element elementor-element-07a14cd elementor-widget elementor-widget-toggle\" data-id=\"07a14cd\" data-element_type=\"widget\" data-e-type=\"widget\" data-widget_type=\"toggle.default\">\n\t\t\t\t<div class=\"elementor-widget-container\">\n\t\t\t\t\t\t\t<div class=\"elementor-toggle\">\n\t\t\t\t\t\t\t<div class=\"elementor-toggle-item\">\n\t\t\t\t\t<div id=\"elementor-tab-title-8001\" class=\"elementor-tab-title\" data-tab=\"1\" role=\"button\" aria-controls=\"elementor-tab-content-8001\" aria-expanded=\"false\">\n\t\t\t\t\t\t\t\t\t\t\t\t<span class=\"elementor-toggle-icon elementor-toggle-icon-left\" aria-hidden=\"true\">\n\t\t\t\t\t\t\t\t\t\t\t\t\t\t\t<span class=\"elementor-toggle-icon-closed\"><i class=\"fas fa-caret-right\"><\/i><\/span>\n\t\t\t\t\t\t\t\t<span class=\"elementor-toggle-icon-opened\"><i class=\"elementor-toggle-icon-opened fas fa-caret-up\"><\/i><\/span>\n\t\t\t\t\t\t\t\t\t\t\t\t\t<\/span>\n\t\t\t\t\t\t\t\t\t\t\t\t<a class=\"elementor-toggle-title\" tabindex=\"0\">\u00bfTendr\u00e9 que pagar costes adicionales en el sitio?<\/a>\n\t\t\t\t\t<\/div>\n\n\t\t\t\t\t<div id=\"elementor-tab-content-8001\" class=\"elementor-tab-content elementor-clearfix\" data-tab=\"1\" role=\"region\" aria-labelledby=\"elementor-tab-title-8001\"><p>No, en principio no tendr\u00e1 que asumir ning\u00fan coste adicional. El precio calculado consta de: Tarifa de aparcamiento incl. traslado gratuito para clientes que aparquen hasta 4 personas (un viaje de ida y vuelta cada uno) o servicio de aparcacoches al aeropuerto de Fr\u00e1ncfort del Meno (un traslado al aparcamiento y otro al aeropuerto de Fr\u00e1ncfort), as\u00ed como el 19% de IVA.<\/p>\n<p>Tenga en cuenta que <b>los horarios reservados son vinculantes<\/b>, ya que nuestra planificaci\u00f3n y asignaci\u00f3n de personal se basa en esta informaci\u00f3n horaria. En caso de retraso de m\u00e1s de 40 minutos a la llegada, le rogamos que comprenda que deber\u00e1 abonar un importe de 25,- \u20ac por el retraso.  <\/p>\n<p>Se pueden aplicar costes por <b>equipaje voluminoso<\/b> no registrado (10,- \u20ac), <b>veh\u00edculos de gran tama\u00f1o<\/b> de m\u00e1s de 5 metros de longitud (el doble del precio del aparcamiento) o por personas adicionales (10,- \u20ac a partir de la <b>5\u00aa persona<\/b> por cada persona adicional).<\/p>\n<p>Tenga en cuenta que abrimos hasta las 00:00 horas. Para una recogida con el servicio de transporte o una entrega de veh\u00edculos (aparcacoches) despu\u00e9s de las 00:00 horas en el aeropuerto de Fr\u00e1ncfort, cobramos 20,- \u20ac de <b>tarifa nocturna<\/b> por cada hora iniciada.<\/p>\n<\/div>\n\t\t\t\t<\/div>\n\t\t\t\t\t\t\t<div class=\"elementor-toggle-item\">\n\t\t\t\t\t<div id=\"elementor-tab-title-8002\" class=\"elementor-tab-title\" data-tab=\"2\" role=\"button\" aria-controls=\"elementor-tab-content-8002\" aria-expanded=\"false\">\n\t\t\t\t\t\t\t\t\t\t\t\t<span class=\"elementor-toggle-icon elementor-toggle-icon-left\" aria-hidden=\"true\">\n\t\t\t\t\t\t\t\t\t\t\t\t\t\t\t<span class=\"elementor-toggle-icon-closed\"><i class=\"fas fa-caret-right\"><\/i><\/span>\n\t\t\t\t\t\t\t\t<span class=\"elementor-toggle-icon-opened\"><i class=\"elementor-toggle-icon-opened fas fa-caret-up\"><\/i><\/span>\n\t\t\t\t\t\t\t\t\t\t\t\t\t<\/span>\n\t\t\t\t\t\t\t\t\t\t\t\t<a class=\"elementor-toggle-title\" tabindex=\"0\"> \u00bfPuedo cancelar o cambiar mi reserva?<\/a>\n\t\t\t\t\t<\/div>\n\n\t\t\t\t\t<div id=\"elementor-tab-content-8002\" class=\"elementor-tab-content elementor-clearfix\" data-tab=\"2\" role=\"region\" aria-labelledby=\"elementor-tab-title-8002\"><p>Puede cancelar de forma gratuita hasta 48 horas antes del d\u00eda de llegada (00:00 horas). Si la cancelaci\u00f3n se realiza con menos de 48 horas de antelaci\u00f3n al d\u00eda de llegada, Auto-Aufsicht tiene derecho a exigir el importe total de la factura. <\/p>\n<p>Puedes cambiar la reserva sin coste hasta 48 horas antes de la llegada. Por favor, comun\u00edquenos sus deseos de cambio por correo electr\u00f3nico a <b>info@auto-aufsicht.de<\/b>.<\/p>\n<\/div>\n\t\t\t\t<\/div>\n\t\t\t\t\t\t\t<div class=\"elementor-toggle-item\">\n\t\t\t\t\t<div id=\"elementor-tab-title-8003\" class=\"elementor-tab-title\" data-tab=\"3\" role=\"button\" aria-controls=\"elementor-tab-content-8003\" aria-expanded=\"false\">\n\t\t\t\t\t\t\t\t\t\t\t\t<span class=\"elementor-toggle-icon elementor-toggle-icon-left\" aria-hidden=\"true\">\n\t\t\t\t\t\t\t\t\t\t\t\t\t\t\t<span class=\"elementor-toggle-icon-closed\"><i class=\"fas fa-caret-right\"><\/i><\/span>\n\t\t\t\t\t\t\t\t<span class=\"elementor-toggle-icon-opened\"><i class=\"elementor-toggle-icon-opened fas fa-caret-up\"><\/i><\/span>\n\t\t\t\t\t\t\t\t\t\t\t\t\t<\/span>\n\t\t\t\t\t\t\t\t\t\t\t\t<a class=\"elementor-toggle-title\" tabindex=\"0\"> \u00bfQu\u00e9 debo hacer si cambian los datos de mi vuelo de regreso?<\/a>\n\t\t\t\t\t<\/div>\n\n\t\t\t\t\t<div id=\"elementor-tab-content-8003\" class=\"elementor-tab-content elementor-clearfix\" data-tab=\"3\" role=\"region\" aria-labelledby=\"elementor-tab-title-8003\"><p>Por favor, escriba un correo electr\u00f3nico con los nuevos datos a <b>info@auto-aufsicht.de<\/b>. <\/p>\n<p>Si no se realiza el viaje de vuelta sin informaci\u00f3n previa, le rogamos que comprenda que se deber\u00e1 cobrar una <b>compensaci\u00f3n por gastos<\/b> para las reservas de transporte de 35,- \u20ac y las reservas de aparcacoches de 45,- \u20ac (tasa por no presentarse) al d\u00eda siguiente. El precio ya incluye los costes de un d\u00eda de pr\u00f3rroga. <\/p>\n<\/div>\n\t\t\t\t<\/div>\n\t\t\t\t\t\t\t<div class=\"elementor-toggle-item\">\n\t\t\t\t\t<div id=\"elementor-tab-title-8004\" class=\"elementor-tab-title\" data-tab=\"4\" role=\"button\" aria-controls=\"elementor-tab-content-8004\" aria-expanded=\"false\">\n\t\t\t\t\t\t\t\t\t\t\t\t<span class=\"elementor-toggle-icon elementor-toggle-icon-left\" aria-hidden=\"true\">\n\t\t\t\t\t\t\t\t\t\t\t\t\t\t\t<span class=\"elementor-toggle-icon-closed\"><i class=\"fas fa-caret-right\"><\/i><\/span>\n\t\t\t\t\t\t\t\t<span class=\"elementor-toggle-icon-opened\"><i class=\"elementor-toggle-icon-opened fas fa-caret-up\"><\/i><\/span>\n\t\t\t\t\t\t\t\t\t\t\t\t\t<\/span>\n\t\t\t\t\t\t\t\t\t\t\t\t<a class=\"elementor-toggle-title\" tabindex=\"0\"> \u00bfPuedo prolongar mi duraci\u00f3n de aparcamiento espont\u00e1neamente?<\/a>\n\t\t\t\t\t<\/div>\n\n\t\t\t\t\t<div id=\"elementor-tab-content-8004\" class=\"elementor-tab-content elementor-clearfix\" data-tab=\"4\" role=\"region\" aria-labelledby=\"elementor-tab-title-8004\"><p>S\u00ed. Por favor, inf\u00f3rmenos a tiempo por correo electr\u00f3nico. Ind\u00edquenos cu\u00e1ndo y a qu\u00e9 hora aterriza en el aeropuerto de Fr\u00e1ncfort, as\u00ed como su nuevo n\u00famero de vuelo de vuelta.  <\/p>\n<p>Una pr\u00f3rroga cuesta una tarifa plana de 10,- \u20ac por d\u00eda.<\/p>\n<p><strong>Atenci\u00f3n:<\/strong> En caso de notificaci\u00f3n tard\u00eda (despu\u00e9s de la fecha de su viaje de vuelta), se cobrar\u00e1 una compensaci\u00f3n por gastos.<\/p>\n<\/div>\n\t\t\t\t<\/div>\n\t\t\t\t\t\t\t<div class=\"elementor-toggle-item\">\n\t\t\t\t\t<div id=\"elementor-tab-title-8005\" class=\"elementor-tab-title\" data-tab=\"5\" role=\"button\" aria-controls=\"elementor-tab-content-8005\" aria-expanded=\"false\">\n\t\t\t\t\t\t\t\t\t\t\t\t<span class=\"elementor-toggle-icon elementor-toggle-icon-left\" aria-hidden=\"true\">\n\t\t\t\t\t\t\t\t\t\t\t\t\t\t\t<span class=\"elementor-toggle-icon-closed\"><i class=\"fas fa-caret-right\"><\/i><\/span>\n\t\t\t\t\t\t\t\t<span class=\"elementor-toggle-icon-opened\"><i class=\"elementor-toggle-icon-opened fas fa-caret-up\"><\/i><\/span>\n\t\t\t\t\t\t\t\t\t\t\t\t\t<\/span>\n\t\t\t\t\t\t\t\t\t\t\t\t<a class=\"elementor-toggle-title\" tabindex=\"0\">\u00bfC\u00f3mo pago mi tarifa de aparcamiento?<\/a>\n\t\t\t\t\t<\/div>\n\n\t\t\t\t\t<div id=\"elementor-tab-content-8005\" class=\"elementor-tab-content elementor-clearfix\" data-tab=\"5\" role=\"region\" aria-labelledby=\"elementor-tab-title-8005\"><p>Tiene la posibilidad de pagar con <strong>PayPal<\/strong>, <strong>transferencia bancaria<\/strong>, <strong>en efectivo<\/strong> <strong>a la llegada o en l\u00ednea con tarjeta EC o de cr\u00e9dito<\/strong>.<\/p>\n<p>En caso de pago en efectivo, puede pagar sus tarifas de aparcamiento directamente a nuestro empleado el d\u00eda de llegada.<\/p>\n<\/div>\n\t\t\t\t<\/div>\n\t\t\t\t\t\t\t\t\t\t<script type=\"application\/ld+json\">{\"@context\":\"https:\\\/\\\/schema.org\",\"@type\":\"FAQPage\",\"mainEntity\":[{\"@type\":\"Question\",\"name\":\"\\u00bfTendr\\u00e9 que pagar costes adicionales en el sitio?\",\"acceptedAnswer\":{\"@type\":\"Answer\",\"text\":\"<p>No, en principio no tendr\\u00e1 que asumir ning\\u00fan coste adicional. El precio calculado consta de: Tarifa de aparcamiento incl. traslado gratuito para clientes que aparquen hasta 4 personas (un viaje de ida y vuelta cada uno) o servicio de aparcacoches al aeropuerto de Fr\\u00e1ncfort del Meno (un traslado al aparcamiento y otro al aeropuerto de Fr\\u00e1ncfort), as\\u00ed como el 19% de IVA.<\\\/p>\\n<p>Tenga en cuenta que <b>los horarios reservados son vinculantes<\\\/b>, ya que nuestra planificaci\\u00f3n y asignaci\\u00f3n de personal se basa en esta informaci\\u00f3n horaria. En caso de retraso de m\\u00e1s de 40 minutos a la llegada, le rogamos que comprenda que deber\\u00e1 abonar un importe de 25,- \\u20ac por el retraso.  <\\\/p>\\n<p>Se pueden aplicar costes por <b>equipaje voluminoso<\\\/b> no registrado (10,- \\u20ac), <b>veh\\u00edculos de gran tama\\u00f1o<\\\/b> de m\\u00e1s de 5 metros de longitud (el doble del precio del aparcamiento) o por personas adicionales (10,- \\u20ac a partir de la <b>5\\u00aa persona<\\\/b> por cada persona adicional).<\\\/p>\\n<p>Tenga en cuenta que abrimos hasta las 00:00 horas. Para una recogida con el servicio de transporte o una entrega de veh\\u00edculos (aparcacoches) despu\\u00e9s de las 00:00 horas en el aeropuerto de Fr\\u00e1ncfort, cobramos 20,- \\u20ac de <b>tarifa nocturna<\\\/b> por cada hora iniciada.<\\\/p>\\n\"}},{\"@type\":\"Question\",\"name\":\"\\u00bfPuedo cancelar o cambiar mi reserva?\",\"acceptedAnswer\":{\"@type\":\"Answer\",\"text\":\"<p>Puede cancelar de forma gratuita hasta 48 horas antes del d\\u00eda de llegada (00:00 horas). Si la cancelaci\\u00f3n se realiza con menos de 48 horas de antelaci\\u00f3n al d\\u00eda de llegada, Auto-Aufsicht tiene derecho a exigir el importe total de la factura. <\\\/p>\\n<p>Puedes cambiar la reserva sin coste hasta 48 horas antes de la llegada. Por favor, comun\\u00edquenos sus deseos de cambio por correo electr\\u00f3nico a <b>info@auto-aufsicht.de<\\\/b>.<\\\/p>\\n\"}},{\"@type\":\"Question\",\"name\":\"\\u00bfQu\\u00e9 debo hacer si cambian los datos de mi vuelo de regreso?\",\"acceptedAnswer\":{\"@type\":\"Answer\",\"text\":\"<p>Por favor, escriba un correo electr\\u00f3nico con los nuevos datos a <b>info@auto-aufsicht.de<\\\/b>. <\\\/p>\\n<p>Si no se realiza el viaje de vuelta sin informaci\\u00f3n previa, le rogamos que comprenda que se deber\\u00e1 cobrar una <b>compensaci\\u00f3n por gastos<\\\/b> para las reservas de transporte de 35,- \\u20ac y las reservas de aparcacoches de 45,- \\u20ac (tasa por no presentarse) al d\\u00eda siguiente. El precio ya incluye los costes de un d\\u00eda de pr\\u00f3rroga. <\\\/p>\\n\"}},{\"@type\":\"Question\",\"name\":\"\\u00bfPuedo prolongar mi duraci\\u00f3n de aparcamiento espont\\u00e1neamente?\",\"acceptedAnswer\":{\"@type\":\"Answer\",\"text\":\"<p>S\\u00ed. Por favor, inf\\u00f3rmenos a tiempo por correo electr\\u00f3nico. Ind\\u00edquenos cu\\u00e1ndo y a qu\\u00e9 hora aterriza en el aeropuerto de Fr\\u00e1ncfort, as\\u00ed como su nuevo n\\u00famero de vuelo de vuelta.  <\\\/p>\\n<p>Una pr\\u00f3rroga cuesta una tarifa plana de 10,- \\u20ac por d\\u00eda.<\\\/p>\\n<p><strong>Atenci\\u00f3n:<\\\/strong> En caso de notificaci\\u00f3n tard\\u00eda (despu\\u00e9s de la fecha de su viaje de vuelta), se cobrar\\u00e1 una compensaci\\u00f3n por gastos.<\\\/p>\\n\"}},{\"@type\":\"Question\",\"name\":\"\\u00bfC\\u00f3mo pago mi tarifa de aparcamiento?\",\"acceptedAnswer\":{\"@type\":\"Answer\",\"text\":\"<p>Tiene la posibilidad de pagar con <strong>PayPal<\\\/strong>, <strong>transferencia bancaria<\\\/strong>, <strong>en efectivo<\\\/strong> <strong>a la llegada o en l\\u00ednea con tarjeta EC o de cr\\u00e9dito<\\\/strong>.<\\\/p>\\n<p>En caso de pago en efectivo, puede pagar sus tarifas de aparcamiento directamente a nuestro empleado el d\\u00eda de llegada.<\\\/p>\\n\"}}]}<\/script>\n\t\t\t\t\t<\/div>\n\t\t\t\t\t\t<\/div>\n\t\t\t\t<\/div>\n\t\t\t\t<div class=\"elementor-element elementor-element-900fda2 elementor-widget elementor-widget-toggle\" data-id=\"900fda2\" data-element_type=\"widget\" data-e-type=\"widget\" data-widget_type=\"toggle.default\">\n\t\t\t\t<div class=\"elementor-widget-container\">\n\t\t\t\t\t\t\t<div class=\"elementor-toggle\">\n\t\t\t\t\t\t\t<div class=\"elementor-toggle-item\">\n\t\t\t\t\t<div id=\"elementor-tab-title-1511\" class=\"elementor-tab-title\" data-tab=\"1\" role=\"button\" aria-controls=\"elementor-tab-content-1511\" aria-expanded=\"false\">\n\t\t\t\t\t\t\t\t\t\t\t\t<span class=\"elementor-toggle-icon elementor-toggle-icon-left\" aria-hidden=\"true\">\n\t\t\t\t\t\t\t\t\t\t\t\t\t\t\t<span class=\"elementor-toggle-icon-closed\"><i class=\"fas fa-caret-right\"><\/i><\/span>\n\t\t\t\t\t\t\t\t<span class=\"elementor-toggle-icon-opened\"><i class=\"elementor-toggle-icon-opened fas fa-caret-up\"><\/i><\/span>\n\t\t\t\t\t\t\t\t\t\t\t\t\t<\/span>\n\t\t\t\t\t\t\t\t\t\t\t\t<a class=\"elementor-toggle-title\" tabindex=\"0\">  \u00bfC\u00f3mo est\u00e1 asegurado mi veh\u00edculo?<\/a>\n\t\t\t\t\t<\/div>\n\n\t\t\t\t\t<div id=\"elementor-tab-content-1511\" class=\"elementor-tab-content elementor-clearfix\" data-tab=\"1\" role=\"region\" aria-labelledby=\"elementor-tab-title-1511\"><p>En caso de traslado del veh\u00edculo (servicio de aparcacoches), los da\u00f1os a su veh\u00edculo est\u00e1n totalmente cubiertos por nuestro seguro legal de responsabilidad civil (la denominada cobertura a todo riesgo). Los da\u00f1os a veh\u00edculos de terceros (el veh\u00edculo contrario en un accidente) est\u00e1n cubiertos por su propio seguro de responsabilidad civil de autom\u00f3viles en caso de accidente. Esto est\u00e1 previsto por ley, ya que no es posible tener un seguro duplicado.  Quedan excluidas las reclamaciones por da\u00f1os debidos a la rebaja de categor\u00eda por parte de la compa\u00f1\u00eda de seguros. En nuestras instalaciones, los da\u00f1os est\u00e1n asegurados siempre que sean causados por nuestros empleados. Sin embargo, no existe un seguro a todo riesgo que cubra los da\u00f1os que escapan a nuestro control (por ejemplo, fuerza mayor, intervenci\u00f3n de terceros no imputable). En tales casos, se aplicar\u00e1 el seguro a todo riesgo del titular.  <\/p>\n<\/div>\n\t\t\t\t<\/div>\n\t\t\t\t\t\t\t\t\t\t<script type=\"application\/ld+json\">{\"@context\":\"https:\\\/\\\/schema.org\",\"@type\":\"FAQPage\",\"mainEntity\":[{\"@type\":\"Question\",\"name\":\"\\u00bfC\\u00f3mo est\\u00e1 asegurado mi veh\\u00edculo?\",\"acceptedAnswer\":{\"@type\":\"Answer\",\"text\":\"<p>En caso de traslado del veh\\u00edculo (servicio de aparcacoches), los da\\u00f1os a su veh\\u00edculo est\\u00e1n totalmente cubiertos por nuestro seguro legal de responsabilidad civil (la denominada cobertura a todo riesgo). Los da\\u00f1os a veh\\u00edculos de terceros (el veh\\u00edculo contrario en un accidente) est\\u00e1n cubiertos por su propio seguro de responsabilidad civil de autom\\u00f3viles en caso de accidente. Esto est\\u00e1 previsto por ley, ya que no es posible tener un seguro duplicado.  Quedan excluidas las reclamaciones por da\\u00f1os debidos a la rebaja de categor\\u00eda por parte de la compa\\u00f1\\u00eda de seguros. En nuestras instalaciones, los da\\u00f1os est\\u00e1n asegurados siempre que sean causados por nuestros empleados. Sin embargo, no existe un seguro a todo riesgo que cubra los da\\u00f1os que escapan a nuestro control (por ejemplo, fuerza mayor, intervenci\\u00f3n de terceros no imputable). En tales casos, se aplicar\\u00e1 el seguro a todo riesgo del titular.  <\\\/p>\\n\"}}]}<\/script>\n\t\t\t\t\t<\/div>\n\t\t\t\t\t\t<\/div>\n\t\t\t\t<\/div>\n\t\t\t\t<div class=\"elementor-element elementor-element-d91efca elementor-widget elementor-widget-toggle\" data-id=\"d91efca\" data-element_type=\"widget\" data-e-type=\"widget\" data-widget_type=\"toggle.default\">\n\t\t\t\t<div class=\"elementor-widget-container\">\n\t\t\t\t\t\t\t<div class=\"elementor-toggle\">\n\t\t\t\t\t\t\t<div class=\"elementor-toggle-item\">\n\t\t\t\t\t<div id=\"elementor-tab-title-2271\" class=\"elementor-tab-title\" data-tab=\"1\" role=\"button\" aria-controls=\"elementor-tab-content-2271\" aria-expanded=\"false\">\n\t\t\t\t\t\t\t\t\t\t\t\t<span class=\"elementor-toggle-icon elementor-toggle-icon-left\" aria-hidden=\"true\">\n\t\t\t\t\t\t\t\t\t\t\t\t\t\t\t<span class=\"elementor-toggle-icon-closed\"><i class=\"fas fa-caret-right\"><\/i><\/span>\n\t\t\t\t\t\t\t\t<span class=\"elementor-toggle-icon-opened\"><i class=\"elementor-toggle-icon-opened fas fa-caret-up\"><\/i><\/span>\n\t\t\t\t\t\t\t\t\t\t\t\t\t<\/span>\n\t\t\t\t\t\t\t\t\t\t\t\t<a class=\"elementor-toggle-title\" tabindex=\"0\"> \u00bfCu\u00e1ndo y c\u00f3mo me recoger\u00e1n en el aeropuerto de Fr\u00e1ncfort del Meno a mi regreso?<\/a>\n\t\t\t\t\t<\/div>\n\n\t\t\t\t\t<div id=\"elementor-tab-content-2271\" class=\"elementor-tab-content elementor-clearfix\" data-tab=\"1\" role=\"region\" aria-labelledby=\"elementor-tab-title-2271\"><p>Por favor, llama a nuestro conductor al 0049 \/ 152 21 61 47 39 cuando hayas aterrizado en el aeropuerto de Fr\u00e1ncfort y hayas llegado a la zona de recogida de equipaje, antes de recoger tu equipaje. Un empleado nuestro se pondr\u00e1 en camino hacia usted.<\/p>\n<p>Punto de encuentro <strong>Terminal 1<\/strong> = Zona A, puerta n\u00famero 2 (<b>A2<\/b>) en la planta de salidas. La planta de salidas est\u00e1 un piso por encima de la planta de llegadas.<\/p>\n<p>Punto de encuentro <strong>Terminal 2<\/strong> = Zona E, puerta n\u00famero 8 (<strong>E8<\/strong>). En la Terminal 2 solo hay una planta. <\/p>\n<p>Punto de encuentro <b>Terminal 3<\/b> = se coordina por tel\u00e9fono<\/p>\n<\/div>\n\t\t\t\t<\/div>\n\t\t\t\t\t\t\t<div class=\"elementor-toggle-item\">\n\t\t\t\t\t<div id=\"elementor-tab-title-2272\" class=\"elementor-tab-title\" data-tab=\"2\" role=\"button\" aria-controls=\"elementor-tab-content-2272\" aria-expanded=\"false\">\n\t\t\t\t\t\t\t\t\t\t\t\t<span class=\"elementor-toggle-icon elementor-toggle-icon-left\" aria-hidden=\"true\">\n\t\t\t\t\t\t\t\t\t\t\t\t\t\t\t<span class=\"elementor-toggle-icon-closed\"><i class=\"fas fa-caret-right\"><\/i><\/span>\n\t\t\t\t\t\t\t\t<span class=\"elementor-toggle-icon-opened\"><i class=\"elementor-toggle-icon-opened fas fa-caret-up\"><\/i><\/span>\n\t\t\t\t\t\t\t\t\t\t\t\t\t<\/span>\n\t\t\t\t\t\t\t\t\t\t\t\t<a class=\"elementor-toggle-title\" tabindex=\"0\">\u00bfCu\u00e1nto dura el trayecto hasta el aeropuerto de Fr\u00e1ncfort?<\/a>\n\t\t\t\t\t<\/div>\n\n\t\t\t\t\t<div id=\"elementor-tab-content-2272\" class=\"elementor-tab-content elementor-clearfix\" data-tab=\"2\" role=\"region\" aria-labelledby=\"elementor-tab-title-2272\"><p>La duraci\u00f3n del trayecto desde nuestro aparcamiento hasta el aeropuerto de Fr\u00e1ncfort del Meno es de aproximadamente 8 minutos hasta la Terminal 1 y de 10 minutos hasta la Terminal 2 del aeropuerto de Fr\u00e1ncfort.<\/p>\n<\/div>\n\t\t\t\t<\/div>\n\t\t\t\t\t\t\t<div class=\"elementor-toggle-item\">\n\t\t\t\t\t<div id=\"elementor-tab-title-2273\" class=\"elementor-tab-title\" data-tab=\"3\" role=\"button\" aria-controls=\"elementor-tab-content-2273\" aria-expanded=\"false\">\n\t\t\t\t\t\t\t\t\t\t\t\t<span class=\"elementor-toggle-icon elementor-toggle-icon-left\" aria-hidden=\"true\">\n\t\t\t\t\t\t\t\t\t\t\t\t\t\t\t<span class=\"elementor-toggle-icon-closed\"><i class=\"fas fa-caret-right\"><\/i><\/span>\n\t\t\t\t\t\t\t\t<span class=\"elementor-toggle-icon-opened\"><i class=\"elementor-toggle-icon-opened fas fa-caret-up\"><\/i><\/span>\n\t\t\t\t\t\t\t\t\t\t\t\t\t<\/span>\n\t\t\t\t\t\t\t\t\t\t\t\t<a class=\"elementor-toggle-title\" tabindex=\"0\">  \u00bfCu\u00e1ndo debo llegar al aparcamiento?<\/a>\n\t\t\t\t\t<\/div>\n\n\t\t\t\t\t<div id=\"elementor-tab-content-2273\" class=\"elementor-tab-content elementor-clearfix\" data-tab=\"3\" role=\"region\" aria-labelledby=\"elementor-tab-title-2273\"><p>Compruebe cuidadosamente sus documentos de viaje. En estos se indica cu\u00e1ndo debe estar en el aeropuerto de Fr\u00e1ncfort.<\/p>\n<p>No obstante, le recomendamos que llegue a nuestro aparcamiento al <strong>menos 2,5 horas antes de la salida<\/strong> del aeropuerto de Fr\u00e1ncfort del Meno. Para <strong>vuelos de larga distancia<\/strong> (por ejemplo, EE.UU., Asia), recomendamos llegar al aparcamiento <strong>3,5 horas antes de la salida<\/strong>.<\/p>\n<p><strong>En las vacaciones de verano:<\/strong> Aqu\u00ed le recomendamos que llegue al aparcamiento <strong>3 horas<\/strong> antes de la salida debido al gran volumen de pasajeros.<\/p>\n<\/div>\n\t\t\t\t<\/div>\n\t\t\t\t\t\t\t<div class=\"elementor-toggle-item\">\n\t\t\t\t\t<div id=\"elementor-tab-title-2274\" class=\"elementor-tab-title\" data-tab=\"4\" role=\"button\" aria-controls=\"elementor-tab-content-2274\" aria-expanded=\"false\">\n\t\t\t\t\t\t\t\t\t\t\t\t<span class=\"elementor-toggle-icon elementor-toggle-icon-left\" aria-hidden=\"true\">\n\t\t\t\t\t\t\t\t\t\t\t\t\t\t\t<span class=\"elementor-toggle-icon-closed\"><i class=\"fas fa-caret-right\"><\/i><\/span>\n\t\t\t\t\t\t\t\t<span class=\"elementor-toggle-icon-opened\"><i class=\"elementor-toggle-icon-opened fas fa-caret-up\"><\/i><\/span>\n\t\t\t\t\t\t\t\t\t\t\t\t\t<\/span>\n\t\t\t\t\t\t\t\t\t\t\t\t<a class=\"elementor-toggle-title\" tabindex=\"0\">  \u00bfA qu\u00e9 hora sale el autob\u00fas lanzadera?<\/a>\n\t\t\t\t\t<\/div>\n\n\t\t\t\t\t<div id=\"elementor-tab-content-2274\" class=\"elementor-tab-content elementor-clearfix\" data-tab=\"4\" role=\"region\" aria-labelledby=\"elementor-tab-title-2274\"><p>El traslado gratuito para los clientes del aparcamiento funciona desde las 05:00 de la ma\u00f1ana hasta las 00:00*. El servicio de transporte opera individualmente seg\u00fan la cita reservada. Los horarios de llegada indicados son vinculantes. <\/p>\n<p>*En Fr\u00e1ncfort del Meno, la prohibici\u00f3n de vuelos nocturnos se aplica de 23:00 a 05:00. Si aterriza despu\u00e9s de las 23:00 y no le recogen hasta <strong>despu\u00e9s de las 00:00<\/strong>, se cobrar\u00e1 una <strong>tarifa nocturna de 20,- \u20ac<\/strong> por cada hora iniciada.<\/p>\n<\/div>\n\t\t\t\t<\/div>\n\t\t\t\t\t\t\t<div class=\"elementor-toggle-item\">\n\t\t\t\t\t<div id=\"elementor-tab-title-2275\" class=\"elementor-tab-title\" data-tab=\"5\" role=\"button\" aria-controls=\"elementor-tab-content-2275\" aria-expanded=\"false\">\n\t\t\t\t\t\t\t\t\t\t\t\t<span class=\"elementor-toggle-icon elementor-toggle-icon-left\" aria-hidden=\"true\">\n\t\t\t\t\t\t\t\t\t\t\t\t\t\t\t<span class=\"elementor-toggle-icon-closed\"><i class=\"fas fa-caret-right\"><\/i><\/span>\n\t\t\t\t\t\t\t\t<span class=\"elementor-toggle-icon-opened\"><i class=\"elementor-toggle-icon-opened fas fa-caret-up\"><\/i><\/span>\n\t\t\t\t\t\t\t\t\t\t\t\t\t<\/span>\n\t\t\t\t\t\t\t\t\t\t\t\t<a class=\"elementor-toggle-title\" tabindex=\"0\">  Tengo mucho equipaje. \u00bfQu\u00e9 debo hacer?<\/a>\n\t\t\t\t\t<\/div>\n\n\t\t\t\t\t<div id=\"elementor-tab-content-2275\" class=\"elementor-tab-content elementor-clearfix\" data-tab=\"5\" role=\"region\" aria-labelledby=\"elementor-tab-title-2275\"><p>Si lleva equipaje voluminoso, marque esta casilla al hacer la reserva. Si lleva una cantidad de equipaje inusualmente grande, ind\u00edquelo al hacer la reserva.<\/p>\n<\/div>\n\t\t\t\t<\/div>\n\t\t\t\t\t\t\t<div class=\"elementor-toggle-item\">\n\t\t\t\t\t<div id=\"elementor-tab-title-2276\" class=\"elementor-tab-title\" data-tab=\"6\" role=\"button\" aria-controls=\"elementor-tab-content-2276\" aria-expanded=\"false\">\n\t\t\t\t\t\t\t\t\t\t\t\t<span class=\"elementor-toggle-icon elementor-toggle-icon-left\" aria-hidden=\"true\">\n\t\t\t\t\t\t\t\t\t\t\t\t\t\t\t<span class=\"elementor-toggle-icon-closed\"><i class=\"fas fa-caret-right\"><\/i><\/span>\n\t\t\t\t\t\t\t\t<span class=\"elementor-toggle-icon-opened\"><i class=\"elementor-toggle-icon-opened fas fa-caret-up\"><\/i><\/span>\n\t\t\t\t\t\t\t\t\t\t\t\t\t<\/span>\n\t\t\t\t\t\t\t\t\t\t\t\t<a class=\"elementor-toggle-title\" tabindex=\"0\">  \u00bfD\u00f3nde me dejar\u00e1n y me recoger\u00e1n en el aeropuerto?<\/a>\n\t\t\t\t\t<\/div>\n\n\t\t\t\t\t<div id=\"elementor-tab-content-2276\" class=\"elementor-tab-content elementor-clearfix\" data-tab=\"6\" role=\"region\" aria-labelledby=\"elementor-tab-title-2276\"><p>El aeropuerto de Fr\u00e1ncfort del Meno cuenta con <strong>Terminal 1<\/strong>, <strong>Terminal 2 y Terminal 3<\/strong>.<\/p>\n<p><strong>Terminal 1<\/strong>: Zona A puerta n\u00famero 2 en la planta de salidas. <strong>(A2)<\/strong> Ten en cuenta que en el viaje de vuelta debes subir una planta.<\/p>\n<p><strong>Terminal 2<\/strong>: Zona E puerta n\u00famero 8 <strong>(E8).<\/strong> En la Terminal 2 solo hay una planta.<\/p>\n<p><b>Terminal 3:<\/b> La Terminal 3 se ha inaugurado recientemente, el punto de encuentro se coordina por tel\u00e9fono<\/p><\/p>\n<\/div>\n\t\t\t\t<\/div>\n\t\t\t\t\t\t\t<div class=\"elementor-toggle-item\">\n\t\t\t\t\t<div id=\"elementor-tab-title-2277\" class=\"elementor-tab-title\" data-tab=\"7\" role=\"button\" aria-controls=\"elementor-tab-content-2277\" aria-expanded=\"false\">\n\t\t\t\t\t\t\t\t\t\t\t\t<span class=\"elementor-toggle-icon elementor-toggle-icon-left\" aria-hidden=\"true\">\n\t\t\t\t\t\t\t\t\t\t\t\t\t\t\t<span class=\"elementor-toggle-icon-closed\"><i class=\"fas fa-caret-right\"><\/i><\/span>\n\t\t\t\t\t\t\t\t<span class=\"elementor-toggle-icon-opened\"><i class=\"elementor-toggle-icon-opened fas fa-caret-up\"><\/i><\/span>\n\t\t\t\t\t\t\t\t\t\t\t\t\t<\/span>\n\t\t\t\t\t\t\t\t\t\t\t\t<a class=\"elementor-toggle-title\" tabindex=\"0\">  \u00bfQu\u00e9 es el servicio de aparcacoches?<\/a>\n\t\t\t\t\t<\/div>\n\n\t\t\t\t\t<div id=\"elementor-tab-content-2277\" class=\"elementor-tab-content elementor-clearfix\" data-tab=\"7\" role=\"region\" aria-labelledby=\"elementor-tab-title-2277\"><p>El servicio de aparcacoches es sin\u00f3nimo de m\u00e1ximo servicio y m\u00e1xima comodidad. Con este servicio, usted conduce directamente al aeropuerto de Frankfurt. Uno de nuestros empleados recoger\u00e1 su veh\u00edculo y lo trasladar\u00e1 a nuestro aparcamiento vigilado (seg\u00fan la reserva: plaza exterior, nave o aparcamiento subterr\u00e1neo en el aeropuerto).  Nuestro empleado le reconocer\u00e1 por el tipo de veh\u00edculo y la matr\u00edcula. A su regreso, su veh\u00edculo ser\u00e1 trasladado de nuevo al aeropuerto. El veh\u00edculo se recoge y se devuelve directamente en su terminal. En funci\u00f3n de la ocupaci\u00f3n y el desarrollo operativo, su veh\u00edculo podr\u00e1 ser estacionado temporalmente en una plaza de aparcamiento segura, privada y vigilada por v\u00eddeo en un aparcamiento subterr\u00e1neo en las inmediaciones del aeropuerto de Frankfurt, con el fin de garantizar una entrega puntual a su regreso.<\/p>\n<\/div>\n\t\t\t\t<\/div>\n\t\t\t\t\t\t\t\t\t\t<script type=\"application\/ld+json\">{\"@context\":\"https:\\\/\\\/schema.org\",\"@type\":\"FAQPage\",\"mainEntity\":[{\"@type\":\"Question\",\"name\":\"\\u00bfCu\\u00e1ndo y c\\u00f3mo me recoger\\u00e1n en el aeropuerto de Fr\\u00e1ncfort del Meno a mi regreso?\",\"acceptedAnswer\":{\"@type\":\"Answer\",\"text\":\"<p>Por favor, llama a nuestro conductor al 0049 \\\/ 152 21 61 47 39 cuando hayas aterrizado en el aeropuerto de Fr\\u00e1ncfort y hayas llegado a la zona de recogida de equipaje, antes de recoger tu equipaje. Un empleado nuestro se pondr\\u00e1 en camino hacia usted.<\\\/p>\\n<p>Punto de encuentro <strong>Terminal 1<\\\/strong> = Zona A, puerta n\\u00famero 2 (<b>A2<\\\/b>) en la planta de salidas. La planta de salidas est\\u00e1 un piso por encima de la planta de llegadas.<\\\/p>\\n<p>Punto de encuentro <strong>Terminal 2<\\\/strong> = Zona E, puerta n\\u00famero 8 (<strong>E8<\\\/strong>). En la Terminal 2 solo hay una planta. <\\\/p>\\n<p>Punto de encuentro <b>Terminal 3<\\\/b> = se coordina por tel\\u00e9fono<\\\/p>\\n\"}},{\"@type\":\"Question\",\"name\":\"\\u00bfCu\\u00e1nto dura el trayecto hasta el aeropuerto de Fr\\u00e1ncfort?\",\"acceptedAnswer\":{\"@type\":\"Answer\",\"text\":\"<p>La duraci\\u00f3n del trayecto desde nuestro aparcamiento hasta el aeropuerto de Fr\\u00e1ncfort del Meno es de aproximadamente 8 minutos hasta la Terminal 1 y de 10 minutos hasta la Terminal 2 del aeropuerto de Fr\\u00e1ncfort.<\\\/p>\\n\"}},{\"@type\":\"Question\",\"name\":\"\\u00bfCu\\u00e1ndo debo llegar al aparcamiento?\",\"acceptedAnswer\":{\"@type\":\"Answer\",\"text\":\"<p>Compruebe cuidadosamente sus documentos de viaje. En estos se indica cu\\u00e1ndo debe estar en el aeropuerto de Fr\\u00e1ncfort.<\\\/p>\\n<p>No obstante, le recomendamos que llegue a nuestro aparcamiento al <strong>menos 2,5 horas antes de la salida<\\\/strong> del aeropuerto de Fr\\u00e1ncfort del Meno. Para <strong>vuelos de larga distancia<\\\/strong> (por ejemplo, EE.UU., Asia), recomendamos llegar al aparcamiento <strong>3,5 horas antes de la salida<\\\/strong>.<\\\/p>\\n<p><strong>En las vacaciones de verano:<\\\/strong> Aqu\\u00ed le recomendamos que llegue al aparcamiento <strong>3 horas<\\\/strong> antes de la salida debido al gran volumen de pasajeros.<\\\/p>\\n\"}},{\"@type\":\"Question\",\"name\":\"\\u00bfA qu\\u00e9 hora sale el autob\\u00fas lanzadera?\",\"acceptedAnswer\":{\"@type\":\"Answer\",\"text\":\"<p>El traslado gratuito para los clientes del aparcamiento funciona desde las 05:00 de la ma\\u00f1ana hasta las 00:00*. El servicio de transporte opera individualmente seg\\u00fan la cita reservada. Los horarios de llegada indicados son vinculantes. <\\\/p>\\n<p>*En Fr\\u00e1ncfort del Meno, la prohibici\\u00f3n de vuelos nocturnos se aplica de 23:00 a 05:00. Si aterriza despu\\u00e9s de las 23:00 y no le recogen hasta <strong>despu\\u00e9s de las 00:00<\\\/strong>, se cobrar\\u00e1 una <strong>tarifa nocturna de 20,- \\u20ac<\\\/strong> por cada hora iniciada.<\\\/p>\\n\"}},{\"@type\":\"Question\",\"name\":\"Tengo mucho equipaje. \\u00bfQu\\u00e9 debo hacer?\",\"acceptedAnswer\":{\"@type\":\"Answer\",\"text\":\"<p>Si lleva equipaje voluminoso, marque esta casilla al hacer la reserva. Si lleva una cantidad de equipaje inusualmente grande, ind\\u00edquelo al hacer la reserva.<\\\/p>\\n\"}},{\"@type\":\"Question\",\"name\":\"\\u00bfD\\u00f3nde me dejar\\u00e1n y me recoger\\u00e1n en el aeropuerto?\",\"acceptedAnswer\":{\"@type\":\"Answer\",\"text\":\"<p>El aeropuerto de Fr\\u00e1ncfort del Meno cuenta con <strong>Terminal 1<\\\/strong>, <strong>Terminal 2 y Terminal 3<\\\/strong>.<\\\/p>\\n<p><strong>Terminal 1<\\\/strong>: Zona A puerta n\\u00famero 2 en la planta de salidas. <strong>(A2)<\\\/strong> Ten en cuenta que en el viaje de vuelta debes subir una planta.<\\\/p>\\n<p><strong>Terminal 2<\\\/strong>: Zona E puerta n\\u00famero 8 <strong>(E8).<\\\/strong> En la Terminal 2 solo hay una planta.<\\\/p>\\n<p><b>Terminal 3:<\\\/b> La Terminal 3 se ha inaugurado recientemente, el punto de encuentro se coordina por tel\\u00e9fono<\\\/p><\\\/p>\\n\"}},{\"@type\":\"Question\",\"name\":\"\\u00bfQu\\u00e9 es el servicio de aparcacoches?\",\"acceptedAnswer\":{\"@type\":\"Answer\",\"text\":\"<p>El servicio de aparcacoches es sin\\u00f3nimo de m\\u00e1ximo servicio y m\\u00e1xima comodidad. Con este servicio, usted conduce directamente al aeropuerto de Frankfurt. Uno de nuestros empleados recoger\\u00e1 su veh\\u00edculo y lo trasladar\\u00e1 a nuestro aparcamiento vigilado (seg\\u00fan la reserva: plaza exterior, nave o aparcamiento subterr\\u00e1neo en el aeropuerto).  Nuestro empleado le reconocer\\u00e1 por el tipo de veh\\u00edculo y la matr\\u00edcula. A su regreso, su veh\\u00edculo ser\\u00e1 trasladado de nuevo al aeropuerto. El veh\\u00edculo se recoge y se devuelve directamente en su terminal. En funci\\u00f3n de la ocupaci\\u00f3n y el desarrollo operativo, su veh\\u00edculo podr\\u00e1 ser estacionado temporalmente en una plaza de aparcamiento segura, privada y vigilada por v\\u00eddeo en un aparcamiento subterr\\u00e1neo en las inmediaciones del aeropuerto de Frankfurt, con el fin de garantizar una entrega puntual a su regreso.<\\\/p>\\n\"}}]}<\/script>\n\t\t\t\t\t<\/div>\n\t\t\t\t\t\t<\/div>\n\t\t\t\t<\/div>\n\t\t<div class=\"elementor-element elementor-element-ece73a0 e-flex e-con-boxed e-con e-child\" data-id=\"ece73a0\" data-element_type=\"container\" data-e-type=\"container\" data-settings=\"{&quot;background_background&quot;:&quot;classic&quot;}\">\n\t\t\t\t\t<div class=\"e-con-inner\">\n\t\t\t\t<div class=\"elementor-element elementor-element-e778fdc elementor-widget elementor-widget-heading\" data-id=\"e778fdc\" data-element_type=\"widget\" data-e-type=\"widget\" data-widget_type=\"heading.default\">\n\t\t\t\t<div class=\"elementor-widget-container\">\n\t\t\t\t\t<h3 class=\"elementor-heading-title elementor-size-default\">\u00bfNo ha encontrado respuesta a su pregunta aqu\u00ed?<\/h3>\t\t\t\t<\/div>\n\t\t\t\t<\/div>\n\t\t\t\t<div class=\"elementor-element elementor-element-2cb6984 elementor-widget elementor-widget-text-editor\" data-id=\"2cb6984\" data-element_type=\"widget\" data-e-type=\"widget\" data-widget_type=\"text-editor.default\">\n\t\t\t\t<div class=\"elementor-widget-container\">\n\t\t\t\t\t\t\t\t\t<p>Cont\u00e1ctenos por WhatsApp o por tel\u00e9fono<\/p>\t\t\t\t\t\t\t\t<\/div>\n\t\t\t\t<\/div>\n\t\t<div class=\"elementor-element elementor-element-4c6215b e-con-full e-flex e-con e-child\" data-id=\"4c6215b\" data-element_type=\"container\" data-e-type=\"container\">\n\t\t\t\t<div class=\"elementor-element elementor-element-c7e1061 elementor-align-center elementor-widget elementor-widget-button\" data-id=\"c7e1061\" data-element_type=\"widget\" data-e-type=\"widget\" data-widget_type=\"button.default\">\n\t\t\t\t<div class=\"elementor-widget-container\">\n\t\t\t\t\t\t\t\t\t<div class=\"elementor-button-wrapper\">\n\t\t\t\t\t<a class=\"elementor-button elementor-button-link elementor-size-md\" href=\"https:\/\/wa.me\/+4915233845690\">\n\t\t\t\t\t\t<span class=\"elementor-button-content-wrapper\">\n\t\t\t\t\t\t<span class=\"elementor-button-icon\">\n\t\t\t\t<i aria-hidden=\"true\" class=\"fab fa-whatsapp\"><\/i>\t\t\t<\/span>\n\t\t\t\t\t\t\t\t\t<span class=\"elementor-button-text\">WhatsApp<\/span>\n\t\t\t\t\t<\/span>\n\t\t\t\t\t<\/a>\n\t\t\t\t<\/div>\n\t\t\t\t\t\t\t\t<\/div>\n\t\t\t\t<\/div>\n\t\t\t\t<div class=\"elementor-element elementor-element-cd0a8c7 elementor-align-center elementor-widget elementor-widget-button\" data-id=\"cd0a8c7\" data-element_type=\"widget\" data-e-type=\"widget\" data-widget_type=\"button.default\">\n\t\t\t\t<div class=\"elementor-widget-container\">\n\t\t\t\t\t\t\t\t\t<div class=\"elementor-button-wrapper\">\n\t\t\t\t\t<a class=\"elementor-button elementor-button-link elementor-size-md\" href=\"https:\/\/auto-aufsicht.de\/kontakt\/\">\n\t\t\t\t\t\t<span class=\"elementor-button-content-wrapper\">\n\t\t\t\t\t\t<span class=\"elementor-button-icon\">\n\t\t\t\t<i aria-hidden=\"true\" class=\"fas fa-phone-alt\"><\/i>\t\t\t<\/span>\n\t\t\t\t\t\t\t\t\t<span class=\"elementor-button-text\">Tel\u00e9fono<\/span>\n\t\t\t\t\t<\/span>\n\t\t\t\t\t<\/a>\n\t\t\t\t<\/div>\n\t\t\t\t\t\t\t\t<\/div>\n\t\t\t\t<\/div>\n\t\t\t\t<\/div>\n\t\t\t\t\t<\/div>\n\t\t\t\t<\/div>\n\t\t\t\t\t<\/div>\n\t\t\t\t<\/div>\n\t\t<div class=\"elementor-element elementor-element-ce57f07 e-flex e-con-boxed e-con e-parent\" data-id=\"ce57f07\" data-element_type=\"container\" data-e-type=\"container\">\n\t\t\t\t\t<div class=\"e-con-inner\">\n\t\t\t\t<div class=\"elementor-element elementor-element-d7cbc96 elementor-widget elementor-widget-heading\" data-id=\"d7cbc96\" data-element_type=\"widget\" data-e-type=\"widget\" data-widget_type=\"heading.default\">\n\t\t\t\t<div class=\"elementor-widget-container\">\n\t\t\t\t\t<h2 class=\"elementor-heading-title elementor-size-default\">Aqu\u00ed encontrar\u00e1 informaci\u00f3n actualizada sobre el aeropuerto de Fr\u00e1ncfort:<\/h2>\t\t\t\t<\/div>\n\t\t\t\t<\/div>\n\t\t\t\t\t<\/div>\n\t\t\t\t<\/div>\n\t\t<div class=\"elementor-element elementor-element-c7d3d63 e-flex e-con-boxed e-con e-parent\" data-id=\"c7d3d63\" data-element_type=\"container\" data-e-type=\"container\">\n\t\t\t\t\t<div class=\"e-con-inner\">\n\t\t\t\t<div class=\"elementor-element elementor-element-3287d9f elementor-widget elementor-widget-text-editor\" data-id=\"3287d9f\" data-element_type=\"widget\" data-e-type=\"widget\" data-widget_type=\"text-editor.default\">\n\t\t\t\t<div class=\"elementor-widget-container\">\n\t\t\t\t\t\t\t\t\t<p><a href=\"https:\/\/www.frankfurt-airport.com\/\">https:\/\/www.frankfurt-airport.com\/<\/a><\/p>\t\t\t\t\t\t\t\t<\/div>\n\t\t\t\t<\/div>\n\t\t\t\t\t<\/div>\n\t\t\t\t<\/div>\n\t\t\t\t<\/div>\n\t\t","protected":false},"excerpt":{"rendered":"<p>Reservas y cambios Llegada y salida Aparcamiento y seguridad \u00bfTendr\u00e9 que pagar costes adicionales en el sitio? No, en principio no tendr\u00e1 que asumir ning\u00fan coste adicional. El precio calculado consta de: Tarifa de aparcamiento incl. traslado gratuito para clientes que aparquen hasta 4 personas (un viaje de ida y vuelta cada uno) o servicio [&hellip;]<\/p>\n","protected":false},"author":1,"featured_media":441,"parent":0,"menu_order":0,"comment_status":"closed","ping_status":"closed","template":"elementor_header_footer","meta":{"footnotes":""},"class_list":["post-579","page","type-page","status-publish","has-post-thumbnail","hentry"],"yoast_head":"<!-- This site is optimized with the Yoast SEO plugin v27.5 - https:\/\/yoast.com\/product\/yoast-seo-wordpress\/ -->\n<title>Preguntas y respuestas | Auto-Aufsicht<\/title>\n<meta name=\"description\" content=\"Encuentre respuestas a las preguntas m\u00e1s frecuentes sobre nuestros servicios y ofertas de aparcamiento.\" \/>\n<meta name=\"robots\" content=\"index, follow, max-snippet:-1, max-image-preview:large, max-video-preview:-1\" \/>\n<link rel=\"canonical\" href=\"https:\/\/auto-aufsicht.de\/es\/faqs\/\" \/>\n<meta property=\"og:locale\" content=\"es_ES\" \/>\n<meta property=\"og:type\" content=\"article\" \/>\n<meta property=\"og:title\" content=\"Preguntas y respuestas | Auto-Aufsicht\" \/>\n<meta property=\"og:description\" content=\"Encuentre respuestas a las preguntas m\u00e1s frecuentes sobre nuestros servicios y ofertas de aparcamiento.\" \/>\n<meta property=\"og:url\" content=\"https:\/\/auto-aufsicht.de\/es\/faqs\/\" \/>\n<meta property=\"og:site_name\" content=\"Auto-Aufsicht\" \/>\n<meta property=\"article:publisher\" content=\"https:\/\/www.facebook.com\/autoaufsicht\" \/>\n<meta property=\"article:modified_time\" content=\"2026-04-07T08:08:37+00:00\" \/>\n<meta property=\"og:image\" content=\"https:\/\/auto-aufsicht.de\/wp-content\/uploads\/2024\/02\/aa_hilfe.jpeg\" \/>\n\t<meta property=\"og:image:width\" content=\"2560\" \/>\n\t<meta property=\"og:image:height\" content=\"1280\" \/>\n\t<meta property=\"og:image:type\" content=\"image\/jpeg\" \/>\n<meta name=\"twitter:card\" content=\"summary_large_image\" \/>\n<meta name=\"twitter:label1\" content=\"Tiempo de lectura\" \/>\n\t<meta name=\"twitter:data1\" content=\"7 minutos\" \/>\n<script type=\"application\/ld+json\" class=\"yoast-schema-graph\">{\"@context\":\"https:\\\/\\\/schema.org\",\"@graph\":[{\"@type\":\"WebPage\",\"@id\":\"https:\\\/\\\/auto-aufsicht.de\\\/es\\\/faqs\\\/\",\"url\":\"https:\\\/\\\/auto-aufsicht.de\\\/es\\\/faqs\\\/\",\"name\":\"Preguntas y respuestas | Auto-Aufsicht\",\"isPartOf\":{\"@id\":\"https:\\\/\\\/auto-aufsicht.de\\\/es\\\/#website\"},\"primaryImageOfPage\":{\"@id\":\"https:\\\/\\\/auto-aufsicht.de\\\/es\\\/faqs\\\/#primaryimage\"},\"image\":{\"@id\":\"https:\\\/\\\/auto-aufsicht.de\\\/es\\\/faqs\\\/#primaryimage\"},\"thumbnailUrl\":\"https:\\\/\\\/auto-aufsicht.de\\\/wp-content\\\/uploads\\\/2024\\\/02\\\/aa_hilfe.jpeg\",\"datePublished\":\"2024-02-22T10:21:21+00:00\",\"dateModified\":\"2026-04-07T08:08:37+00:00\",\"description\":\"Encuentre respuestas a las preguntas m\u00e1s frecuentes sobre nuestros servicios y ofertas de aparcamiento.\",\"breadcrumb\":{\"@id\":\"https:\\\/\\\/auto-aufsicht.de\\\/es\\\/faqs\\\/#breadcrumb\"},\"inLanguage\":\"es\",\"potentialAction\":[{\"@type\":\"ReadAction\",\"target\":[\"https:\\\/\\\/auto-aufsicht.de\\\/es\\\/faqs\\\/\"]}]},{\"@type\":\"ImageObject\",\"inLanguage\":\"es\",\"@id\":\"https:\\\/\\\/auto-aufsicht.de\\\/es\\\/faqs\\\/#primaryimage\",\"url\":\"https:\\\/\\\/auto-aufsicht.de\\\/wp-content\\\/uploads\\\/2024\\\/02\\\/aa_hilfe.jpeg\",\"contentUrl\":\"https:\\\/\\\/auto-aufsicht.de\\\/wp-content\\\/uploads\\\/2024\\\/02\\\/aa_hilfe.jpeg\",\"width\":2560,\"height\":1280},{\"@type\":\"BreadcrumbList\",\"@id\":\"https:\\\/\\\/auto-aufsicht.de\\\/es\\\/faqs\\\/#breadcrumb\",\"itemListElement\":[{\"@type\":\"ListItem\",\"position\":1,\"name\":\"Startseite\",\"item\":\"https:\\\/\\\/auto-aufsicht.de\\\/es\\\/inicio\\\/\"},{\"@type\":\"ListItem\",\"position\":2,\"name\":\"Preguntas y respuestas\"}]},{\"@type\":\"WebSite\",\"@id\":\"https:\\\/\\\/auto-aufsicht.de\\\/es\\\/#website\",\"url\":\"https:\\\/\\\/auto-aufsicht.de\\\/es\\\/\",\"name\":\"Auto-Aufsicht\",\"description\":\"Parken am Flughafen Frankfurt am Main\",\"publisher\":{\"@id\":\"https:\\\/\\\/auto-aufsicht.de\\\/es\\\/#organization\"},\"potentialAction\":[{\"@type\":\"SearchAction\",\"target\":{\"@type\":\"EntryPoint\",\"urlTemplate\":\"https:\\\/\\\/auto-aufsicht.de\\\/es\\\/?s={search_term_string}\"},\"query-input\":{\"@type\":\"PropertyValueSpecification\",\"valueRequired\":true,\"valueName\":\"search_term_string\"}}],\"inLanguage\":\"es\"},{\"@type\":\"Organization\",\"@id\":\"https:\\\/\\\/auto-aufsicht.de\\\/es\\\/#organization\",\"name\":\"Auto-Aufsicht\",\"url\":\"https:\\\/\\\/auto-aufsicht.de\\\/es\\\/\",\"logo\":{\"@type\":\"ImageObject\",\"inLanguage\":\"es\",\"@id\":\"https:\\\/\\\/auto-aufsicht.de\\\/es\\\/#\\\/schema\\\/logo\\\/image\\\/\",\"url\":\"https:\\\/\\\/auto-aufsicht.de\\\/wp-content\\\/uploads\\\/2023\\\/06\\\/Auto-Aufsicht-Logo.svg\",\"contentUrl\":\"https:\\\/\\\/auto-aufsicht.de\\\/wp-content\\\/uploads\\\/2023\\\/06\\\/Auto-Aufsicht-Logo.svg\",\"width\":67,\"height\":33,\"caption\":\"Auto-Aufsicht\"},\"image\":{\"@id\":\"https:\\\/\\\/auto-aufsicht.de\\\/es\\\/#\\\/schema\\\/logo\\\/image\\\/\"},\"sameAs\":[\"https:\\\/\\\/www.facebook.com\\\/autoaufsicht\"]}]}<\/script>\n<!-- \/ Yoast SEO plugin. -->","yoast_head_json":{"title":"Preguntas y respuestas | Auto-Aufsicht","description":"Encuentre respuestas a las preguntas m\u00e1s frecuentes sobre nuestros servicios y ofertas de aparcamiento.","robots":{"index":"index","follow":"follow","max-snippet":"max-snippet:-1","max-image-preview":"max-image-preview:large","max-video-preview":"max-video-preview:-1"},"canonical":"https:\/\/auto-aufsicht.de\/es\/faqs\/","og_locale":"es_ES","og_type":"article","og_title":"Preguntas y respuestas | Auto-Aufsicht","og_description":"Encuentre respuestas a las preguntas m\u00e1s frecuentes sobre nuestros servicios y ofertas de aparcamiento.","og_url":"https:\/\/auto-aufsicht.de\/es\/faqs\/","og_site_name":"Auto-Aufsicht","article_publisher":"https:\/\/www.facebook.com\/autoaufsicht","article_modified_time":"2026-04-07T08:08:37+00:00","og_image":[{"width":2560,"height":1280,"url":"https:\/\/auto-aufsicht.de\/wp-content\/uploads\/2024\/02\/aa_hilfe.jpeg","type":"image\/jpeg"}],"twitter_card":"summary_large_image","twitter_misc":{"Tiempo de lectura":"7 minutos"},"schema":{"@context":"https:\/\/schema.org","@graph":[{"@type":"WebPage","@id":"https:\/\/auto-aufsicht.de\/es\/faqs\/","url":"https:\/\/auto-aufsicht.de\/es\/faqs\/","name":"Preguntas y respuestas | Auto-Aufsicht","isPartOf":{"@id":"https:\/\/auto-aufsicht.de\/es\/#website"},"primaryImageOfPage":{"@id":"https:\/\/auto-aufsicht.de\/es\/faqs\/#primaryimage"},"image":{"@id":"https:\/\/auto-aufsicht.de\/es\/faqs\/#primaryimage"},"thumbnailUrl":"https:\/\/auto-aufsicht.de\/wp-content\/uploads\/2024\/02\/aa_hilfe.jpeg","datePublished":"2024-02-22T10:21:21+00:00","dateModified":"2026-04-07T08:08:37+00:00","description":"Encuentre respuestas a las preguntas m\u00e1s frecuentes sobre nuestros servicios y ofertas de aparcamiento.","breadcrumb":{"@id":"https:\/\/auto-aufsicht.de\/es\/faqs\/#breadcrumb"},"inLanguage":"es","potentialAction":[{"@type":"ReadAction","target":["https:\/\/auto-aufsicht.de\/es\/faqs\/"]}]},{"@type":"ImageObject","inLanguage":"es","@id":"https:\/\/auto-aufsicht.de\/es\/faqs\/#primaryimage","url":"https:\/\/auto-aufsicht.de\/wp-content\/uploads\/2024\/02\/aa_hilfe.jpeg","contentUrl":"https:\/\/auto-aufsicht.de\/wp-content\/uploads\/2024\/02\/aa_hilfe.jpeg","width":2560,"height":1280},{"@type":"BreadcrumbList","@id":"https:\/\/auto-aufsicht.de\/es\/faqs\/#breadcrumb","itemListElement":[{"@type":"ListItem","position":1,"name":"Startseite","item":"https:\/\/auto-aufsicht.de\/es\/inicio\/"},{"@type":"ListItem","position":2,"name":"Preguntas y respuestas"}]},{"@type":"WebSite","@id":"https:\/\/auto-aufsicht.de\/es\/#website","url":"https:\/\/auto-aufsicht.de\/es\/","name":"Auto-Aufsicht","description":"Parken am Flughafen Frankfurt am Main","publisher":{"@id":"https:\/\/auto-aufsicht.de\/es\/#organization"},"potentialAction":[{"@type":"SearchAction","target":{"@type":"EntryPoint","urlTemplate":"https:\/\/auto-aufsicht.de\/es\/?s={search_term_string}"},"query-input":{"@type":"PropertyValueSpecification","valueRequired":true,"valueName":"search_term_string"}}],"inLanguage":"es"},{"@type":"Organization","@id":"https:\/\/auto-aufsicht.de\/es\/#organization","name":"Auto-Aufsicht","url":"https:\/\/auto-aufsicht.de\/es\/","logo":{"@type":"ImageObject","inLanguage":"es","@id":"https:\/\/auto-aufsicht.de\/es\/#\/schema\/logo\/image\/","url":"https:\/\/auto-aufsicht.de\/wp-content\/uploads\/2023\/06\/Auto-Aufsicht-Logo.svg","contentUrl":"https:\/\/auto-aufsicht.de\/wp-content\/uploads\/2023\/06\/Auto-Aufsicht-Logo.svg","width":67,"height":33,"caption":"Auto-Aufsicht"},"image":{"@id":"https:\/\/auto-aufsicht.de\/es\/#\/schema\/logo\/image\/"},"sameAs":["https:\/\/www.facebook.com\/autoaufsicht"]}]}},"_links":{"self":[{"href":"https:\/\/auto-aufsicht.de\/es\/wp-json\/wp\/v2\/pages\/579","targetHints":{"allow":["GET"]}}],"collection":[{"href":"https:\/\/auto-aufsicht.de\/es\/wp-json\/wp\/v2\/pages"}],"about":[{"href":"https:\/\/auto-aufsicht.de\/es\/wp-json\/wp\/v2\/types\/page"}],"author":[{"embeddable":true,"href":"https:\/\/auto-aufsicht.de\/es\/wp-json\/wp\/v2\/users\/1"}],"replies":[{"embeddable":true,"href":"https:\/\/auto-aufsicht.de\/es\/wp-json\/wp\/v2\/comments?post=579"}],"version-history":[{"count":28,"href":"https:\/\/auto-aufsicht.de\/es\/wp-json\/wp\/v2\/pages\/579\/revisions"}],"predecessor-version":[{"id":2604,"href":"https:\/\/auto-aufsicht.de\/es\/wp-json\/wp\/v2\/pages\/579\/revisions\/2604"}],"wp:featuredmedia":[{"embeddable":true,"href":"https:\/\/auto-aufsicht.de\/es\/wp-json\/wp\/v2\/media\/441"}],"wp:attachment":[{"href":"https:\/\/auto-aufsicht.de\/es\/wp-json\/wp\/v2\/media?parent=579"}],"curies":[{"name":"wp","href":"https:\/\/api.w.org\/{rel}","templated":true}]}}