{"id":554,"date":"2024-02-22T11:20:29","date_gmt":"2024-02-22T10:20:29","guid":{"rendered":"https:\/\/auto-aufsicht.de\/nuestro-aparcamiento\/"},"modified":"2026-02-11T10:43:30","modified_gmt":"2026-02-11T09:43:30","slug":"nuestro-aparcamiento","status":"publish","type":"page","link":"https:\/\/auto-aufsicht.de\/es\/nuestro-aparcamiento\/","title":{"rendered":"Nuestras plazas de aparcamiento"},"content":{"rendered":"\t\t<div data-elementor-type=\"wp-page\" data-elementor-id=\"554\" class=\"elementor elementor-554 elementor-136\" data-elementor-post-type=\"page\">\n\t\t\t\t<div class=\"elementor-element elementor-element-a9b5bdb e-con-full e-flex e-con e-parent\" data-id=\"a9b5bdb\" data-element_type=\"container\" data-e-type=\"container\">\n\t\t\t\t<div class=\"elementor-element elementor-element-91295c9 elementor-widget elementor-widget-template\" data-id=\"91295c9\" data-element_type=\"widget\" data-e-type=\"widget\" data-widget_type=\"template.default\">\n\t\t\t\t<div class=\"elementor-widget-container\">\n\t\t\t\t\t\t\t<div class=\"elementor-template\">\n\t\t\t\t\t<div data-elementor-type=\"container\" data-elementor-id=\"683\" class=\"elementor elementor-683 elementor-156 elementor-156\" data-elementor-post-type=\"elementor_library\">\n\t\t\t\t<div class=\"elementor-element elementor-element-60a57f16 e-flex e-con-boxed e-con e-parent\" data-id=\"60a57f16\" data-element_type=\"container\" data-e-type=\"container\" data-settings=\"{&quot;background_background&quot;:&quot;classic&quot;}\">\n\t\t\t\t\t<div class=\"e-con-inner\">\n\t\t\t\t<div class=\"elementor-element elementor-element-02d8432 elementor-widget elementor-widget-heading\" data-id=\"02d8432\" data-element_type=\"widget\" data-e-type=\"widget\" data-widget_type=\"heading.default\">\n\t\t\t\t<div class=\"elementor-widget-container\">\n\t\t\t\t\t<span class=\"elementor-heading-title elementor-size-default\"><a href=\"https:\/\/auto-aufsicht.de\/es\/\">Auto-Aufsicht<\/a><\/span>\t\t\t\t<\/div>\n\t\t\t\t<\/div>\n\t\t\t\t\t<\/div>\n\t\t\t\t<\/div>\n\t\t\t\t<\/div>\n\t\t\t\t<\/div>\n\t\t\t\t\t\t<\/div>\n\t\t\t\t<\/div>\n\t\t\t\t<\/div>\n\t\t<div class=\"elementor-element elementor-element-f3f76db e-flex e-con-boxed e-con e-parent\" data-id=\"f3f76db\" data-element_type=\"container\" data-e-type=\"container\" data-settings=\"{&quot;background_background&quot;:&quot;classic&quot;}\">\n\t\t\t\t\t<div class=\"e-con-inner\">\n\t\t<div class=\"elementor-element elementor-element-8e655ca e-con-full e-flex e-con e-child\" data-id=\"8e655ca\" data-element_type=\"container\" data-e-type=\"container\">\n\t\t<div class=\"elementor-element elementor-element-e62d673 e-con-full e-flex e-con e-child\" data-id=\"e62d673\" data-element_type=\"container\" data-e-type=\"container\">\n\t\t\t\t<div class=\"elementor-element elementor-element-3d8eeca elementor-widget__width-initial elementor-widget elementor-widget-image\" data-id=\"3d8eeca\" data-element_type=\"widget\" data-e-type=\"widget\" data-widget_type=\"image.default\">\n\t\t\t\t<div class=\"elementor-widget-container\">\n\t\t\t\t\t\t\t\t\t\t\t\t\t\t\t<img fetchpriority=\"high\" decoding=\"async\" width=\"1024\" height=\"1536\" src=\"https:\/\/auto-aufsicht.de\/wp-content\/uploads\/2024\/02\/DSC01742_rotated_JPG1920-1024x1536.jpg\" class=\"attachment-1536x1536 size-1536x1536 wp-image-537\" alt=\"Empleados de Auto-Aufsicht frente al coche de un cliente.\" srcset=\"https:\/\/auto-aufsicht.de\/wp-content\/uploads\/2024\/02\/DSC01742_rotated_JPG1920-1024x1536.jpg 1024w, https:\/\/auto-aufsicht.de\/wp-content\/uploads\/2024\/02\/DSC01742_rotated_JPG1920-200x300.jpg 200w, https:\/\/auto-aufsicht.de\/wp-content\/uploads\/2024\/02\/DSC01742_rotated_JPG1920-683x1024.jpg 683w, https:\/\/auto-aufsicht.de\/wp-content\/uploads\/2024\/02\/DSC01742_rotated_JPG1920-768x1152.jpg 768w, https:\/\/auto-aufsicht.de\/wp-content\/uploads\/2024\/02\/DSC01742_rotated_JPG1920.jpg 1280w\" sizes=\"(max-width: 1024px) 100vw, 1024px\" \/>\t\t\t\t\t\t\t\t\t\t\t\t\t\t\t<\/div>\n\t\t\t\t<\/div>\n\t\t\t\t<div class=\"elementor-element elementor-element-8fc660a elementor-widget__width-initial elementor-widget-mobile__width-initial elementor-widget elementor-widget-image\" data-id=\"8fc660a\" data-element_type=\"widget\" data-e-type=\"widget\" data-widget_type=\"image.default\">\n\t\t\t\t<div class=\"elementor-widget-container\">\n\t\t\t\t\t\t\t\t\t\t\t\t\t\t\t<img decoding=\"async\" width=\"1536\" height=\"1024\" src=\"https:\/\/auto-aufsicht.de\/wp-content\/uploads\/2024\/02\/DSC01748_JPG1920-1536x1024.jpg\" class=\"attachment-1536x1536 size-1536x1536 wp-image-541\" alt=\"Nuestro aparcamiento seguro en Kriftel. A solo 10 minutos del aeropuerto de Fr\u00e1ncfort.\" srcset=\"https:\/\/auto-aufsicht.de\/wp-content\/uploads\/2024\/02\/DSC01748_JPG1920-1536x1024.jpg 1536w, https:\/\/auto-aufsicht.de\/wp-content\/uploads\/2024\/02\/DSC01748_JPG1920-300x200.jpg 300w, https:\/\/auto-aufsicht.de\/wp-content\/uploads\/2024\/02\/DSC01748_JPG1920-1024x683.jpg 1024w, https:\/\/auto-aufsicht.de\/wp-content\/uploads\/2024\/02\/DSC01748_JPG1920-768x512.jpg 768w, https:\/\/auto-aufsicht.de\/wp-content\/uploads\/2024\/02\/DSC01748_JPG1920.jpg 1920w\" sizes=\"(max-width: 1536px) 100vw, 1536px\" \/>\t\t\t\t\t\t\t\t\t\t\t\t\t\t\t<\/div>\n\t\t\t\t<\/div>\n\t\t\t\t<\/div>\n\t\t<div class=\"elementor-element elementor-element-40ddbde e-con-full e-flex e-con e-child\" data-id=\"40ddbde\" data-element_type=\"container\" data-e-type=\"container\">\n\t\t\t\t<div class=\"elementor-element elementor-element-7d98576 elementor-widget elementor-widget-heading\" data-id=\"7d98576\" data-element_type=\"widget\" data-e-type=\"widget\" data-widget_type=\"heading.default\">\n\t\t\t\t<div class=\"elementor-widget-container\">\n\t\t\t\t\t<h2 class=\"elementor-heading-title elementor-size-default\">Plaza de aparcamiento exterior vigilada con servicio de traslado: r\u00e1pido al aeropuerto de Fr\u00e1ncfort<\/h2>\t\t\t\t<\/div>\n\t\t\t\t<\/div>\n\t\t\t\t<div class=\"elementor-element elementor-element-4990b4e elementor-widget elementor-widget-text-editor\" data-id=\"4990b4e\" data-element_type=\"widget\" data-e-type=\"widget\" data-widget_type=\"text-editor.default\">\n\t\t\t\t<div class=\"elementor-widget-container\">\n\t\t\t\t\t\t\t\t\t<p><b>Nuestra plaza de aparcamiento exterior vigilada con servicio de traslado y aparcamiento tiene acceso directo a la autopista y permite un traslado r\u00e1pido al aeropuerto de Fr\u00e1ncfort.<\/b><\/p>\n<p>A tan solo unos 8-10 minutos del aeropuerto de Frankfurt, le facilitamos la llegada a nuestro aparcamiento y un c\u00f3modo traslado a las terminales 1 y 2 del aeropuerto de Frankfurt. Gracias a nuestro servicio organizado de entrega y recogida de veh\u00edculos, no tendr\u00e1 que buscar aparcamiento: usted se baja y nosotros nos encargamos del resto. Nuestro personal cualificado se encarga del aparcamiento por usted. Con nuestro servicio de transporte, disponible a partir de las 05:00, le llevamos a usted y a su equipaje de forma puntual y c\u00f3moda directamente a su terminal, y a su regreso, de vuelta a nuestro aparcamiento en Kriftel.   <\/p>\n<p>Adem\u00e1s de nuestra plaza de aparcamiento al aire libre, tambi\u00e9n ofrecemos, bajo petici\u00f3n, plazas de aparcamiento cubiertas en Kriftel, as\u00ed como plazas de garaje subterr\u00e1neas en las inmediaciones del aeropuerto de Fr\u00e1ncfort.<\/p>\t\t\t\t\t\t\t\t<\/div>\n\t\t\t\t<\/div>\n\t\t\t\t<\/div>\n\t\t\t\t<\/div>\n\t\t\t\t\t<\/div>\n\t\t\t\t<\/div>\n\t\t<div class=\"elementor-element elementor-element-3471916 e-flex e-con-boxed e-con e-parent\" data-id=\"3471916\" data-element_type=\"container\" data-e-type=\"container\">\n\t\t\t\t\t<div class=\"e-con-inner\">\n\t\t<div class=\"elementor-element elementor-element-799d0dc e-con-full e-flex e-con e-child\" data-id=\"799d0dc\" data-element_type=\"container\" data-e-type=\"container\">\n\t\t\t\t<div class=\"elementor-element elementor-element-6083cae elementor-widget elementor-widget-image\" data-id=\"6083cae\" data-element_type=\"widget\" data-e-type=\"widget\" data-widget_type=\"image.default\">\n\t\t\t\t<div class=\"elementor-widget-container\">\n\t\t\t\t\t\t\t\t\t\t\t\t\t\t\t<img decoding=\"async\" width=\"800\" height=\"534\" src=\"https:\/\/auto-aufsicht.de\/wp-content\/uploads\/2026\/02\/iStock-1637815484-2-1024x683.jpg\" class=\"attachment-large size-large wp-image-2047\" alt=\"\" srcset=\"https:\/\/auto-aufsicht.de\/wp-content\/uploads\/2026\/02\/iStock-1637815484-2-1024x683.jpg 1024w, https:\/\/auto-aufsicht.de\/wp-content\/uploads\/2026\/02\/iStock-1637815484-2-300x200.jpg 300w, https:\/\/auto-aufsicht.de\/wp-content\/uploads\/2026\/02\/iStock-1637815484-2-768x512.jpg 768w, https:\/\/auto-aufsicht.de\/wp-content\/uploads\/2026\/02\/iStock-1637815484-2-1536x1025.jpg 1536w, https:\/\/auto-aufsicht.de\/wp-content\/uploads\/2026\/02\/iStock-1637815484-2-2048x1366.jpg 2048w\" sizes=\"(max-width: 800px) 100vw, 800px\" \/>\t\t\t\t\t\t\t\t\t\t\t\t\t\t\t<\/div>\n\t\t\t\t<\/div>\n\t\t\t\t<\/div>\n\t\t<div class=\"elementor-element elementor-element-f7f02f7 e-con-full e-flex e-con e-child\" data-id=\"f7f02f7\" data-element_type=\"container\" data-e-type=\"container\">\n\t\t\t\t<div class=\"elementor-element elementor-element-9a2b3ac elementor-widget__width-initial elementor-widget elementor-widget-image\" data-id=\"9a2b3ac\" data-element_type=\"widget\" data-e-type=\"widget\" data-widget_type=\"image.default\">\n\t\t\t\t<div class=\"elementor-widget-container\">\n\t\t\t\t\t\t\t\t\t\t\t\t\t\t\t<img loading=\"lazy\" decoding=\"async\" width=\"1346\" height=\"720\" src=\"https:\/\/auto-aufsicht.de\/wp-content\/uploads\/2026\/02\/a0ae5b56-c136-46d3-9b31-abd6fb91da39NEU.jpg\" class=\"attachment-full size-full wp-image-2058\" alt=\"\" srcset=\"https:\/\/auto-aufsicht.de\/wp-content\/uploads\/2026\/02\/a0ae5b56-c136-46d3-9b31-abd6fb91da39NEU.jpg 1346w, https:\/\/auto-aufsicht.de\/wp-content\/uploads\/2026\/02\/a0ae5b56-c136-46d3-9b31-abd6fb91da39NEU-300x160.jpg 300w, https:\/\/auto-aufsicht.de\/wp-content\/uploads\/2026\/02\/a0ae5b56-c136-46d3-9b31-abd6fb91da39NEU-1024x548.jpg 1024w, https:\/\/auto-aufsicht.de\/wp-content\/uploads\/2026\/02\/a0ae5b56-c136-46d3-9b31-abd6fb91da39NEU-768x411.jpg 768w\" sizes=\"(max-width: 1346px) 100vw, 1346px\" \/>\t\t\t\t\t\t\t\t\t\t\t\t\t\t\t<\/div>\n\t\t\t\t<\/div>\n\t\t\t\t<\/div>\n\t\t<div class=\"elementor-element elementor-element-f8fae8e e-con-full e-flex e-con e-child\" data-id=\"f8fae8e\" data-element_type=\"container\" data-e-type=\"container\">\n\t\t\t\t<div class=\"elementor-element elementor-element-09cff7a elementor-widget elementor-widget-heading\" data-id=\"09cff7a\" data-element_type=\"widget\" data-e-type=\"widget\" data-widget_type=\"heading.default\">\n\t\t\t\t<div class=\"elementor-widget-container\">\n\t\t\t\t\t<h2 class=\"elementor-heading-title elementor-size-default\">A\u00fan m\u00e1s comodidad con nuestro servicio de aparcacoches directamente en el aeropuerto de Fr\u00e1ncfort<\/h2>\t\t\t\t<\/div>\n\t\t\t\t<\/div>\n\t\t\t\t<\/div>\n\t\t\t\t\t<\/div>\n\t\t\t\t<\/div>\n\t\t<div class=\"elementor-element elementor-element-3c82297 e-flex e-con-boxed e-con e-parent\" data-id=\"3c82297\" data-element_type=\"container\" data-e-type=\"container\">\n\t\t\t\t\t<div class=\"e-con-inner\">\n\t\t\t\t<div class=\"elementor-element elementor-element-9aad861 elementor-widget elementor-widget-text-editor\" data-id=\"9aad861\" data-element_type=\"widget\" data-e-type=\"widget\" data-widget_type=\"text-editor.default\">\n\t\t\t\t<div class=\"elementor-widget-container\">\n\t\t\t\t\t\t\t\t\t<p data-start=\"332\" data-end=\"571\"><strong data-start=\"332\" data-end=\"571\">Con nuestro servicio de aparcacoches, disfrutar\u00e1 de la m\u00e1xima comodidad directamente en el aeropuerto de Fr\u00e1ncfort. Su veh\u00edculo se recoger\u00e1 en la terminal y se le devolver\u00e1 a su regreso. Por supuesto, el traslado est\u00e1 asegurado.  <\/strong><\/p>\n<p data-start=\"573\" data-end=\"820\"><span data-start=\"573\" data-end=\"820\">Con nuestro servicio de aparcacoches, puede elegir entre diferentes tipos de aparcamiento: <b>plaza exterior vigilada, plazas de aparcamiento cubiertas<\/b> en nuestras instalaciones de Kriftel <b>o plazas de garaje subterr\u00e1neas<\/b> en las inmediaciones del aeropuerto de Fr\u00e1ncfort.<\/span><\/p>\n<p data-start=\"822\" data-end=\"970\"><span data-start=\"822\" data-end=\"970\">Todas las opciones ofrecen una soluci\u00f3n de aparcamiento protegida, con protecci\u00f3n adicional contra las inclemencias del tiempo gracias a las plazas de aparcamiento cubiertas, seg\u00fan sus preferencias.<\/span><\/p>\t\t\t\t\t\t\t\t<\/div>\n\t\t\t\t<\/div>\n\t\t\t\t\t<\/div>\n\t\t\t\t<\/div>\n\t\t<div class=\"elementor-element elementor-element-fd4abc2 e-flex e-con-boxed e-con e-parent\" data-id=\"fd4abc2\" data-element_type=\"container\" data-e-type=\"container\" data-settings=\"{&quot;background_background&quot;:&quot;classic&quot;}\">\n\t\t\t\t\t<div class=\"e-con-inner\">\n\t\t<div class=\"elementor-element elementor-element-c1c6817 e-con-full e-flex e-con e-child\" data-id=\"c1c6817\" data-element_type=\"container\" data-e-type=\"container\">\n\t\t<div class=\"elementor-element elementor-element-1edd2a4 e-con-full e-flex e-con e-child\" data-id=\"1edd2a4\" data-element_type=\"container\" data-e-type=\"container\">\n\t\t\t\t<div class=\"elementor-element elementor-element-a74b5ef elementor-widget__width-initial elementor-widget-mobile__width-initial elementor-widget elementor-widget-image\" data-id=\"a74b5ef\" data-element_type=\"widget\" data-e-type=\"widget\" data-widget_type=\"image.default\">\n\t\t\t\t<div class=\"elementor-widget-container\">\n\t\t\t\t\t\t\t\t\t\t\t\t\t\t\t<img loading=\"lazy\" decoding=\"async\" width=\"1536\" height=\"1024\" src=\"https:\/\/auto-aufsicht.de\/wp-content\/uploads\/2024\/02\/DSC01713_JPG1920-1536x1024.jpg\" class=\"attachment-1536x1536 size-1536x1536 wp-image-501\" alt=\"Nuestro perro guardi\u00e1n se asegura de que su veh\u00edculo est\u00e9 seguro.\" srcset=\"https:\/\/auto-aufsicht.de\/wp-content\/uploads\/2024\/02\/DSC01713_JPG1920-1536x1024.jpg 1536w, https:\/\/auto-aufsicht.de\/wp-content\/uploads\/2024\/02\/DSC01713_JPG1920-300x200.jpg 300w, https:\/\/auto-aufsicht.de\/wp-content\/uploads\/2024\/02\/DSC01713_JPG1920-1024x683.jpg 1024w, https:\/\/auto-aufsicht.de\/wp-content\/uploads\/2024\/02\/DSC01713_JPG1920-768x512.jpg 768w, https:\/\/auto-aufsicht.de\/wp-content\/uploads\/2024\/02\/DSC01713_JPG1920.jpg 1920w\" sizes=\"(max-width: 1536px) 100vw, 1536px\" \/>\t\t\t\t\t\t\t\t\t\t\t\t\t\t\t<\/div>\n\t\t\t\t<\/div>\n\t\t\t\t<div class=\"elementor-element elementor-element-515ed26 elementor-widget__width-initial elementor-widget elementor-widget-image\" data-id=\"515ed26\" data-element_type=\"widget\" data-e-type=\"widget\" data-widget_type=\"image.default\">\n\t\t\t\t<div class=\"elementor-widget-container\">\n\t\t\t\t\t\t\t\t\t\t\t\t\t\t\t<img loading=\"lazy\" decoding=\"async\" width=\"1536\" height=\"1024\" src=\"https:\/\/auto-aufsicht.de\/wp-content\/uploads\/2024\/02\/DSC01721_JPG1920-1536x1024.jpg\" class=\"attachment-1536x1536 size-1536x1536 wp-image-505\" alt=\"Las c\u00e1maras de vigilancia 24 horas al d\u00eda, 7 d\u00edas a la semana garantizan la seguridad de su veh\u00edculo.\" srcset=\"https:\/\/auto-aufsicht.de\/wp-content\/uploads\/2024\/02\/DSC01721_JPG1920-1536x1024.jpg 1536w, https:\/\/auto-aufsicht.de\/wp-content\/uploads\/2024\/02\/DSC01721_JPG1920-300x200.jpg 300w, https:\/\/auto-aufsicht.de\/wp-content\/uploads\/2024\/02\/DSC01721_JPG1920-1024x683.jpg 1024w, https:\/\/auto-aufsicht.de\/wp-content\/uploads\/2024\/02\/DSC01721_JPG1920-768x512.jpg 768w, https:\/\/auto-aufsicht.de\/wp-content\/uploads\/2024\/02\/DSC01721_JPG1920.jpg 1920w\" sizes=\"(max-width: 1536px) 100vw, 1536px\" \/>\t\t\t\t\t\t\t\t\t\t\t\t\t\t\t<\/div>\n\t\t\t\t<\/div>\n\t\t\t\t<\/div>\n\t\t<div class=\"elementor-element elementor-element-3037c51 e-con-full e-flex e-con e-child\" data-id=\"3037c51\" data-element_type=\"container\" data-e-type=\"container\">\n\t\t\t\t<div class=\"elementor-element elementor-element-5b5d0b9 elementor-widget elementor-widget-heading\" data-id=\"5b5d0b9\" data-element_type=\"widget\" data-e-type=\"widget\" data-widget_type=\"heading.default\">\n\t\t\t\t<div class=\"elementor-widget-container\">\n\t\t\t\t\t<h2 class=\"elementor-heading-title elementor-size-default\">Aparque su coche con seguridad: vigilado y asegurado<\/h2>\t\t\t\t<\/div>\n\t\t\t\t<\/div>\n\t\t<div class=\"elementor-element elementor-element-1d74b31 e-con-full e-flex e-con e-child\" data-id=\"1d74b31\" data-element_type=\"container\" data-e-type=\"container\">\n\t\t\t\t<div class=\"elementor-element elementor-element-2156ce6 elementor-widget elementor-widget-heading\" data-id=\"2156ce6\" data-element_type=\"widget\" data-e-type=\"widget\" data-widget_type=\"heading.default\">\n\t\t\t\t<div class=\"elementor-widget-container\">\n\t\t\t\t\t<p class=\"elementor-heading-title elementor-size-default\">Asegurado por:<\/p>\t\t\t\t<\/div>\n\t\t\t\t<\/div>\n\t\t\t\t<div class=\"elementor-element elementor-element-170fa2b elementor-widget elementor-widget-image\" data-id=\"170fa2b\" data-element_type=\"widget\" data-e-type=\"widget\" data-widget_type=\"image.default\">\n\t\t\t\t<div class=\"elementor-widget-container\">\n\t\t\t\t\t\t\t\t\t\t\t\t\t\t\t<img loading=\"lazy\" decoding=\"async\" width=\"800\" height=\"138\" src=\"https:\/\/auto-aufsicht.de\/wp-content\/uploads\/2024\/02\/Signal-iduna.svg\" class=\"attachment-large size-large wp-image-497\" alt=\"\" \/>\t\t\t\t\t\t\t\t\t\t\t\t\t\t\t<\/div>\n\t\t\t\t<\/div>\n\t\t\t\t<\/div>\n\t\t\t\t<div class=\"elementor-element elementor-element-15cda6f elementor-widget elementor-widget-text-editor\" data-id=\"15cda6f\" data-element_type=\"widget\" data-e-type=\"widget\" data-widget_type=\"text-editor.default\">\n\t\t\t\t<div class=\"elementor-widget-container\">\n\t\t\t\t\t\t\t\t\t<p data-start=\"223\" data-end=\"386\"><strong data-start=\"223\" data-end=\"386\">La seguridad y la protecci\u00f3n de su veh\u00edculo son nuestra prioridad. Nuestras plazas de aparcamiento son seguras, est\u00e1n constantemente cerradas y vigiladas por video las 24 horas.&nbsp;<\/strong>Adem\u00e1s, nuestra empresa tiene un seguro de responsabilidad civil. Los da\u00f1os causados por nuestros empleados en el \u00e1mbito de nuestras operaciones est\u00e1n cubiertos por nuestro seguro. <\/p>\n<p data-start=\"388\" data-end=\"571\"><span data-start=\"388\" data-end=\"571\">El recinto de nuestra plaza de aparcamiento exterior tambi\u00e9n est\u00e1 vigilado por perros guardianes, que proporcionan protecci\u00f3n adicional para que pueda aparcar con seguridad y viajar relajado.<\/span><\/p>\n<p data-start=\"388\" data-end=\"571\"><span data-start=\"388\" data-end=\"571\"><br><\/span><\/p>\t\t\t\t\t\t\t\t<\/div>\n\t\t\t\t<\/div>\n\t\t\t\t<\/div>\n\t\t\t\t<\/div>\n\t\t\t\t\t<\/div>\n\t\t\t\t<\/div>\n\t\t<div class=\"elementor-element elementor-element-bfda2b2 e-flex e-con-boxed e-con e-parent\" data-id=\"bfda2b2\" data-element_type=\"container\" data-e-type=\"container\" data-settings=\"{&quot;background_background&quot;:&quot;classic&quot;}\">\n\t\t\t\t\t<div class=\"e-con-inner\">\n\t\t<div class=\"elementor-element elementor-element-be2b887 e-con-full e-flex e-con e-child\" data-id=\"be2b887\" data-element_type=\"container\" data-e-type=\"container\">\n\t\t<div class=\"elementor-element elementor-element-8202890 e-con-full e-flex e-con e-child\" data-id=\"8202890\" data-element_type=\"container\" data-e-type=\"container\">\n\t\t\t\t<div class=\"elementor-element elementor-element-9e70b7e elementor-widget__width-initial elementor-widget elementor-widget-image\" data-id=\"9e70b7e\" data-element_type=\"widget\" data-e-type=\"widget\" data-widget_type=\"image.default\">\n\t\t\t\t<div class=\"elementor-widget-container\">\n\t\t\t\t\t\t\t\t\t\t\t\t\t\t\t<img loading=\"lazy\" decoding=\"async\" width=\"1536\" height=\"1024\" src=\"https:\/\/auto-aufsicht.de\/wp-content\/uploads\/2024\/02\/DSC01733_JPG1920-1536x1024.jpg\" class=\"attachment-1536x1536 size-1536x1536 wp-image-509\" alt=\"Nuestro empleado da la bienvenida a un cliente del servicio de transporte en la puerta.\" srcset=\"https:\/\/auto-aufsicht.de\/wp-content\/uploads\/2024\/02\/DSC01733_JPG1920-1536x1024.jpg 1536w, https:\/\/auto-aufsicht.de\/wp-content\/uploads\/2024\/02\/DSC01733_JPG1920-300x200.jpg 300w, https:\/\/auto-aufsicht.de\/wp-content\/uploads\/2024\/02\/DSC01733_JPG1920-1024x683.jpg 1024w, https:\/\/auto-aufsicht.de\/wp-content\/uploads\/2024\/02\/DSC01733_JPG1920-768x512.jpg 768w, https:\/\/auto-aufsicht.de\/wp-content\/uploads\/2024\/02\/DSC01733_JPG1920.jpg 1920w\" sizes=\"(max-width: 1536px) 100vw, 1536px\" \/>\t\t\t\t\t\t\t\t\t\t\t\t\t\t\t<\/div>\n\t\t\t\t<\/div>\n\t\t\t\t<div class=\"elementor-element elementor-element-72af269 elementor-widget__width-initial elementor-widget-mobile__width-initial elementor-widget elementor-widget-image\" data-id=\"72af269\" data-element_type=\"widget\" data-e-type=\"widget\" data-widget_type=\"image.default\">\n\t\t\t\t<div class=\"elementor-widget-container\">\n\t\t\t\t\t\t\t\t\t\t\t\t\t\t\t<img loading=\"lazy\" decoding=\"async\" width=\"1024\" height=\"683\" src=\"https:\/\/auto-aufsicht.de\/wp-content\/uploads\/2023\/06\/DSC01737-1024x683-1.jpg\" class=\"attachment-1536x1536 size-1536x1536 wp-image-385\" alt=\"\" srcset=\"https:\/\/auto-aufsicht.de\/wp-content\/uploads\/2023\/06\/DSC01737-1024x683-1.jpg 1024w, https:\/\/auto-aufsicht.de\/wp-content\/uploads\/2023\/06\/DSC01737-1024x683-1-300x200.jpg 300w, https:\/\/auto-aufsicht.de\/wp-content\/uploads\/2023\/06\/DSC01737-1024x683-1-768x512.jpg 768w\" sizes=\"(max-width: 1024px) 100vw, 1024px\" \/>\t\t\t\t\t\t\t\t\t\t\t\t\t\t\t<\/div>\n\t\t\t\t<\/div>\n\t\t\t\t<\/div>\n\t\t<div class=\"elementor-element elementor-element-cd74d47 e-con-full e-flex e-con e-child\" data-id=\"cd74d47\" data-element_type=\"container\" data-e-type=\"container\">\n\t\t\t\t<div class=\"elementor-element elementor-element-5de903c elementor-widget elementor-widget-heading\" data-id=\"5de903c\" data-element_type=\"widget\" data-e-type=\"widget\" data-widget_type=\"heading.default\">\n\t\t\t\t<div class=\"elementor-widget-container\">\n\t\t\t\t\t<h2 class=\"elementor-heading-title elementor-size-default\">Servicio personalizado en una empresa familiar<\/h2>\t\t\t\t<\/div>\n\t\t\t\t<\/div>\n\t\t\t\t<div class=\"elementor-element elementor-element-3813eb5 elementor-widget elementor-widget-text-editor\" data-id=\"3813eb5\" data-element_type=\"widget\" data-e-type=\"widget\" data-widget_type=\"text-editor.default\">\n\t\t\t\t<div class=\"elementor-widget-container\">\n\t\t\t\t\t\t\t\t\t<p data-start=\"351\" data-end=\"626\"><b>Como empresa familiar, para nosotros lo m\u00e1s importante no son los procesos, sino las personas.<\/b> No somos un aparcamiento an\u00f3nimo gigante: nos tomamos nuestro tiempo para atender a nuestros clientes y damos gran importancia a la atenci\u00f3n personal, la confianza y la fiabilidad.<\/p>\n<p data-start=\"628\" data-end=\"880\">Desde 2013, acompa\u00f1amos a los viajeros con un servicio atento, estructurado y cercano. Nuestro equipo se ocupa individualmente de cada veh\u00edculo y de cada viaje, con una organizaci\u00f3n profesional y con el objetivo de que se sienta en buenas manos. <\/p>\n<p data-start=\"882\" data-end=\"1112\">Gracias a nuestro dominio de varios idiomas y a la experiencia con clientes internacionales, entendemos las diferentes necesidades y reaccionamos con flexibilidad ante ellas. Con nosotros, su viaje comienza de forma relajada, con una persona de contacto que est\u00e1 a su disposici\u00f3n. <\/p>\t\t\t\t\t\t\t\t<\/div>\n\t\t\t\t<\/div>\n\t\t\t\t<\/div>\n\t\t\t\t<\/div>\n\t\t\t\t\t<\/div>\n\t\t\t\t<\/div>\n\t\t<div class=\"elementor-element elementor-element-26ff1b3 e-flex e-con-boxed e-con e-parent\" data-id=\"26ff1b3\" data-element_type=\"container\" data-e-type=\"container\">\n\t\t\t\t\t<div class=\"e-con-inner\">\n\t\t\t\t<div class=\"elementor-element elementor-element-373f241 elementor-widget elementor-widget-template\" data-id=\"373f241\" data-element_type=\"widget\" data-e-type=\"widget\" data-widget_type=\"template.default\">\n\t\t\t\t<div class=\"elementor-widget-container\">\n\t\t\t\t\t\t\t<div class=\"elementor-template\">\n\t\t\t\t\t<div data-elementor-type=\"container\" data-elementor-id=\"1306\" class=\"elementor elementor-1306 elementor-1299 elementor-1299\" data-elementor-post-type=\"elementor_library\">\n\t\t\t\t<div class=\"elementor-element elementor-element-3d7a1898 e-con-full e-flex e-con e-child\" data-id=\"3d7a1898\" data-element_type=\"container\" data-e-type=\"container\" data-settings=\"{&quot;background_background&quot;:&quot;classic&quot;}\">\n\t\t\t\t<div class=\"elementor-element elementor-element-6a69dc4b elementor-widget elementor-widget-heading\" data-id=\"6a69dc4b\" data-element_type=\"widget\" data-e-type=\"widget\" data-widget_type=\"heading.default\">\n\t\t\t\t<div class=\"elementor-widget-container\">\n\t\t\t\t\t<h2 class=\"elementor-heading-title elementor-size-default\">Reserve ahora<\/h2>\t\t\t\t<\/div>\n\t\t\t\t<\/div>\n\t\t\t\t<div class=\"elementor-element elementor-element-19db82a9 elementor-widget elementor-widget-text-editor\" data-id=\"19db82a9\" data-element_type=\"widget\" data-e-type=\"widget\" data-widget_type=\"text-editor.default\">\n\t\t\t\t<div class=\"elementor-widget-container\">\n\t\t\t\t\t\t\t\t\t<p>Introduzca su hora de salida y llegada para ver las opciones de aparcamiento disponibles.<\/p>\n\t\t\t\t\t\t\t\t<\/div>\n\t\t\t\t<\/div>\n\t\t\t\t<div class=\"elementor-element elementor-element-1b8a0d2d elementor-button-align-stretch elementor-widget elementor-widget-form\" data-id=\"1b8a0d2d\" data-element_type=\"widget\" data-e-type=\"widget\" data-settings=\"{&quot;button_width&quot;:&quot;20&quot;,&quot;button_width_tablet&quot;:&quot;33&quot;,&quot;step_next_label&quot;:&quot;Siguiente&quot;,&quot;step_previous_label&quot;:&quot;Anterior&quot;,&quot;step_type&quot;:&quot;none&quot;,&quot;step_icon_shape&quot;:&quot;none&quot;}\" data-widget_type=\"form.default\">\n\t\t\t\t<div class=\"elementor-widget-container\">\n\t\t\t\t\t\t\t<form class=\"elementor-form\" method=\"post\" id=\"quickBook\" name=\"quickBook\" aria-label=\"quickBook\">\n\t\t\t<input type=\"hidden\" name=\"post_id\" value=\"1306\"\/>\n\t\t\t<input type=\"hidden\" name=\"form_id\" value=\"1b8a0d2d\"\/>\n\t\t\t<input type=\"hidden\" name=\"referer_title\" value=\"Auto-Aufsicht\" \/>\n\n\t\t\t\n\t\t\t<div class=\"elementor-form-fields-wrapper elementor-labels-\">\n\t\t\t\t\t\t\t\t<div class=\"elementor-field-type-date elementor-field-group elementor-column elementor-field-group-arriving_at elementor-col-40 elementor-md-33\">\n\t\t\t\t\t\t\t\t\t\t\t\t<label for=\"form-field-arriving_at\" class=\"elementor-field-label elementor-screen-only\">\n\t\t\t\t\t\t\t\tViaje de ida\t\t\t\t\t\t\t<\/label>\n\t\t\t\t\t\t\n\t\t<input type=\"date\" name=\"form_fields[arriving_at]\" id=\"form-field-arriving_at\" class=\"elementor-field elementor-size-md  elementor-field-textual elementor-date-field\" placeholder=\"Viaje de ida\" pattern=\"[0-9]{4}-[0-9]{2}-[0-9]{2}\">\n\t\t\t\t\t\t<\/div>\n\t\t\t\t\t\t\t\t<div class=\"elementor-field-type-date elementor-field-group elementor-column elementor-field-group-leaving_at elementor-col-40 elementor-md-33\">\n\t\t\t\t\t\t\t\t\t\t\t\t<label for=\"form-field-leaving_at\" class=\"elementor-field-label elementor-screen-only\">\n\t\t\t\t\t\t\t\tViaje de vuelta\t\t\t\t\t\t\t<\/label>\n\t\t\t\t\t\t\n\t\t<input type=\"date\" name=\"form_fields[leaving_at]\" id=\"form-field-leaving_at\" class=\"elementor-field elementor-size-md  elementor-field-textual elementor-date-field\" placeholder=\"Viaje de vuelta\" pattern=\"[0-9]{4}-[0-9]{2}-[0-9]{2}\">\n\t\t\t\t\t\t<\/div>\n\t\t\t\t\t\t\t\t<div class=\"elementor-field-group elementor-column elementor-field-type-submit elementor-col-20 e-form__buttons elementor-md-33\">\n\t\t\t\t\t<button class=\"elementor-button elementor-size-md\" type=\"submit\">\n\t\t\t\t\t\t<span class=\"elementor-button-content-wrapper\">\n\t\t\t\t\t\t\t\t\t\t\t\t\t\t\t\t\t\t\t\t\t\t<span class=\"elementor-button-text\">Contin\u00fae<\/span>\n\t\t\t\t\t\t\t\t\t\t\t\t\t<\/span>\n\t\t\t\t\t<\/button>\n\t\t\t\t<\/div>\n\t\t\t<\/div>\n\t\t<\/form>\n\t\t\t\t\t\t<\/div>\n\t\t\t\t<\/div>\n\t\t\t\t<div class=\"elementor-element elementor-element-7d41e8cf elementor-widget elementor-widget-html\" data-id=\"7d41e8cf\" data-element_type=\"widget\" data-e-type=\"widget\" data-widget_type=\"html.default\">\n\t\t\t\t<div class=\"elementor-widget-container\">\n\t\t\t\t\t<script>document.addEventListener('DOMContentLoaded', function() {\n    var form = document.querySelector('#quickBook');\n    var arriving_at_element = form.querySelector('#form-field-arriving_at');\n    var leaving_at_element = form.querySelector('#form-field-leaving_at');\n    flatpickr(arriving_at_element, {\n        minDate: \"today\",\n        dateFormat: \"Y-m-d\",\n    });\n    flatpickr(leaving_at_element, {\n        minDate: \"today\",\n        dateFormat: \"Y-m-d\"\n    });\n    \n    form.addEventListener('submit', function(e) {\n        e.preventDefault(); \/\/ Stop the form from submitting normally\n\n        \/\/ Get date values\n        var arriving_at = arriving_at_element.value;\n        var leaving_at = leaving_at_element.value;\n\n        var currentLang = document.documentElement.lang;\n\t\t\t\t\t\t\n\t\tif (currentLang){\n\t\t\tvar currentLang2 = currentLang.split('-')[0];\n\t\t\tvar baseUrl = '\/' + currentLang2 + '\/reservierung\/';\n\t\t} else {\n\t\t    var baseUrl = '\/reservierung\/';\n\t\t}\n\n        \/\/ Redirect to the constructed URL\n        window.location.href = baseUrl + '?arriving_at=' + arriving_at + '&leaving_at=' + leaving_at;\n    });\n});\n<\/script>\t\t\t\t<\/div>\n\t\t\t\t<\/div>\n\t\t\t\t<\/div>\n\t\t\t\t<\/div>\n\t\t\t\t<\/div>\n\t\t\t\t\t\t<\/div>\n\t\t\t\t<\/div>\n\t\t\t\t\t<\/div>\n\t\t\t\t<\/div>\n\t\t<div class=\"elementor-element elementor-element-7c89c36 e-flex e-con-boxed e-con e-parent\" data-id=\"7c89c36\" data-element_type=\"container\" data-e-type=\"container\">\n\t\t\t\t\t<div class=\"e-con-inner\">\n\t\t\t\t<div class=\"elementor-element elementor-element-9012e2a elementor-widget elementor-widget-heading\" data-id=\"9012e2a\" data-element_type=\"widget\" data-e-type=\"widget\" data-widget_type=\"heading.default\">\n\t\t\t\t<div class=\"elementor-widget-container\">\n\t\t\t\t\t<h2 class=\"elementor-heading-title elementor-size-default\">Para obtener informaci\u00f3n actualizada sobre el aeropuerto de Fr\u00e1ncfort:<\/h2>\t\t\t\t<\/div>\n\t\t\t\t<\/div>\n\t\t\t\t\t<\/div>\n\t\t\t\t<\/div>\n\t\t<div class=\"elementor-element elementor-element-c76a60b e-flex e-con-boxed e-con e-parent\" data-id=\"c76a60b\" data-element_type=\"container\" data-e-type=\"container\">\n\t\t\t\t\t<div class=\"e-con-inner\">\n\t\t\t\t<div class=\"elementor-element elementor-element-fb3b526 elementor-widget elementor-widget-text-editor\" data-id=\"fb3b526\" data-element_type=\"widget\" data-e-type=\"widget\" data-widget_type=\"text-editor.default\">\n\t\t\t\t<div class=\"elementor-widget-container\">\n\t\t\t\t\t\t\t\t\t<p><a href=\"https:\/\/www.frankfurt-airport.com\/\">https:\/\/www.frankfurt-airport.com\/<\/a><\/p>\t\t\t\t\t\t\t\t<\/div>\n\t\t\t\t<\/div>\n\t\t\t\t\t<\/div>\n\t\t\t\t<\/div>\n\t\t\t\t<\/div>\n\t\t","protected":false},"excerpt":{"rendered":"<p>Aparque con seguridad con vigilancia las 24 horas y un servicio de transporte r\u00e1pido al aeropuerto de Fr\u00e1ncfort.<\/p>\n","protected":false},"author":1,"featured_media":449,"parent":0,"menu_order":0,"comment_status":"closed","ping_status":"closed","template":"elementor_header_footer","meta":{"footnotes":""},"class_list":["post-554","page","type-page","status-publish","has-post-thumbnail","hentry"],"yoast_head":"<!-- This site is optimized with the Yoast SEO plugin v27.5 - https:\/\/yoast.com\/product\/yoast-seo-wordpress\/ -->\n<title>Nuestras plazas de aparcamiento | Auto-Aufsicht<\/title>\n<meta name=\"description\" content=\"Aparque con seguridad con vigilancia las 24 horas y un servicio de transporte r\u00e1pido al aeropuerto de Fr\u00e1ncfort del Meno.\" \/>\n<meta name=\"robots\" content=\"index, follow, max-snippet:-1, max-image-preview:large, max-video-preview:-1\" \/>\n<link rel=\"canonical\" href=\"https:\/\/auto-aufsicht.de\/es\/nuestro-aparcamiento\/\" \/>\n<meta property=\"og:locale\" content=\"es_ES\" \/>\n<meta property=\"og:type\" content=\"article\" \/>\n<meta property=\"og:title\" content=\"Nuestras plazas de aparcamiento | Auto-Aufsicht\" \/>\n<meta property=\"og:description\" content=\"Aparque con seguridad con vigilancia las 24 horas y un servicio de transporte r\u00e1pido al aeropuerto de Fr\u00e1ncfort del Meno.\" \/>\n<meta property=\"og:url\" content=\"https:\/\/auto-aufsicht.de\/es\/nuestro-aparcamiento\/\" \/>\n<meta property=\"og:site_name\" content=\"Auto-Aufsicht\" \/>\n<meta property=\"article:publisher\" content=\"https:\/\/www.facebook.com\/autoaufsicht\" \/>\n<meta property=\"article:modified_time\" content=\"2026-02-11T09:43:30+00:00\" \/>\n<meta property=\"og:image\" content=\"https:\/\/auto-aufsicht.de\/wp-content\/uploads\/2024\/02\/aa_parkplatz_JPG2560.jpg\" \/>\n\t<meta property=\"og:image:width\" content=\"2560\" \/>\n\t<meta property=\"og:image:height\" content=\"1280\" \/>\n\t<meta property=\"og:image:type\" content=\"image\/jpeg\" \/>\n<meta name=\"twitter:card\" content=\"summary_large_image\" \/>\n<meta name=\"twitter:label1\" content=\"Tiempo de lectura\" \/>\n\t<meta name=\"twitter:data1\" content=\"3 minutos\" \/>\n<script type=\"application\/ld+json\" class=\"yoast-schema-graph\">{\"@context\":\"https:\\\/\\\/schema.org\",\"@graph\":[{\"@type\":\"WebPage\",\"@id\":\"https:\\\/\\\/auto-aufsicht.de\\\/es\\\/nuestro-aparcamiento\\\/\",\"url\":\"https:\\\/\\\/auto-aufsicht.de\\\/es\\\/nuestro-aparcamiento\\\/\",\"name\":\"Nuestras plazas de aparcamiento | Auto-Aufsicht\",\"isPartOf\":{\"@id\":\"https:\\\/\\\/auto-aufsicht.de\\\/es\\\/#website\"},\"primaryImageOfPage\":{\"@id\":\"https:\\\/\\\/auto-aufsicht.de\\\/es\\\/nuestro-aparcamiento\\\/#primaryimage\"},\"image\":{\"@id\":\"https:\\\/\\\/auto-aufsicht.de\\\/es\\\/nuestro-aparcamiento\\\/#primaryimage\"},\"thumbnailUrl\":\"https:\\\/\\\/auto-aufsicht.de\\\/wp-content\\\/uploads\\\/2024\\\/02\\\/aa_parkplatz_JPG2560.jpg\",\"datePublished\":\"2024-02-22T10:20:29+00:00\",\"dateModified\":\"2026-02-11T09:43:30+00:00\",\"description\":\"Aparque con seguridad con vigilancia las 24 horas y un servicio de transporte r\u00e1pido al aeropuerto de Fr\u00e1ncfort del Meno.\",\"breadcrumb\":{\"@id\":\"https:\\\/\\\/auto-aufsicht.de\\\/es\\\/nuestro-aparcamiento\\\/#breadcrumb\"},\"inLanguage\":\"es\",\"potentialAction\":[{\"@type\":\"ReadAction\",\"target\":[\"https:\\\/\\\/auto-aufsicht.de\\\/es\\\/nuestro-aparcamiento\\\/\"]}]},{\"@type\":\"ImageObject\",\"inLanguage\":\"es\",\"@id\":\"https:\\\/\\\/auto-aufsicht.de\\\/es\\\/nuestro-aparcamiento\\\/#primaryimage\",\"url\":\"https:\\\/\\\/auto-aufsicht.de\\\/wp-content\\\/uploads\\\/2024\\\/02\\\/aa_parkplatz_JPG2560.jpg\",\"contentUrl\":\"https:\\\/\\\/auto-aufsicht.de\\\/wp-content\\\/uploads\\\/2024\\\/02\\\/aa_parkplatz_JPG2560.jpg\",\"width\":2560,\"height\":1280},{\"@type\":\"BreadcrumbList\",\"@id\":\"https:\\\/\\\/auto-aufsicht.de\\\/es\\\/nuestro-aparcamiento\\\/#breadcrumb\",\"itemListElement\":[{\"@type\":\"ListItem\",\"position\":1,\"name\":\"Startseite\",\"item\":\"https:\\\/\\\/auto-aufsicht.de\\\/es\\\/inicio\\\/\"},{\"@type\":\"ListItem\",\"position\":2,\"name\":\"Nuestras plazas de aparcamiento\"}]},{\"@type\":\"WebSite\",\"@id\":\"https:\\\/\\\/auto-aufsicht.de\\\/es\\\/#website\",\"url\":\"https:\\\/\\\/auto-aufsicht.de\\\/es\\\/\",\"name\":\"Auto-Aufsicht\",\"description\":\"Parken am Flughafen Frankfurt am Main\",\"publisher\":{\"@id\":\"https:\\\/\\\/auto-aufsicht.de\\\/es\\\/#organization\"},\"potentialAction\":[{\"@type\":\"SearchAction\",\"target\":{\"@type\":\"EntryPoint\",\"urlTemplate\":\"https:\\\/\\\/auto-aufsicht.de\\\/es\\\/?s={search_term_string}\"},\"query-input\":{\"@type\":\"PropertyValueSpecification\",\"valueRequired\":true,\"valueName\":\"search_term_string\"}}],\"inLanguage\":\"es\"},{\"@type\":\"Organization\",\"@id\":\"https:\\\/\\\/auto-aufsicht.de\\\/es\\\/#organization\",\"name\":\"Auto-Aufsicht\",\"url\":\"https:\\\/\\\/auto-aufsicht.de\\\/es\\\/\",\"logo\":{\"@type\":\"ImageObject\",\"inLanguage\":\"es\",\"@id\":\"https:\\\/\\\/auto-aufsicht.de\\\/es\\\/#\\\/schema\\\/logo\\\/image\\\/\",\"url\":\"https:\\\/\\\/auto-aufsicht.de\\\/wp-content\\\/uploads\\\/2023\\\/06\\\/Auto-Aufsicht-Logo.svg\",\"contentUrl\":\"https:\\\/\\\/auto-aufsicht.de\\\/wp-content\\\/uploads\\\/2023\\\/06\\\/Auto-Aufsicht-Logo.svg\",\"width\":67,\"height\":33,\"caption\":\"Auto-Aufsicht\"},\"image\":{\"@id\":\"https:\\\/\\\/auto-aufsicht.de\\\/es\\\/#\\\/schema\\\/logo\\\/image\\\/\"},\"sameAs\":[\"https:\\\/\\\/www.facebook.com\\\/autoaufsicht\"]}]}<\/script>\n<!-- \/ Yoast SEO plugin. -->","yoast_head_json":{"title":"Nuestras plazas de aparcamiento | Auto-Aufsicht","description":"Aparque con seguridad con vigilancia las 24 horas y un servicio de transporte r\u00e1pido al aeropuerto de Fr\u00e1ncfort del Meno.","robots":{"index":"index","follow":"follow","max-snippet":"max-snippet:-1","max-image-preview":"max-image-preview:large","max-video-preview":"max-video-preview:-1"},"canonical":"https:\/\/auto-aufsicht.de\/es\/nuestro-aparcamiento\/","og_locale":"es_ES","og_type":"article","og_title":"Nuestras plazas de aparcamiento | Auto-Aufsicht","og_description":"Aparque con seguridad con vigilancia las 24 horas y un servicio de transporte r\u00e1pido al aeropuerto de Fr\u00e1ncfort del Meno.","og_url":"https:\/\/auto-aufsicht.de\/es\/nuestro-aparcamiento\/","og_site_name":"Auto-Aufsicht","article_publisher":"https:\/\/www.facebook.com\/autoaufsicht","article_modified_time":"2026-02-11T09:43:30+00:00","og_image":[{"width":2560,"height":1280,"url":"https:\/\/auto-aufsicht.de\/wp-content\/uploads\/2024\/02\/aa_parkplatz_JPG2560.jpg","type":"image\/jpeg"}],"twitter_card":"summary_large_image","twitter_misc":{"Tiempo de lectura":"3 minutos"},"schema":{"@context":"https:\/\/schema.org","@graph":[{"@type":"WebPage","@id":"https:\/\/auto-aufsicht.de\/es\/nuestro-aparcamiento\/","url":"https:\/\/auto-aufsicht.de\/es\/nuestro-aparcamiento\/","name":"Nuestras plazas de aparcamiento | Auto-Aufsicht","isPartOf":{"@id":"https:\/\/auto-aufsicht.de\/es\/#website"},"primaryImageOfPage":{"@id":"https:\/\/auto-aufsicht.de\/es\/nuestro-aparcamiento\/#primaryimage"},"image":{"@id":"https:\/\/auto-aufsicht.de\/es\/nuestro-aparcamiento\/#primaryimage"},"thumbnailUrl":"https:\/\/auto-aufsicht.de\/wp-content\/uploads\/2024\/02\/aa_parkplatz_JPG2560.jpg","datePublished":"2024-02-22T10:20:29+00:00","dateModified":"2026-02-11T09:43:30+00:00","description":"Aparque con seguridad con vigilancia las 24 horas y un servicio de transporte r\u00e1pido al aeropuerto de Fr\u00e1ncfort del Meno.","breadcrumb":{"@id":"https:\/\/auto-aufsicht.de\/es\/nuestro-aparcamiento\/#breadcrumb"},"inLanguage":"es","potentialAction":[{"@type":"ReadAction","target":["https:\/\/auto-aufsicht.de\/es\/nuestro-aparcamiento\/"]}]},{"@type":"ImageObject","inLanguage":"es","@id":"https:\/\/auto-aufsicht.de\/es\/nuestro-aparcamiento\/#primaryimage","url":"https:\/\/auto-aufsicht.de\/wp-content\/uploads\/2024\/02\/aa_parkplatz_JPG2560.jpg","contentUrl":"https:\/\/auto-aufsicht.de\/wp-content\/uploads\/2024\/02\/aa_parkplatz_JPG2560.jpg","width":2560,"height":1280},{"@type":"BreadcrumbList","@id":"https:\/\/auto-aufsicht.de\/es\/nuestro-aparcamiento\/#breadcrumb","itemListElement":[{"@type":"ListItem","position":1,"name":"Startseite","item":"https:\/\/auto-aufsicht.de\/es\/inicio\/"},{"@type":"ListItem","position":2,"name":"Nuestras plazas de aparcamiento"}]},{"@type":"WebSite","@id":"https:\/\/auto-aufsicht.de\/es\/#website","url":"https:\/\/auto-aufsicht.de\/es\/","name":"Auto-Aufsicht","description":"Parken am Flughafen Frankfurt am Main","publisher":{"@id":"https:\/\/auto-aufsicht.de\/es\/#organization"},"potentialAction":[{"@type":"SearchAction","target":{"@type":"EntryPoint","urlTemplate":"https:\/\/auto-aufsicht.de\/es\/?s={search_term_string}"},"query-input":{"@type":"PropertyValueSpecification","valueRequired":true,"valueName":"search_term_string"}}],"inLanguage":"es"},{"@type":"Organization","@id":"https:\/\/auto-aufsicht.de\/es\/#organization","name":"Auto-Aufsicht","url":"https:\/\/auto-aufsicht.de\/es\/","logo":{"@type":"ImageObject","inLanguage":"es","@id":"https:\/\/auto-aufsicht.de\/es\/#\/schema\/logo\/image\/","url":"https:\/\/auto-aufsicht.de\/wp-content\/uploads\/2023\/06\/Auto-Aufsicht-Logo.svg","contentUrl":"https:\/\/auto-aufsicht.de\/wp-content\/uploads\/2023\/06\/Auto-Aufsicht-Logo.svg","width":67,"height":33,"caption":"Auto-Aufsicht"},"image":{"@id":"https:\/\/auto-aufsicht.de\/es\/#\/schema\/logo\/image\/"},"sameAs":["https:\/\/www.facebook.com\/autoaufsicht"]}]}},"_links":{"self":[{"href":"https:\/\/auto-aufsicht.de\/es\/wp-json\/wp\/v2\/pages\/554","targetHints":{"allow":["GET"]}}],"collection":[{"href":"https:\/\/auto-aufsicht.de\/es\/wp-json\/wp\/v2\/pages"}],"about":[{"href":"https:\/\/auto-aufsicht.de\/es\/wp-json\/wp\/v2\/types\/page"}],"author":[{"embeddable":true,"href":"https:\/\/auto-aufsicht.de\/es\/wp-json\/wp\/v2\/users\/1"}],"replies":[{"embeddable":true,"href":"https:\/\/auto-aufsicht.de\/es\/wp-json\/wp\/v2\/comments?post=554"}],"version-history":[{"count":36,"href":"https:\/\/auto-aufsicht.de\/es\/wp-json\/wp\/v2\/pages\/554\/revisions"}],"predecessor-version":[{"id":2445,"href":"https:\/\/auto-aufsicht.de\/es\/wp-json\/wp\/v2\/pages\/554\/revisions\/2445"}],"wp:featuredmedia":[{"embeddable":true,"href":"https:\/\/auto-aufsicht.de\/es\/wp-json\/wp\/v2\/media\/449"}],"wp:attachment":[{"href":"https:\/\/auto-aufsicht.de\/es\/wp-json\/wp\/v2\/media?parent=554"}],"curies":[{"name":"wp","href":"https:\/\/api.w.org\/{rel}","templated":true}]}}